{"id":103,"date":"2023-06-13T13:55:16","date_gmt":"2023-06-13T13:55:16","guid":{"rendered":"https:\/\/magazin.adullam.ch\/?page_id=103"},"modified":"2026-01-19T15:57:35","modified_gmt":"2026-01-19T14:57:35","slug":"gesichter-und-geschichten","status":"publish","type":"page","link":"https:\/\/www.adullam.ch\/magazin\/gesichter-und-geschichten\/","title":{"rendered":"Gesichter &#038; Geschichten"},"content":{"rendered":"<p>[et_pb_section fb_built=&#187;1&#8243; _builder_version=&#187;4.21.0&#8243; _module_preset=&#187;default&#187; global_colors_info=&#187;{}&#187;][et_pb_row _builder_version=&#187;4.21.0&#8243; _module_preset=&#187;default&#187; global_colors_info=&#187;{}&#187;][et_pb_column type=&#187;4_4&#8243; _builder_version=&#187;4.21.0&#8243; _module_preset=&#187;default&#187; global_colors_info=&#187;{}&#187;][et_pb_text _builder_version=&#187;4.21.0&#8243; _module_preset=&#187;default&#187; header_text_color=&#187;gcid-6923d322-f017-4e31-910d-ca7089291c1e&#187; hover_enabled=&#187;0&#8243; global_colors_info=&#187;{%22gcid-6923d322-f017-4e31-910d-ca7089291c1e%22:%91%22header_text_color%22%93}&#187; sticky_enabled=&#187;0&#8243;]<\/p>\n<h1>Gesichter &amp; Geschichten<\/h1>\n<p>[\/et_pb_text][\/et_pb_column][\/et_pb_row][et_pb_row _builder_version=&#187;4.21.0&#8243; _module_preset=&#187;default&#187;][et_pb_column _builder_version=&#187;4.21.0&#8243; _module_preset=&#187;default&#187; type=&#187;4_4&#8243;][et_pb_text admin_label=&#187;Trauergrau und farbenfroh&#187; _builder_version=&#187;4.21.0&#8243; _module_preset=&#187;default&#187; hover_enabled=&#187;0&#8243; global_colors_info=&#187;{}&#187; sticky_enabled=&#187;0&#8243;]<\/p>\n<p><div class=\"fitvidsignore\"><a href=\"https:\/\/vimeo.com\/1155874814?share=copy&amp;fl=sv&amp;fe=ci\" id=\"1155874814\" class=\"lazy-load-vimeo preview-lazyload preview-vimeo\" data-video-uri=\"\/videos\/1155874814\" data-video-thumbnail=\"https:\/\/i.vimeocdn.com\/video\/2108735764-952719dbd324462c727d444a62864ad6a3ebd7eee385887a92791c276159daaa-d_960?region=us\" data-video-title=\"Farbenfroh und Trauergrau\" title='Play video \"Farbenfroh und Trauergrau\"'>https:\/\/vimeo.com\/1155874814?share=copy&amp;fl=sv&amp;fe=ci<\/a><noscript>Video can&#8217;t be loaded because JavaScript is disabled: <a href=\"https:\/\/vimeo.com\/1155874814?share=copy&amp;fl=sv&amp;fe=ci\" title=\"Farbenfroh und Trauergrau\">Farbenfroh und Trauergrau (https:\/\/vimeo.com\/1155874814?share=copy&amp;fl=sv&amp;fe=ci)<\/a><\/noscript><\/div>\n<\/p>\n<p>[\/et_pb_text][et_pb_text module_class=&#187;lauftext&#187; _builder_version=&#187;4.21.0&#8243; _module_preset=&#187;default&#187; text_orientation=&#187;justified&#187; hover_enabled=&#187;0&#8243; text_orientation_tablet=&#187;left&#187; text_orientation_phone=&#187;left&#187; text_orientation_last_edited=&#187;on|desktop&#187; global_colors_info=&#187;{}&#187; sticky_enabled=&#187;0&#8243;]<\/p>\n<h2>Farbenfroh und Trauergrau<\/h2>\n<p><strong>Eine musikalische Reise von Winter zu Fr\u00fchling<\/strong><br \/>\nBewohner:innen und Mitarbeiter:innen des Adullam haben gemeinsam mit Kindern der Primarschule Neubad ein besonderes Musikprojekt realisiert: Eine m\u00e4rchenhafte Geschichte \u00fcber den Winter, der nicht weichen will \u2013 bis ein quietschbuntes Lama auftaucht und alles ver\u00e4ndert. Drei Generationen erz\u00e4hlen singend, wie Gemeinschaft und Lebensfreude die grauen Tage vertreiben.<\/p>\n<p><strong>Der Song:<\/strong>\u00a0Der Jazz-Musiker Will Wood komponierte einen mitreissenden Song, der von Moll zu Dur wandert \u2013 von d\u00fcster zu fr\u00f6hlich, von Winter zu Fr\u00fchling.<\/p>\n<p><strong>Das Musikvideo:<\/strong>\u00a0Filmemacher Uwe N\u00fcssle schrieb Drehbuch und Songtext und f\u00fchrte Regie, Alex Schr\u00f6der zeichnete f\u00fcr die hervorragende Kameraf\u00fchrung verantwortlich.[\/et_pb_text][\/et_pb_column][\/et_pb_row][et_pb_row column_structure=&#187;1_2,1_2&#8243; _builder_version=&#187;4.21.0&#8243; _module_preset=&#187;default&#187; global_colors_info=&#187;{}&#187;][et_pb_column type=&#187;1_2&#8243; _builder_version=&#187;4.21.0&#8243; _module_preset=&#187;default&#187; global_colors_info=&#187;{}&#187;][et_pb_text admin_label=&#187;Keynote&#187; _builder_version=&#187;4.21.0&#8243; _module_preset=&#187;default&#187; global_colors_info=&#187;{}&#187;]<\/p>\n<p><div class=\"fitvidsignore\"><a href=\"https:\/\/vimeo.com\/1136444324\/975c7d6f79?share=copy&amp;fl=sv&amp;fe=ci\" id=\"1136444324\" class=\"lazy-load-vimeo preview-lazyload preview-vimeo\" data-video-uri=\"\/videos\/1136444324:975c7d6f79\" data-video-thumbnail=\"https:\/\/i.vimeocdn.com\/video\/2082140347-4a4bcb24a203bcd65fba833c5ee7c08ec1b8ca89d256676b6bbee8bca3c21e04-d_960?region=us\" data-video-title=\"Adullam_Vortrag-Shamsrizi\" title='Play video \"Adullam_Vortrag-Shamsrizi\"'>https:\/\/vimeo.com\/1136444324\/975c7d6f79?share=copy&amp;fl=sv&amp;fe=ci<\/a><noscript>Video can&#8217;t be loaded because JavaScript is disabled: <a href=\"https:\/\/vimeo.com\/1136444324\/975c7d6f79?share=copy&amp;fl=sv&amp;fe=ci\" title=\"Adullam_Vortrag-Shamsrizi\">Adullam_Vortrag-Shamsrizi (https:\/\/vimeo.com\/1136444324\/975c7d6f79?share=copy&amp;fl=sv&amp;fe=ci)<\/a><\/noscript><\/div>\n<\/p>\n<p>[\/et_pb_text][et_pb_text module_class=&#187;lauftext&#187; _builder_version=&#187;4.21.0&#8243; _module_preset=&#187;default&#187; text_orientation=&#187;justified&#187; text_orientation_tablet=&#187;left&#187; text_orientation_phone=&#187;left&#187; text_orientation_last_edited=&#187;on|desktop&#187; global_colors_info=&#187;{}&#187;]<\/p>\n<h2>Mitschnitt Keynote Manouchehr Shamsrizi<\/h2>\n<p>Mit \u00fcber 90 G\u00e4sten durften wir einen besonderen Netzwerkanlass in der Skulpturhalle Basel erleben. Das Thema: Digitalisierung &amp; Gamification in der Gesundheitsbranche.<\/p>\n<p>[\/et_pb_text][\/et_pb_column][et_pb_column type=&#187;1_2&#8243; _builder_version=&#187;4.21.0&#8243; _module_preset=&#187;default&#187; global_colors_info=&#187;{}&#187;][et_pb_text admin_label=&#187;Podiumsdiskussion&#187; _builder_version=&#187;4.21.0&#8243; _module_preset=&#187;default&#187; global_colors_info=&#187;{}&#187;]<\/p>\n<p><div class=\"fitvidsignore\"><a href=\"https:\/\/vimeo.com\/1129184321?share=copy&amp;fl=sv&amp;fe=ci\" id=\"1129184321\" class=\"lazy-load-vimeo preview-lazyload preview-vimeo\" data-video-uri=\"\/videos\/1129184321\" data-video-thumbnail=\"https:\/\/i.vimeocdn.com\/video\/2072506438-d3360e90db968eff46fce3881c81a83246ff672ca4cb0dcbfc8b34b0d81e4e9f-d_960?region=us\" data-video-title=\"Adullam-Podiumsdiskussion-Abschied\" title='Play video \"Adullam-Podiumsdiskussion-Abschied\"'>https:\/\/vimeo.com\/1129184321?share=copy&amp;fl=sv&amp;fe=ci<\/a><noscript>Video can&#8217;t be loaded because JavaScript is disabled: <a href=\"https:\/\/vimeo.com\/1129184321?share=copy&amp;fl=sv&amp;fe=ci\" title=\"Adullam-Podiumsdiskussion-Abschied\">Adullam-Podiumsdiskussion-Abschied (https:\/\/vimeo.com\/1129184321?share=copy&amp;fl=sv&amp;fe=ci)<\/a><\/noscript><\/div>\n<\/p>\n<p>[\/et_pb_text][et_pb_text module_class=&#187;lauftext&#187; _builder_version=&#187;4.21.0&#8243; _module_preset=&#187;default&#187; text_orientation=&#187;justified&#187; text_orientation_tablet=&#187;left&#187; text_orientation_phone=&#187;left&#187; text_orientation_last_edited=&#187;on|desktop&#187; global_colors_info=&#187;{}&#187;]<\/p>\n<h2><strong>W\u00fcrdevoll gehen \u2013 begleiten, entscheiden, sterben d\u00fcrfen<\/strong><\/h2>\n<p>Tiefsinnig, informativ und ber\u00fchrend \u2013 schauen Sie die gesamte Podiumsdiskussion vom 18. Oktober nach und lassen Sie sich von den unterschiedlichen Perspektiven inspirieren.<\/p>\n<p>[\/et_pb_text][\/et_pb_column][\/et_pb_row][et_pb_row column_structure=&#187;1_2,1_2&#8243; _builder_version=&#187;4.21.0&#8243; _module_preset=&#187;default&#187; global_colors_info=&#187;{}&#187;][et_pb_column type=&#187;1_2&#8243; _builder_version=&#187;4.21.0&#8243; _module_preset=&#187;default&#187; global_colors_info=&#187;{}&#187;][et_pb_text admin_label=&#187;Stoll 1&#8243; _builder_version=&#187;4.21.0&#8243; _module_preset=&#187;default&#187; global_colors_info=&#187;{}&#187;]<\/p>\n<p><div class=\"fitvidsignore\"><a href=\"https:\/\/vimeo.com\/1122618636\/c67b4e736e?share=copy&amp;fl=sv&amp;fe=ci\" id=\"1122618636\" class=\"lazy-load-vimeo preview-lazyload preview-vimeo\" data-video-uri=\"\/videos\/1122618636\" data-video-thumbnail=\"https:\/\/i.vimeocdn.com\/video\/2064032320-44984455051a0202780dd27f9bde345f02e753c740b95fe13dc4678e1da8b5c4-d_960?region=us\" data-video-title=\"Exit-Frau-Stoll_1\" title='Play video \"Exit-Frau-Stoll_1\"'>https:\/\/vimeo.com\/1122618636\/c67b4e736e?share=copy&amp;fl=sv&amp;fe=ci<\/a><noscript>Video can&#8217;t be loaded because JavaScript is disabled: <a href=\"https:\/\/vimeo.com\/1122618636\/c67b4e736e?share=copy&amp;fl=sv&amp;fe=ci\" title=\"Exit-Frau-Stoll_1\">Exit-Frau-Stoll_1 (https:\/\/vimeo.com\/1122618636\/c67b4e736e?share=copy&amp;fl=sv&amp;fe=ci)<\/a><\/noscript><\/div>\n<\/p>\n<p>[\/et_pb_text][et_pb_blurb title=&#187;Eine Freundin bis zum letzten Moment begleiten&#187; _builder_version=&#187;4.21.0&#8243; _module_preset=&#187;default&#187; header_level=&#187;h2&#8243; header_text_color=&#187;gcid-6923d322-f017-4e31-910d-ca7089291c1e&#187; global_colors_info=&#187;{%22gcid-6923d322-f017-4e31-910d-ca7089291c1e%22:%91%22header_text_color%22%93}&#187;]<\/p>\n<p>Wie f\u00fchlt es sich an, eine Freundin auf ihrem letzten Weg zu begleiten? Antonina Stoll spricht offen \u00fcber ihre Erfahrung, als sie ihre Freundin bei deren EXIT-Freitod begleitete.<\/p>\n<p>[\/et_pb_blurb][\/et_pb_column][et_pb_column type=&#187;1_2&#8243; _builder_version=&#187;4.21.0&#8243; _module_preset=&#187;default&#187; global_colors_info=&#187;{}&#187;][et_pb_text admin_label=&#187;Stoll 2&#8243; _builder_version=&#187;4.21.0&#8243; _module_preset=&#187;default&#187; background_enable_image=&#187;off&#187; global_colors_info=&#187;{}&#187;]<\/p>\n<p><div class=\"fitvidsignore\"><a href=\"https:\/\/vimeo.com\/1122618781\/7cd23b4374?share=copy&amp;fl=sv&amp;fe=ci\" id=\"1122618781\" class=\"lazy-load-vimeo preview-lazyload preview-vimeo\" data-video-uri=\"\/videos\/1122618781\" data-video-thumbnail=\"https:\/\/i.vimeocdn.com\/video\/2064032526-91c1b2a4a75488c7348bd9c767cafe7501a88348fb1768de38e2011fa00c10f7-d_960?region=us\" data-video-title=\"Exit-Frau-Stoll_2\" title='Play video \"Exit-Frau-Stoll_2\"'>https:\/\/vimeo.com\/1122618781\/7cd23b4374?share=copy&amp;fl=sv&amp;fe=ci<\/a><noscript>Video can&#8217;t be loaded because JavaScript is disabled: <a href=\"https:\/\/vimeo.com\/1122618781\/7cd23b4374?share=copy&amp;fl=sv&amp;fe=ci\" title=\"Exit-Frau-Stoll_2\">Exit-Frau-Stoll_2 (https:\/\/vimeo.com\/1122618781\/7cd23b4374?share=copy&amp;fl=sv&amp;fe=ci)<\/a><\/noscript><\/div>\n<\/p>\n<p>[\/et_pb_text][et_pb_blurb title=&#187;Selbstbestimmung am Lebensende \u2013 eine pers\u00f6nliche Haltung&#187; _builder_version=&#187;4.21.0&#8243; _module_preset=&#187;default&#187; header_level=&#187;h2&#8243; header_text_color=&#187;gcid-6923d322-f017-4e31-910d-ca7089291c1e&#187; global_colors_info=&#187;{%22gcid-6923d322-f017-4e31-910d-ca7089291c1e%22:%91%22header_text_color%22%93}&#187;]<\/p>\n<p>Warum sollte jeder Mensch das Recht haben, \u00fcber sein Lebensende selbst zu bestimmen? Antonina Stoll teilt ihre pers\u00f6nliche Haltung zu EXIT und erkl\u00e4rt, warum das Thema Sterbehilfe f\u00fcr sie eine Frage der W\u00fcrde und Freiheit ist.<\/p>\n<p>[\/et_pb_blurb][\/et_pb_column][\/et_pb_row][et_pb_row column_structure=&#187;1_2,1_2&#8243; _builder_version=&#187;4.21.0&#8243; _module_preset=&#187;default&#187; locked=&#187;off&#187; global_colors_info=&#187;{}&#187;][et_pb_column type=&#187;1_2&#8243; _builder_version=&#187;4.21.0&#8243; _module_preset=&#187;default&#187; global_colors_info=&#187;{}&#187;][et_pb_text admin_label=&#187;Esther&#187; _builder_version=&#187;4.21.0&#8243; _module_preset=&#187;default&#187; global_colors_info=&#187;{}&#187;]<\/p>\n<p><div class=\"fitvidsignore\"><a href=\"https:\/\/vimeo.com\/1126647362\/00e1d98b2a?share=copy#t=0\" id=\"1126647362\" class=\"lazy-load-vimeo preview-lazyload preview-vimeo\" data-video-uri=\"\/videos\/1126647362:00e1d98b2a\" data-video-thumbnail=\"https:\/\/i.vimeocdn.com\/video\/2069167478-6c2603e716ba58575d8bb4a07e44b43929f3d06beca41428e7f02cec7fed519f-d_960?region=us\" data-video-title=\"Aktivierung-Esther\" title='Play video \"Aktivierung-Esther\"'>https:\/\/vimeo.com\/1126647362\/00e1d98b2a?share=copy#t=0<\/a><noscript>Video can&#8217;t be loaded because JavaScript is disabled: <a href=\"https:\/\/vimeo.com\/1126647362\/00e1d98b2a?share=copy#t=0\" title=\"Aktivierung-Esther\">Aktivierung-Esther (https:\/\/vimeo.com\/1126647362\/00e1d98b2a?share=copy#t=0)<\/a><\/noscript><\/div>\n<\/p>\n<p>[\/et_pb_text][et_pb_blurb title=&#187;Aktivierung Esther Richard&#187; _builder_version=&#187;4.21.0&#8243; _module_preset=&#187;default&#187; header_level=&#187;h2&#8243; header_text_color=&#187;gcid-6923d322-f017-4e31-910d-ca7089291c1e&#187; global_colors_info=&#187;{%22gcid-6923d322-f017-4e31-910d-ca7089291c1e%22:%91%22header_text_color%22%93}&#187;]<\/p>\n<p>Zwischen Schicksalen und Gl\u00fccksmomenten &#8211; Esther Richard, Leiterin der Aktivierung in der Adullam-Stiftung, spricht von ihrer wertvollen Arbeit. Hier steht der Mensch im Vordergrund, daf\u00fcr setzten sich die Mitarbeitenden der Aktivierung tagt\u00e4glich mit viel Herzblut ein.<\/p>\n<p>[\/et_pb_blurb][\/et_pb_column][et_pb_column type=&#187;1_2&#8243; _builder_version=&#187;4.21.0&#8243; _module_preset=&#187;default&#187; global_colors_info=&#187;{}&#187;][et_pb_text admin_label=&#187;D\u00f6belins&#187; _builder_version=&#187;4.21.0&#8243; _module_preset=&#187;default&#187; background_enable_image=&#187;off&#187; global_colors_info=&#187;{}&#187;]<\/p>\n<p><div class=\"fitvidsignore\"><a href=\"https:\/\/vimeo.com\/1118874392\/6c79723163?share=copy#t=0\" id=\"1118874392\" class=\"lazy-load-vimeo preview-lazyload preview-vimeo\" data-video-uri=\"\/videos\/1118874392:6c79723163\" data-video-thumbnail=\"https:\/\/i.vimeocdn.com\/video\/2059187535-59166fea5b9a93dc02800a026eb197c61e23792a5670492d5d488e2de2b377c4-d_960?region=us\" data-video-title=\"Simons-Grossis\" title='Play video \"Simons-Grossis\"'>https:\/\/vimeo.com\/1118874392\/6c79723163?share=copy#t=0<\/a><noscript>Video can&#8217;t be loaded because JavaScript is disabled: <a href=\"https:\/\/vimeo.com\/1118874392\/6c79723163?share=copy#t=0\" title=\"Simons-Grossis\">Simons-Grossis (https:\/\/vimeo.com\/1118874392\/6c79723163?share=copy#t=0)<\/a><\/noscript><\/div>\n<\/p>\n<p>[\/et_pb_text][et_pb_blurb title=&#187;Grossis Simon D\u00f6beli&#187; _builder_version=&#187;4.21.0&#8243; _module_preset=&#187;default&#187; header_level=&#187;h2&#8243; header_text_color=&#187;gcid-6923d322-f017-4e31-910d-ca7089291c1e&#187; global_colors_info=&#187;{%22gcid-6923d322-f017-4e31-910d-ca7089291c1e%22:%91%22header_text_color%22%93}&#187;]<\/p>\n<p>Bei den Grosseltern von Simon D\u00f6beli ist es die Welt der Pflanzen. Sie schlendern im Video mit ihrem Enkel durch den Adullam-Park und schwelgen mit ihm in ihrer ehemaligen, wohlgepflegten Gartenwelt.<\/p>\n<p>[\/et_pb_blurb][\/et_pb_column][\/et_pb_row][et_pb_row column_structure=&#187;1_2,1_2&#8243; _builder_version=&#187;4.21.0&#8243; _module_preset=&#187;default&#187; locked=&#187;off&#187; global_colors_info=&#187;{}&#187;][et_pb_column type=&#187;1_2&#8243; _builder_version=&#187;4.21.0&#8243; _module_preset=&#187;default&#187; global_colors_info=&#187;{}&#187;][et_pb_text admin_label=&#187;Salman&#187; _builder_version=&#187;4.21.0&#8243; _module_preset=&#187;default&#187; global_colors_info=&#187;{}&#187;]<\/p>\n<p><div class=\"fitvidsignore\"><a href=\"https:\/\/vimeo.com\/1122619080\/575ed4a8e3?share=copy#t=0\" id=\"1122619080\" class=\"lazy-load-vimeo preview-lazyload preview-vimeo\" data-video-uri=\"\/videos\/1122619080:575ed4a8e3\" data-video-thumbnail=\"https:\/\/i.vimeocdn.com\/video\/2064032828-7f5525b4c733c074521ea6018e41508db0fbc829af249838d367a42860628856-d_960?region=us\" data-video-title=\"Pflege-Interview-Salman\" title='Play video \"Pflege-Interview-Salman\"'>https:\/\/vimeo.com\/1122619080\/575ed4a8e3?share=copy#t=0<\/a><noscript>Video can&#8217;t be loaded because JavaScript is disabled: <a href=\"https:\/\/vimeo.com\/1122619080\/575ed4a8e3?share=copy#t=0\" title=\"Pflege-Interview-Salman\">Pflege-Interview-Salman (https:\/\/vimeo.com\/1122619080\/575ed4a8e3?share=copy#t=0)<\/a><\/noscript><\/div>\n<\/p>\n<p>[\/et_pb_text][et_pb_blurb title=&#187;Pflege Salman B\u00fcn\u00fcl&#187; _builder_version=&#187;4.21.0&#8243; _module_preset=&#187;default&#187; header_level=&#187;h2&#8243; header_text_color=&#187;gcid-6923d322-f017-4e31-910d-ca7089291c1e&#187; global_colors_info=&#187;{%22gcid-6923d322-f017-4e31-910d-ca7089291c1e%22:%91%22header_text_color%22%93}&#187;]<\/p>\n<p>Pfleger Salman B\u00fcn\u00fcl kommt ins Schw\u00e4rmen, wenn er \u00fcber seinen Beruf redet. In seiner Abteilung, der Demenzstation, z\u00e4hlen die kleinen Fortschritte. <span data-teams=\"true\"><strong>\u00ab<\/strong><\/span>Der Pflegeberuf ist so vielseitig, jeden Tag wird man wieder \u00fcberrascht<span data-teams=\"true\"><strong>\u00bb<\/strong><\/span>, so Salman im Video.<\/p>\n<p>[\/et_pb_blurb][\/et_pb_column][et_pb_column type=&#187;1_2&#8243; _builder_version=&#187;4.21.0&#8243; _module_preset=&#187;default&#187; global_colors_info=&#187;{}&#187;][et_pb_text admin_label=&#187;Albulena&#187; _builder_version=&#187;4.21.0&#8243; _module_preset=&#187;default&#187; global_colors_info=&#187;{}&#187;]<\/p>\n<p><div class=\"fitvidsignore\"><a href=\"https:\/\/vimeo.com\/1122619007\/9c968f13f8?share=copy#t=0\" id=\"1122619007\" class=\"lazy-load-vimeo preview-lazyload preview-vimeo\" data-video-uri=\"\/videos\/1122619007:9c968f13f8\" data-video-thumbnail=\"https:\/\/i.vimeocdn.com\/video\/2064032726-4ff9262922d8f3e9497faeee37b9b7049aaa12fec674ec917f62d3b47095b858-d_960?region=us\" data-video-title=\"Pflege-Interview-Albulena\" title='Play video \"Pflege-Interview-Albulena\"'>https:\/\/vimeo.com\/1122619007\/9c968f13f8?share=copy#t=0<\/a><noscript>Video can&#8217;t be loaded because JavaScript is disabled: <a href=\"https:\/\/vimeo.com\/1122619007\/9c968f13f8?share=copy#t=0\" title=\"Pflege-Interview-Albulena\">Pflege-Interview-Albulena (https:\/\/vimeo.com\/1122619007\/9c968f13f8?share=copy#t=0)<\/a><\/noscript><\/div>\n<\/p>\n<p>[\/et_pb_text][et_pb_blurb title=&#187;Pflege Albulena Blenishti&#187; _builder_version=&#187;4.21.0&#8243; _module_preset=&#187;default&#187; header_level=&#187;h2&#8243; header_text_color=&#187;gcid-6923d322-f017-4e31-910d-ca7089291c1e&#187; global_colors_info=&#187;{%22gcid-6923d322-f017-4e31-910d-ca7089291c1e%22:%91%22header_text_color%22%93}&#187;]<\/p>\n<p>Pflegerin Albulena Blenishti arbeitet schon 18 Jahre in der Adullam-Stiftung. Sie erz\u00e4hlt \u00fcber die kleinen Erfolge in ihrem Beruf.<\/p>\n<p>[\/et_pb_blurb][\/et_pb_column][\/et_pb_row][et_pb_row column_structure=&#187;1_2,1_2&#8243; _builder_version=&#187;4.21.0&#8243; _module_preset=&#187;default&#187; locked=&#187;off&#187; global_colors_info=&#187;{}&#187;][et_pb_column type=&#187;1_2&#8243; _builder_version=&#187;4.21.0&#8243; _module_preset=&#187;default&#187; global_colors_info=&#187;{}&#187;][et_pb_text admin_label=&#187;Lorena besucht Menschen&#187; _builder_version=&#187;4.21.0&#8243; _module_preset=&#187;default&#187; global_colors_info=&#187;{}&#187;]<\/p>\n<p><div class=\"fitvidsignore\"><a href=\"https:\/\/vimeo.com\/1095818674?share=copy#t=0\" id=\"1095818674\" class=\"lazy-load-vimeo preview-lazyload preview-vimeo\" data-video-uri=\"\/videos\/1095818674\" data-video-thumbnail=\"https:\/\/i.vimeocdn.com\/video\/2029720091-ee10d967ffc11d24b962f583c9b015dd14a94ebd45645df2e5c46550c4aec087-d_960?region=us\" data-video-title=\"Lorena-besucht\" title='Play video \"Lorena-besucht\"'>https:\/\/vimeo.com\/1095818674?share=copy#t=0<\/a><noscript>Video can&#8217;t be loaded because JavaScript is disabled: <a href=\"https:\/\/vimeo.com\/1095818674?share=copy#t=0\" title=\"Lorena-besucht\">Lorena-besucht (https:\/\/vimeo.com\/1095818674?share=copy#t=0)<\/a><\/noscript><\/div>\n<\/p>\n<p>[\/et_pb_text][et_pb_blurb title=&#187;Studentin Lorena besucht Menschen im Adullam&#187; _builder_version=&#187;4.21.0&#8243; _module_preset=&#187;default&#187; header_level=&#187;h2&#8243; header_text_color=&#187;gcid-6923d322-f017-4e31-910d-ca7089291c1e&#187; global_colors_info=&#187;{%22gcid-6923d322-f017-4e31-910d-ca7089291c1e%22:%91%22header_text_color%22%93}&#187;]<\/p>\n<p>Habt ihr euch schon mal gefragt, welche Geschichten das Leben der Menschen um uns herum pr\u00e4gen? Die Studentin Lorena hatte k\u00fcrzlich die Gelegenheit, das Adullam zu besuchen und sich mit Bewohner:innen \u00fcber ihr Leben und ihre Geschichten auszutauschen. Wir haben sie dabei begleitet und konnten einige sch\u00f6ne Moment festhalten.<\/p>\n<p>[\/et_pb_blurb][\/et_pb_column][et_pb_column type=&#187;1_2&#8243; _builder_version=&#187;4.21.0&#8243; _module_preset=&#187;default&#187; global_colors_info=&#187;{}&#187;][et_pb_text admin_label=&#187;Lorena besucht Wielands&#187; _builder_version=&#187;4.21.0&#8243; _module_preset=&#187;default&#187; global_colors_info=&#187;{}&#187;]<\/p>\n<p><div class=\"fitvidsignore\"><a href=\"https:\/\/vimeo.com\/1095818791?share=copy#t=0\" id=\"1095818791\" class=\"lazy-load-vimeo preview-lazyload preview-vimeo\" data-video-uri=\"\/videos\/1095818791\" data-video-thumbnail=\"https:\/\/i.vimeocdn.com\/video\/2029720338-c5e352ec2bf2dfd9f7024d65383ca49fa4cb8eb98f653a775c3fde286e6f1547-d_960?region=us\" data-video-title=\"Lorena-besucht-Wielands\" title='Play video \"Lorena-besucht-Wielands\"'>https:\/\/vimeo.com\/1095818791?share=copy#t=0<\/a><noscript>Video can&#8217;t be loaded because JavaScript is disabled: <a href=\"https:\/\/vimeo.com\/1095818791?share=copy#t=0\" title=\"Lorena-besucht-Wielands\">Lorena-besucht-Wielands (https:\/\/vimeo.com\/1095818791?share=copy#t=0)<\/a><\/noscript><\/div>\n<\/p>\n<p>[\/et_pb_text][et_pb_blurb title=&#187;Studentin Lorena besucht die Wielands&#187; _builder_version=&#187;4.21.0&#8243; _module_preset=&#187;default&#187; header_level=&#187;h2&#8243; header_text_color=&#187;gcid-6923d322-f017-4e31-910d-ca7089291c1e&#187; global_colors_info=&#187;{%22gcid-6923d322-f017-4e31-910d-ca7089291c1e%22:%91%22header_text_color%22%93}&#187;]<\/p>\n<p>Studentin Lorena im Gespr\u00e4ch mit dem Ehepaar Wieland. Nach 44 Jahren Ehe gemeinsam ins Altersheim \u2013 wie f\u00fchlt sich das an? Wie leicht fiel ihnen die Umgew\u00f6hnung? Was war Frau Wieland dabei besonders wichtig? Welchen Beruf \u00fcbte Herr Wieland sein Leben lang aus? Alle Geschichten dazu findet ihr hier in diesem Video.<\/p>\n<p>[\/et_pb_blurb][\/et_pb_column][\/et_pb_row][et_pb_row column_structure=&#187;1_2,1_2&#8243; _builder_version=&#187;4.21.0&#8243; _module_preset=&#187;default&#187; locked=&#187;off&#187; global_colors_info=&#187;{}&#187;][et_pb_column type=&#187;1_2&#8243; _builder_version=&#187;4.21.0&#8243; _module_preset=&#187;default&#187; global_colors_info=&#187;{}&#187;][et_pb_text admin_label=&#187;Musikschule&#187; _builder_version=&#187;4.21.0&#8243; _module_preset=&#187;default&#187; global_colors_info=&#187;{}&#187;]<\/p>\n<p><div class=\"fitvidsignore\"><a href=\"https:\/\/vimeo.com\/1099255404\" id=\"1099255404\" class=\"lazy-load-vimeo preview-lazyload preview-vimeo\" data-video-uri=\"\/videos\/1099255404\" data-video-thumbnail=\"https:\/\/i.vimeocdn.com\/video\/2034150213-f62f162abbb95efa10557ffb7dbd3af73a74683d98c77e010fe5fd76ca525005-d_960?region=us\" data-video-title=\"Riehen-Konzert-2025\" title='Play video \"Riehen-Konzert-2025\"'>https:\/\/vimeo.com\/1099255404<\/a><noscript>Video can&#8217;t be loaded because JavaScript is disabled: <a href=\"https:\/\/vimeo.com\/1099255404\" title=\"Riehen-Konzert-2025\">Riehen-Konzert-2025 (https:\/\/vimeo.com\/1099255404)<\/a><\/noscript><\/div>\n<\/p>\n<p>[\/et_pb_text][et_pb_blurb title=&#187;Die Musikakademie Basel zu Besuch im Adullam Riehen&#187; _builder_version=&#187;4.21.0&#8243; _module_preset=&#187;default&#187; header_level=&#187;h2&#8243; header_text_color=&#187;gcid-6923d322-f017-4e31-910d-ca7089291c1e&#187; global_colors_info=&#187;{%22gcid-6923d322-f017-4e31-910d-ca7089291c1e%22:%91%22header_text_color%22%93}&#187;]<\/p>\n<p>Jung trifft Alt: Ein bezauberndes Konzert des Trompeten- und Posaunenensebles der Musikschule Basel. Im Garten des Adullam Riehen. Unter der Leitung von Jennifer Tauder-Ammann und Wolfgang Schmid erf\u00fcllte die Musik den sonnendurchfluteten Tag mit verbindenden Kl\u00e4ngen. Bewohner:innen, Angeh\u00f6rige, Mitarbeiter:innen und die Familien der Musiker:innen erlebten gemeinsam, wie Musik die Generationen verbindet und Herzen ber\u00fchrt.<\/p>\n<p>[\/et_pb_blurb][\/et_pb_column][et_pb_column type=&#187;1_2&#8243; _builder_version=&#187;4.21.0&#8243; _module_preset=&#187;default&#187; global_colors_info=&#187;{}&#187;][et_pb_text admin_label=&#187;Thomas Bucher&#187; _builder_version=&#187;4.21.0&#8243; _module_preset=&#187;default&#187; global_colors_info=&#187;{}&#187;]<\/p>\n<p><div class=\"fitvidsignore\"><a href=\"https:\/\/vimeo.com\/1102974268?share=copy#t=0\" id=\"1102974268\" class=\"lazy-load-vimeo preview-lazyload preview-vimeo\" data-video-uri=\"\/videos\/1102974268\" data-video-thumbnail=\"https:\/\/i.vimeocdn.com\/video\/2038873939-e5210392dd2c4114b85fb0fdb30183404ea0d09e4cfd175b0f02fa2ef2dfec9b-d_960?region=us\" data-video-title=\"Adullam_Thomas-Bucher\" title='Play video \"Adullam_Thomas-Bucher\"'>https:\/\/vimeo.com\/1102974268?share=copy#t=0<\/a><noscript>Video can&#8217;t be loaded because JavaScript is disabled: <a href=\"https:\/\/vimeo.com\/1102974268?share=copy#t=0\" title=\"Adullam_Thomas-Bucher\">Adullam_Thomas-Bucher (https:\/\/vimeo.com\/1102974268?share=copy#t=0)<\/a><\/noscript><\/div>\n<\/p>\n<p>[\/et_pb_text][et_pb_blurb title=&#187;Thomas Bucher \u00fcber seine Hochzeit im Adullam &#187; _builder_version=&#187;4.21.0&#8243; _module_preset=&#187;default&#187; header_level=&#187;h2&#8243; header_text_color=&#187;gcid-6923d322-f017-4e31-910d-ca7089291c1e&#187; global_colors_info=&#187;{%22gcid-6923d322-f017-4e31-910d-ca7089291c1e%22:%91%22header_text_color%22%93}&#187;]<\/p>\n<p>Eine ber\u00fchrende Liebesgeschichte aus dem Adullam Pflegzentrum Riehen. Thomas Bucher erz\u00e4hlt, wie er gemeinsam mit seiner Freundin den Schritt ins Pflegezentrum wagte \u2013 und wie aus diesem neuen Lebensabschnitt sogar eine Hochzeit wurde.<\/p>\n<p>[\/et_pb_blurb][\/et_pb_column][\/et_pb_row][et_pb_row column_structure=&#187;1_2,1_2&#8243; _builder_version=&#187;4.21.0&#8243; _module_preset=&#187;default&#187; locked=&#187;off&#187; global_colors_info=&#187;{}&#187;][et_pb_column type=&#187;1_2&#8243; _builder_version=&#187;4.21.0&#8243; _module_preset=&#187;default&#187; global_colors_info=&#187;{}&#187;][et_pb_text admin_label=&#187;Sabine-Eglin-Buser&#187; _builder_version=&#187;4.21.0&#8243; _module_preset=&#187;default&#187; global_colors_info=&#187;{}&#187;]<\/p>\n<p><div class=\"fitvidsignore\"><a href=\"https:\/\/vimeo.com\/1055711713\" id=\"1055711713\" class=\"lazy-load-vimeo preview-lazyload preview-vimeo\" data-video-uri=\"\/videos\/1055711713\" data-video-thumbnail=\"https:\/\/i.vimeocdn.com\/video\/1981335508-65a24ce79ae23b0794460e8d3f8c3a41e508fe228c09f18f7261aa3acc4f23e1-d_960?region=us\" data-video-title=\"Sabine Eglin Buser, die neue CEO stellt sich vor\" title='Play video \"Sabine Eglin Buser, die neue CEO stellt sich vor\"'>https:\/\/vimeo.com\/1055711713<\/a><noscript>Video can&#8217;t be loaded because JavaScript is disabled: <a href=\"https:\/\/vimeo.com\/1055711713\" title=\"Sabine Eglin Buser, die neue CEO stellt sich vor\">Sabine Eglin Buser, die neue CEO stellt sich vor (https:\/\/vimeo.com\/1055711713)<\/a><\/noscript><\/div>\n<\/p>\n<p>[\/et_pb_text][et_pb_blurb title=&#187;Herzlich willkommen Sabine Eglin Buser&#187; _builder_version=&#187;4.21.0&#8243; _module_preset=&#187;default&#187; header_level=&#187;h2&#8243; header_text_color=&#187;gcid-6923d322-f017-4e31-910d-ca7089291c1e&#187; global_colors_info=&#187;{%22gcid-6923d322-f017-4e31-910d-ca7089291c1e%22:%91%22header_text_color%22%93}&#187;]<\/p>\n<p>Sabine Eglin Buser ist seit Januar die neue CEO der Adullam-Stiftung! Ihr Ziel? Adullam soll DER Ort sein, wo \u00e4ltere Menschen gerne hingehen, weil sie hier menschlich behandelt werden und nicht wie eine Nummer. Mehr zu ihr in diesem Video!<\/p>\n<p>[\/et_pb_blurb][\/et_pb_column][et_pb_column type=&#187;1_2&#8243; _builder_version=&#187;4.21.0&#8243; _module_preset=&#187;default&#187; global_colors_info=&#187;{}&#187;][et_pb_text admin_label=&#187;Lernende&#187; _builder_version=&#187;4.21.0&#8243; _module_preset=&#187;default&#187; global_colors_info=&#187;{}&#187;]<\/p>\n<p><div class=\"fitvidsignore\"><a href=\"https:\/\/vimeo.com\/1007810665\" id=\"1007810665\" class=\"lazy-load-vimeo preview-lazyload preview-vimeo\" data-video-uri=\"\/videos\/1007810665\" data-video-thumbnail=\"https:\/\/i.vimeocdn.com\/video\/1967990472-33aca5cd3b0dc7f66d07328e56c2c8f194095217b1e17e05e43e67b09d0d0356-d_960?region=us\" data-video-title=\"Auszubildende im Adullam\" title='Play video \"Auszubildende im Adullam\"'>https:\/\/vimeo.com\/1007810665<\/a><noscript>Video can&#8217;t be loaded because JavaScript is disabled: <a href=\"https:\/\/vimeo.com\/1007810665\" title=\"Auszubildende im Adullam\">Auszubildende im Adullam (https:\/\/vimeo.com\/1007810665)<\/a><\/noscript><\/div>\n<\/p>\n<p>[\/et_pb_text][et_pb_blurb title=&#187;Lernende erz\u00e4hlen&#187; _builder_version=&#187;4.21.0&#8243; _module_preset=&#187;default&#187; header_level=&#187;h2&#8243; header_text_color=&#187;gcid-6923d322-f017-4e31-910d-ca7089291c1e&#187; global_colors_info=&#187;{%22gcid-6923d322-f017-4e31-910d-ca7089291c1e%22:%91%22header_text_color%22%93}&#187;]<\/p>\n<p>F\u00fcr einmal wechseln Lernende des Adullams die Rollen. Sie interviewen Lernende aus anderen Bereichen und beantworten selbst Fragen. Erfahre, wie eine Lehre im Adullam sein kann.<\/p>\n<p>[\/et_pb_blurb][\/et_pb_column][\/et_pb_row][et_pb_row column_structure=&#187;1_2,1_2&#8243; _builder_version=&#187;4.21.0&#8243; _module_preset=&#187;default&#187; locked=&#187;off&#187; global_colors_info=&#187;{}&#187;][et_pb_column type=&#187;1_2&#8243; _builder_version=&#187;4.21.0&#8243; _module_preset=&#187;default&#187; global_colors_info=&#187;{}&#187;][et_pb_text admin_label=&#187;Die Weihnachtsretter&#187; _builder_version=&#187;4.21.0&#8243; _module_preset=&#187;default&#187; global_colors_info=&#187;{}&#187;]<\/p>\n<div class=\"fitvidsignore\"><a href=\"https:\/\/vimeo.com\/1035886317\" id=\"1035886317\" class=\"lazy-load-vimeo preview-lazyload preview-vimeo\" data-video-uri=\"\/videos\/1035886317\" data-video-thumbnail=\"https:\/\/i.vimeocdn.com\/video\/1957486128-db751888b73d53a099fd4196db6a67d4779d4e64e14d22c4451b9a5679aad22a-d_960?region=us\" data-video-title=\"Die Weihnachtsretter\" title='Play video \"Die Weihnachtsretter\"'>https:\/\/vimeo.com\/1035886317<\/a><noscript>Video can&#8217;t be loaded because JavaScript is disabled: <a href=\"https:\/\/vimeo.com\/1035886317\" title=\"Die Weihnachtsretter\">Die Weihnachtsretter (https:\/\/vimeo.com\/1035886317)<\/a><\/noscript><\/div>\n<p>[\/et_pb_text][et_pb_blurb title=&#187;Die Weihnachtsretter: Ein Adullam M\u00e4rchen&#187; _builder_version=&#187;4.21.0&#8243; _module_preset=&#187;default&#187; header_level=&#187;h2&#8243; header_text_color=&#187;gcid-6923d322-f017-4e31-910d-ca7089291c1e&#187; global_colors_info=&#187;{%22gcid-6923d322-f017-4e31-910d-ca7089291c1e%22:%91%22header_text_color%22%93}&#187;]Speziell f\u00fcr die Weihnachtszeit hat der Jazz-Musiker Will Wood einen Song f\u00fcr das Adullam komponiert und mit Bewohner:innen und Mitarbeiter:innen einstudiert. Dazu entstanden ist ein humorvolles Musikvideo, in dem singend Weihnachten \u00abgerettet\u00bb wird. Produziert wurde das Video von Uwe N\u00fcssle und Alex Schr\u00f6der. Alle Darsteller:innen sind Bewohner:innen und Mitarbeiter:innen der Adullam Spit\u00e4ler und Pflegezentren. Reinschauen lohnt sich.<br \/>\n[\/et_pb_blurb][\/et_pb_column][et_pb_column type=&#187;1_2&#8243; _builder_version=&#187;4.21.0&#8243; _module_preset=&#187;default&#187; global_colors_info=&#187;{}&#187;][et_pb_text admin_label=&#187;Podiumsdiskussion&#187; _builder_version=&#187;4.21.0&#8243; _module_preset=&#187;default&#187; global_colors_info=&#187;{}&#187;]<\/p>\n<div class=\"fitvidsignore\"><a href=\"https:\/\/vimeo.com\/1044586249\" id=\"1044586249\" class=\"lazy-load-vimeo preview-lazyload preview-vimeo\" data-video-uri=\"\/videos\/1044586249\" data-video-thumbnail=\"https:\/\/i.vimeocdn.com\/video\/1968010524-652fde2577c3320e0c389bcce242ccc035df8e617870077f84c65cef890e2b9e-d_960?region=us\" data-video-title=\"Podiumsdiskussion_komplett_kompr\" title='Play video \"Podiumsdiskussion_komplett_kompr\"'>https:\/\/vimeo.com\/1044586249<\/a><noscript>Video can&#8217;t be loaded because JavaScript is disabled: <a href=\"https:\/\/vimeo.com\/1044586249\" title=\"Podiumsdiskussion_komplett_kompr\">Podiumsdiskussion_komplett_kompr (https:\/\/vimeo.com\/1044586249)<\/a><\/noscript><\/div>\n<p>[\/et_pb_text][et_pb_blurb title=&#187;Aufzeichnung Podiumsdiskussion \u201eSexualit\u00e4t im Alter\u201c&#187; _builder_version=&#187;4.21.0&#8243; _module_preset=&#187;default&#187; header_level=&#187;h2&#8243; header_text_color=&#187;gcid-6923d322-f017-4e31-910d-ca7089291c1e&#187; global_colors_info=&#187;{%22gcid-6923d322-f017-4e31-910d-ca7089291c1e%22:%91%22header_text_color%22%93}&#187;]Am 11. Juni diskutierten Fachexperten \u00fcber verschiedene Aspekte der Sexualit\u00e4t im Alter. Neben k\u00f6rperlichen und psychischen Ver\u00e4nderungen, wurde auch \u00fcber Aspekte wie Demenz und Sexualit\u00e4t im Pflegeheim gesprochen. Die ganze Diskussion gibt es hier zum Nachschauen.<br \/>\n[\/et_pb_blurb][\/et_pb_column][\/et_pb_row][et_pb_row column_structure=&#187;1_2,1_2&#8243; _builder_version=&#187;4.21.0&#8243; _module_preset=&#187;default&#187; locked=&#187;off&#187; global_colors_info=&#187;{}&#187;][et_pb_column type=&#187;1_2&#8243; _builder_version=&#187;4.21.0&#8243; _module_preset=&#187;default&#187; global_colors_info=&#187;{}&#187;][et_pb_slider use_bg_overlay=&#187;off&#187; use_text_overlay=&#187;off&#187; dot_nav_custom_color=&#187;#b45ae6&#8243; admin_label=&#187;Slider Physio&#187; module_class=&#187;video-slider&#187; _builder_version=&#187;4.21.0&#8243; _module_preset=&#187;default&#187; background_color=&#187;#FFFFFF&#187; width=&#187;100%&#187; custom_margin=&#187;0px|0px|0px|0px|true|true&#187; custom_padding=&#187;0px|0px|60px|0px|false|true&#187; border_color_all_image=&#187;RGBA(255,255,255,0)&#187; global_colors_info=&#187;{}&#187;][et_pb_slide _builder_version=&#187;4.21.0&#8243; _module_preset=&#187;default&#187; global_colors_info=&#187;{}&#187; sticky_transition=&#187;on&#187;]<\/p>\n<div class=\"fitvidsignore\"><a href=\"https:\/\/vimeo.com\/1044571262\" id=\"1044571262\" class=\"lazy-load-vimeo preview-lazyload preview-vimeo\" data-video-uri=\"\/videos\/1044571262\" data-video-thumbnail=\"https:\/\/i.vimeocdn.com\/video\/1967991172-a290fbe4c525891c7698b9609616e55c660d65ba4d9595376aecf7a5a1475eb5-d_960?region=us\" data-video-title=\"Fit-im-Alltag_Teil-01\" title='Play video \"Fit-im-Alltag_Teil-01\"'>https:\/\/vimeo.com\/1044571262<\/a><noscript>Video can&#8217;t be loaded because JavaScript is disabled: <a href=\"https:\/\/vimeo.com\/1044571262\" title=\"Fit-im-Alltag_Teil-01\">Fit-im-Alltag_Teil-01 (https:\/\/vimeo.com\/1044571262)<\/a><\/noscript><\/div>\n<p>[\/et_pb_slide][et_pb_slide _builder_version=&#187;4.21.0&#8243; _module_preset=&#187;default&#187; global_colors_info=&#187;{}&#187; sticky_transition=&#187;on&#187;]<\/p>\n<div class=\"fitvidsignore\"><a href=\"https:\/\/vimeo.com\/1044571351\" id=\"1044571351\" class=\"lazy-load-vimeo preview-lazyload preview-vimeo\" data-video-uri=\"\/videos\/1044571351\" data-video-thumbnail=\"https:\/\/i.vimeocdn.com\/video\/1967991232-34bb324a29549c5cf97ed1a8363166a01ed748c8ba21fc56449b2895879de280-d_960?region=us\" data-video-title=\"Fit-im-Alltag_Teil-02\" title='Play video \"Fit-im-Alltag_Teil-02\"'>https:\/\/vimeo.com\/1044571351<\/a><noscript>Video can&#8217;t be loaded because JavaScript is disabled: <a href=\"https:\/\/vimeo.com\/1044571351\" title=\"Fit-im-Alltag_Teil-02\">Fit-im-Alltag_Teil-02 (https:\/\/vimeo.com\/1044571351)<\/a><\/noscript><\/div>\n<p>[\/et_pb_slide][et_pb_slide _builder_version=&#187;4.21.0&#8243; _module_preset=&#187;default&#187; global_colors_info=&#187;{}&#187; sticky_transition=&#187;on&#187;]<\/p>\n<div class=\"fitvidsignore\"><a href=\"https:\/\/vimeo.com\/1044571403\" id=\"1044571403\" class=\"lazy-load-vimeo preview-lazyload preview-vimeo\" data-video-uri=\"\/videos\/1044571403\" data-video-thumbnail=\"https:\/\/i.vimeocdn.com\/video\/1967991310-3329a775317f8aec1fb30e8dcdeb79a5c1948244d6c346138022fa2bdd42a802-d_960?region=us\" data-video-title=\"Fit-im-Alltag_Teil-03\" title='Play video \"Fit-im-Alltag_Teil-03\"'>https:\/\/vimeo.com\/1044571403<\/a><noscript>Video can&#8217;t be loaded because JavaScript is disabled: <a href=\"https:\/\/vimeo.com\/1044571403\" title=\"Fit-im-Alltag_Teil-03\">Fit-im-Alltag_Teil-03 (https:\/\/vimeo.com\/1044571403)<\/a><\/noscript><\/div>\n<p>[\/et_pb_slide][et_pb_slide _builder_version=&#187;4.21.0&#8243; _module_preset=&#187;default&#187; global_colors_info=&#187;{}&#187; sticky_transition=&#187;on&#187;]<\/p>\n<div class=\"fitvidsignore\"><a href=\"https:\/\/vimeo.com\/1044571476\" id=\"1044571476\" class=\"lazy-load-vimeo preview-lazyload preview-vimeo\" data-video-uri=\"\/videos\/1044571476\" data-video-thumbnail=\"https:\/\/i.vimeocdn.com\/video\/1967991388-5eef110ece66c81c57db5bdcead8dd72e448ab8a25132acb58f52ae8b736778c-d_960?region=us\" data-video-title=\"Fit-im-Alltag_Teil-04\" title='Play video \"Fit-im-Alltag_Teil-04\"'>https:\/\/vimeo.com\/1044571476<\/a><noscript>Video can&#8217;t be loaded because JavaScript is disabled: <a href=\"https:\/\/vimeo.com\/1044571476\" title=\"Fit-im-Alltag_Teil-04\">Fit-im-Alltag_Teil-04 (https:\/\/vimeo.com\/1044571476)<\/a><\/noscript><\/div>\n<p>[\/et_pb_slide][et_pb_slide _builder_version=&#187;4.21.0&#8243; _module_preset=&#187;default&#187; global_colors_info=&#187;{}&#187; sticky_transition=&#187;on&#187;]<\/p>\n<div class=\"fitvidsignore\"><a href=\"https:\/\/vimeo.com\/1044571519\" id=\"1044571519\" class=\"lazy-load-vimeo preview-lazyload preview-vimeo\" data-video-uri=\"\/videos\/1044571519\" data-video-thumbnail=\"https:\/\/i.vimeocdn.com\/video\/1967991439-ad349b64cb736a8c3f4029e1fbb3c5b24679b77e2be700363607697a0254401c-d_960?region=us\" data-video-title=\"Fit-im-Alltag_Teil-05\" title='Play video \"Fit-im-Alltag_Teil-05\"'>https:\/\/vimeo.com\/1044571519<\/a><noscript>Video can&#8217;t be loaded because JavaScript is disabled: <a href=\"https:\/\/vimeo.com\/1044571519\" title=\"Fit-im-Alltag_Teil-05\">Fit-im-Alltag_Teil-05 (https:\/\/vimeo.com\/1044571519)<\/a><\/noscript><\/div>\n<p>[\/et_pb_slide][et_pb_slide _builder_version=&#187;4.21.0&#8243; _module_preset=&#187;default&#187; global_colors_info=&#187;{}&#187; sticky_transition=&#187;on&#187;]<\/p>\n<div class=\"fitvidsignore\"><a href=\"https:\/\/vimeo.com\/1044571583\" id=\"1044571583\" class=\"lazy-load-vimeo preview-lazyload preview-vimeo\" data-video-uri=\"\/videos\/1044571583\" data-video-thumbnail=\"https:\/\/i.vimeocdn.com\/video\/1967991495-dab8c71999dd340ac2034ed2966f77fe14942b3631c195385cbd31bf2928236d-d_960?region=us\" data-video-title=\"Fit-im-Alltag_Teil-06\" title='Play video \"Fit-im-Alltag_Teil-06\"'>https:\/\/vimeo.com\/1044571583<\/a><noscript>Video can&#8217;t be loaded because JavaScript is disabled: <a href=\"https:\/\/vimeo.com\/1044571583\" title=\"Fit-im-Alltag_Teil-06\">Fit-im-Alltag_Teil-06 (https:\/\/vimeo.com\/1044571583)<\/a><\/noscript><\/div>\n<p>[\/et_pb_slide][et_pb_slide _builder_version=&#187;4.21.0&#8243; _module_preset=&#187;default&#187; global_colors_info=&#187;{}&#187; sticky_transition=&#187;on&#187;]<\/p>\n<div class=\"fitvidsignore\"><a href=\"https:\/\/vimeo.com\/1044571622\" id=\"1044571622\" class=\"lazy-load-vimeo preview-lazyload preview-vimeo\" data-video-uri=\"\/videos\/1044571622\" data-video-thumbnail=\"https:\/\/i.vimeocdn.com\/video\/1967991580-77eed8c602c7c51d2d374e8ad751d33a69d4170fb64dd1af18d33981e14d4b16-d_960?region=us\" data-video-title=\"Fit-im-Alltag_Teil-07\" title='Play video \"Fit-im-Alltag_Teil-07\"'>https:\/\/vimeo.com\/1044571622<\/a><noscript>Video can&#8217;t be loaded because JavaScript is disabled: <a href=\"https:\/\/vimeo.com\/1044571622\" title=\"Fit-im-Alltag_Teil-07\">Fit-im-Alltag_Teil-07 (https:\/\/vimeo.com\/1044571622)<\/a><\/noscript><\/div>\n<p>[\/et_pb_slide][et_pb_slide _builder_version=&#187;4.21.0&#8243; _module_preset=&#187;default&#187; global_colors_info=&#187;{}&#187; sticky_transition=&#187;on&#187;]<\/p>\n<div class=\"fitvidsignore\"><a href=\"https:\/\/vimeo.com\/1044571696\" id=\"1044571696\" class=\"lazy-load-vimeo preview-lazyload preview-vimeo\" data-video-uri=\"\/videos\/1044571696\" data-video-thumbnail=\"https:\/\/i.vimeocdn.com\/video\/1967991683-8ee7f30651f99b744ccac17c063290fe2484e49fd8d3ad52be4196d1ddde3a49-d_960?region=us\" data-video-title=\"Fit-im-Alltag_Teil-08\" title='Play video \"Fit-im-Alltag_Teil-08\"'>https:\/\/vimeo.com\/1044571696<\/a><noscript>Video can&#8217;t be loaded because JavaScript is disabled: <a href=\"https:\/\/vimeo.com\/1044571696\" title=\"Fit-im-Alltag_Teil-08\">Fit-im-Alltag_Teil-08 (https:\/\/vimeo.com\/1044571696)<\/a><\/noscript><\/div>\n<p>[\/et_pb_slide][et_pb_slide _builder_version=&#187;4.21.0&#8243; _module_preset=&#187;default&#187; global_colors_info=&#187;{}&#187; sticky_transition=&#187;on&#187;]<\/p>\n<div class=\"fitvidsignore\"><a href=\"https:\/\/vimeo.com\/1044571768\" id=\"1044571768\" class=\"lazy-load-vimeo preview-lazyload preview-vimeo\" data-video-uri=\"\/videos\/1044571768\" data-video-thumbnail=\"https:\/\/i.vimeocdn.com\/video\/1967991788-fd2625a5d01b637d2eea9762970127816d7c257c26a541bd16932ca3d69e33b7-d_960?region=us\" data-video-title=\"Fit-im-Alltag_Teil-09\" title='Play video \"Fit-im-Alltag_Teil-09\"'>https:\/\/vimeo.com\/1044571768<\/a><noscript>Video can&#8217;t be loaded because JavaScript is disabled: <a href=\"https:\/\/vimeo.com\/1044571768\" title=\"Fit-im-Alltag_Teil-09\">Fit-im-Alltag_Teil-09 (https:\/\/vimeo.com\/1044571768)<\/a><\/noscript><\/div>\n<p>[\/et_pb_slide][et_pb_slide _builder_version=&#187;4.21.0&#8243; _module_preset=&#187;default&#187; global_colors_info=&#187;{}&#187; sticky_transition=&#187;on&#187;]<\/p>\n<div class=\"fitvidsignore\"><a href=\"https:\/\/vimeo.com\/1044571859\" id=\"1044571859\" class=\"lazy-load-vimeo preview-lazyload preview-vimeo\" data-video-uri=\"\/videos\/1044571859\" data-video-thumbnail=\"https:\/\/i.vimeocdn.com\/video\/1967991910-0532811bf1de79a5ebeb5348e64be787f27bb26b2972b751d880869231fd884f-d_960?region=us\" data-video-title=\"Fit-im-Alltag_Teil-10\" title='Play video \"Fit-im-Alltag_Teil-10\"'>https:\/\/vimeo.com\/1044571859<\/a><noscript>Video can&#8217;t be loaded because JavaScript is disabled: <a href=\"https:\/\/vimeo.com\/1044571859\" title=\"Fit-im-Alltag_Teil-10\">Fit-im-Alltag_Teil-10 (https:\/\/vimeo.com\/1044571859)<\/a><\/noscript><\/div>\n<p>[\/et_pb_slide][et_pb_slide _builder_version=&#187;4.21.0&#8243; _module_preset=&#187;default&#187; global_colors_info=&#187;{}&#187; sticky_transition=&#187;on&#187;]<\/p>\n<div class=\"fitvidsignore\"><a href=\"https:\/\/vimeo.com\/1044571979\" id=\"1044571979\" class=\"lazy-load-vimeo preview-lazyload preview-vimeo\" data-video-uri=\"\/videos\/1044571979\" data-video-thumbnail=\"https:\/\/i.vimeocdn.com\/video\/1967992048-0b725e269cdd376de15c0afd1df02d7621352c7e7980919c49191a09a18df7d3-d_960?region=us\" data-video-title=\"Fit-im-Alltag_Teil-11\" title='Play video \"Fit-im-Alltag_Teil-11\"'>https:\/\/vimeo.com\/1044571979<\/a><noscript>Video can&#8217;t be loaded because JavaScript is disabled: <a href=\"https:\/\/vimeo.com\/1044571979\" title=\"Fit-im-Alltag_Teil-11\">Fit-im-Alltag_Teil-11 (https:\/\/vimeo.com\/1044571979)<\/a><\/noscript><\/div>\n<p>[\/et_pb_slide][et_pb_slide _builder_version=&#187;4.21.0&#8243; _module_preset=&#187;default&#187; global_colors_info=&#187;{}&#187; sticky_transition=&#187;on&#187;]<\/p>\n<div class=\"fitvidsignore\"><a href=\"https:\/\/vimeo.com\/1044572084\" id=\"1044572084\" class=\"lazy-load-vimeo preview-lazyload preview-vimeo\" data-video-uri=\"\/videos\/1044572084\" data-video-thumbnail=\"https:\/\/i.vimeocdn.com\/video\/1967992059-bc367addd000e6e792ecb1fff79aa11d7377d58f52d9952ad265cb486f9d2cf6-d_960?region=us\" data-video-title=\"Fit-im-Alltag_Teil-12\" title='Play video \"Fit-im-Alltag_Teil-12\"'>https:\/\/vimeo.com\/1044572084<\/a><noscript>Video can&#8217;t be loaded because JavaScript is disabled: <a href=\"https:\/\/vimeo.com\/1044572084\" title=\"Fit-im-Alltag_Teil-12\">Fit-im-Alltag_Teil-12 (https:\/\/vimeo.com\/1044572084)<\/a><\/noscript><\/div>\n<p>[\/et_pb_slide][et_pb_slide _builder_version=&#187;4.21.0&#8243; _module_preset=&#187;default&#187; global_colors_info=&#187;{}&#187; sticky_transition=&#187;on&#187;]<\/p>\n<div class=\"fitvidsignore\"><a href=\"https:\/\/vimeo.com\/1044572106\" id=\"1044572106\" class=\"lazy-load-vimeo preview-lazyload preview-vimeo\" data-video-uri=\"\/videos\/1044572106\" data-video-thumbnail=\"https:\/\/i.vimeocdn.com\/video\/1967995273-db8ba58407c1dbe402f9583b31d9df3099e4363a4c1eb90bd08aaabfc34a5095-d_960?region=us\" data-video-title=\"Fit-im-Alltag_Teil-13\" title='Play video \"Fit-im-Alltag_Teil-13\"'>https:\/\/vimeo.com\/1044572106<\/a><noscript>Video can&#8217;t be loaded because JavaScript is disabled: <a href=\"https:\/\/vimeo.com\/1044572106\" title=\"Fit-im-Alltag_Teil-13\">Fit-im-Alltag_Teil-13 (https:\/\/vimeo.com\/1044572106)<\/a><\/noscript><\/div>\n<p>[\/et_pb_slide][et_pb_slide _builder_version=&#187;4.21.0&#8243; _module_preset=&#187;default&#187; global_colors_info=&#187;{}&#187; sticky_transition=&#187;on&#187;]<\/p>\n<div class=\"fitvidsignore\"><a href=\"https:\/\/vimeo.com\/1044575115\/f6d5c7193d\" id=\"1044575115\" class=\"lazy-load-vimeo preview-lazyload preview-vimeo\" data-video-uri=\"\/videos\/1044575115\" data-video-thumbnail=\"https:\/\/i.vimeocdn.com\/video\/1967995754-0335a3e07b39e1234b1b819196cdab7f0148db1cb630f8cb170c4256bbe22c21-d_960?region=us\" data-video-title=\"Fit-im-Alltag_Teil-14\" title='Play video \"Fit-im-Alltag_Teil-14\"'>https:\/\/vimeo.com\/1044575115\/f6d5c7193d<\/a><noscript>Video can&#8217;t be loaded because JavaScript is disabled: <a href=\"https:\/\/vimeo.com\/1044575115\/f6d5c7193d\" title=\"Fit-im-Alltag_Teil-14\">Fit-im-Alltag_Teil-14 (https:\/\/vimeo.com\/1044575115\/f6d5c7193d)<\/a><\/noscript><\/div>\n<p>[\/et_pb_slide][et_pb_slide _builder_version=&#187;4.21.0&#8243; _module_preset=&#187;default&#187; global_colors_info=&#187;{}&#187; sticky_transition=&#187;on&#187;]<\/p>\n<div class=\"fitvidsignore\"><a href=\"https:\/\/vimeo.com\/1044575214\" id=\"1044575214\" class=\"lazy-load-vimeo preview-lazyload preview-vimeo\" data-video-uri=\"\/videos\/1044575214\" data-video-thumbnail=\"https:\/\/i.vimeocdn.com\/video\/1967995796-7fb75a2aceb2c5beb5c0134be24899540499544b368af76204205e65af705417-d_960?region=us\" data-video-title=\"Fit-im-Alltag_Teil-15\" title='Play video \"Fit-im-Alltag_Teil-15\"'>https:\/\/vimeo.com\/1044575214<\/a><noscript>Video can&#8217;t be loaded because JavaScript is disabled: <a href=\"https:\/\/vimeo.com\/1044575214\" title=\"Fit-im-Alltag_Teil-15\">Fit-im-Alltag_Teil-15 (https:\/\/vimeo.com\/1044575214)<\/a><\/noscript><\/div>\n<p>[\/et_pb_slide][et_pb_slide _builder_version=&#187;4.21.0&#8243; _module_preset=&#187;default&#187; global_colors_info=&#187;{}&#187; sticky_transition=&#187;on&#187;]<\/p>\n<div class=\"fitvidsignore\"><a href=\"https:\/\/vimeo.com\/1044575256\" id=\"1044575256\" class=\"lazy-load-vimeo preview-lazyload preview-vimeo\" data-video-uri=\"\/videos\/1044575256\" data-video-thumbnail=\"https:\/\/i.vimeocdn.com\/video\/1967995831-a476a211e31faa67374da11514c7c803f02fec4e80fca35e1eb7116cbc48af9f-d_960?region=us\" data-video-title=\"Fit-im-Alltag_Teil-16\" title='Play video \"Fit-im-Alltag_Teil-16\"'>https:\/\/vimeo.com\/1044575256<\/a><noscript>Video can&#8217;t be loaded because JavaScript is disabled: <a href=\"https:\/\/vimeo.com\/1044575256\" title=\"Fit-im-Alltag_Teil-16\">Fit-im-Alltag_Teil-16 (https:\/\/vimeo.com\/1044575256)<\/a><\/noscript><\/div>\n<p>[\/et_pb_slide][et_pb_slide _builder_version=&#187;4.21.0&#8243; _module_preset=&#187;default&#187; global_colors_info=&#187;{}&#187; sticky_transition=&#187;on&#187;]<\/p>\n<div class=\"fitvidsignore\"><a href=\"https:\/\/vimeo.com\/1044575282\" id=\"1044575282\" class=\"lazy-load-vimeo preview-lazyload preview-vimeo\" data-video-uri=\"\/videos\/1044575282\" data-video-thumbnail=\"https:\/\/i.vimeocdn.com\/video\/1967999243-c8376ed04719d594aa04dcd657e3c2cc2ba55e4350ca53aa1a5c03407363fba8-d_960?region=us\" data-video-title=\"Fit-im-Alltag_Teil-17\" title='Play video \"Fit-im-Alltag_Teil-17\"'>https:\/\/vimeo.com\/1044575282<\/a><noscript>Video can&#8217;t be loaded because JavaScript is disabled: <a href=\"https:\/\/vimeo.com\/1044575282\" title=\"Fit-im-Alltag_Teil-17\">Fit-im-Alltag_Teil-17 (https:\/\/vimeo.com\/1044575282)<\/a><\/noscript><\/div>\n<p>[\/et_pb_slide][\/et_pb_slider][et_pb_blurb title=&#187;Physio\u00fcbungen zum Nachmachen&#187; _builder_version=&#187;4.21.0&#8243; _module_preset=&#187;default&#187; header_level=&#187;h2&#8243; header_text_color=&#187;gcid-6923d322-f017-4e31-910d-ca7089291c1e&#187; global_colors_info=&#187;{%22gcid-6923d322-f017-4e31-910d-ca7089291c1e%22:%91%22header_text_color%22%93}&#187;]Eine kleine \u00dcbung nach dem Aufstehen, in einer kurzen Pause oder vor dem Schlafengehen? Wir pr\u00e4sentieren Ihnen in 17 Clips verschiedene \u00dcbungen, welche Sie ganz einfach zu Hause nachmachen k\u00f6nnen.<br \/>\n[\/et_pb_blurb][\/et_pb_column][et_pb_column type=&#187;1_2&#8243; _builder_version=&#187;4.21.0&#8243; _module_preset=&#187;default&#187; global_colors_info=&#187;{}&#187;][et_pb_slider use_bg_overlay=&#187;off&#187; use_text_overlay=&#187;off&#187; dot_nav_custom_color=&#187;#b45ae6&#8243; admin_label=&#187;Slider Sch\u00f6nheit im Alter&#187; module_class=&#187;video-slider&#187; _builder_version=&#187;4.21.0&#8243; _module_preset=&#187;default&#187; background_color=&#187;#FFFFFF&#187; width=&#187;100%&#187; custom_margin=&#187;0px|0px|0px|0px|true|true&#187; custom_padding=&#187;0px|0px|60px|0px|false|true&#187; border_color_all_image=&#187;RGBA(255,255,255,0)&#187; global_colors_info=&#187;{}&#187;][et_pb_slide _builder_version=&#187;4.21.0&#8243; _module_preset=&#187;default&#187; global_colors_info=&#187;{}&#187; sticky_transition=&#187;on&#187;]<\/p>\n<div class=\"fitvidsignore\"><a href=\"https:\/\/vimeo.com\/1044576766\" id=\"1044576766\" class=\"lazy-load-vimeo preview-lazyload preview-vimeo\" data-video-uri=\"\/videos\/1044576766\" data-video-thumbnail=\"https:\/\/i.vimeocdn.com\/video\/1967997755-7e8c0cdf6540e9f43e071fde136024036b38b4f5a1aa65447eb69d3ba25467ed-d_960?region=us\" data-video-title=\"Sch&Atilde;&para;nheit im Alter: Was bedeutet Sch&Atilde;&para;nheit?\" title='Play video \"Sch&Atilde;&para;nheit im Alter: Was bedeutet Sch&Atilde;&para;nheit?\"'>https:\/\/vimeo.com\/1044576766<\/a><noscript>Video can&#8217;t be loaded because JavaScript is disabled: <a href=\"https:\/\/vimeo.com\/1044576766\" title=\"Sch&Atilde;&para;nheit im Alter: Was bedeutet Sch&Atilde;&para;nheit?\">Sch&Atilde;&para;nheit im Alter: Was bedeutet Sch&Atilde;&para;nheit? (https:\/\/vimeo.com\/1044576766)<\/a><\/noscript><\/div>\n<p>[\/et_pb_slide][et_pb_slide _builder_version=&#187;4.21.0&#8243; _module_preset=&#187;default&#187; global_colors_info=&#187;{}&#187; sticky_transition=&#187;on&#187;]<\/p>\n<div class=\"fitvidsignore\"><a href=\"https:\/\/vimeo.com\/1044576529\" id=\"1044576529\" class=\"lazy-load-vimeo preview-lazyload preview-vimeo\" data-video-uri=\"\/videos\/1044576529\" data-video-thumbnail=\"https:\/\/i.vimeocdn.com\/video\/1967997371-f256a7b7cb86e29dd2ec14014af50fe0179fb3c2e8a329f78525c1b10c5f442a-d_960?region=us\" data-video-title='\"Ich verw&Atilde;&para;hne mich selber.\"' title='Play video \"\"Ich verw&Atilde;&para;hne mich selber.\"\"'>https:\/\/vimeo.com\/1044576529<\/a><noscript>Video can&#8217;t be loaded because JavaScript is disabled: <a href=\"https:\/\/vimeo.com\/1044576529\" title='\"Ich verw&Atilde;&para;hne mich selber.\"'>&#171;Ich verw&Atilde;&para;hne mich selber.&#187; (https:\/\/vimeo.com\/1044576529)<\/a><\/noscript><\/div>\n<p>[\/et_pb_slide][et_pb_slide _builder_version=&#187;4.21.0&#8243; _module_preset=&#187;default&#187; global_colors_info=&#187;{}&#187; sticky_transition=&#187;on&#187;]<\/p>\n<div class=\"fitvidsignore\"><a href=\"https:\/\/vimeo.com\/1044576737\" id=\"1044576737\" class=\"lazy-load-vimeo preview-lazyload preview-vimeo\" data-video-uri=\"\/videos\/1044576737\" data-video-thumbnail=\"https:\/\/i.vimeocdn.com\/video\/1967997596-c09afec3394221fc18c8e906b3f689da8a45bf5b2c3d29bf0d19a511005bc166-d_960?region=us\" data-video-title='\"Menschen mit Ausstrahlung sind f&Atilde;&frac14;r mich sch&Atilde;&para;n.\"' title='Play video \"\"Menschen mit Ausstrahlung sind f&Atilde;&frac14;r mich sch&Atilde;&para;n.\"\"'>https:\/\/vimeo.com\/1044576737<\/a><noscript>Video can&#8217;t be loaded because JavaScript is disabled: <a href=\"https:\/\/vimeo.com\/1044576737\" title='\"Menschen mit Ausstrahlung sind f&Atilde;&frac14;r mich sch&Atilde;&para;n.\"'>&#171;Menschen mit Ausstrahlung sind f&Atilde;&frac14;r mich sch&Atilde;&para;n.&#187; (https:\/\/vimeo.com\/1044576737)<\/a><\/noscript><\/div>\n<p>[\/et_pb_slide][et_pb_slide _builder_version=&#187;4.21.0&#8243; _module_preset=&#187;default&#187; global_colors_info=&#187;{}&#187; sticky_transition=&#187;on&#187;]<\/p>\n<div class=\"fitvidsignore\"><a href=\"https:\/\/vimeo.com\/1044576569\" id=\"1044576569\" class=\"lazy-load-vimeo preview-lazyload preview-vimeo\" data-video-uri=\"\/videos\/1044576569\" data-video-thumbnail=\"https:\/\/i.vimeocdn.com\/video\/1967997448-604903e51cfb3ae2d475f98ecdb5fd462d2c93ea87251e3e46a54d5f9c1ee878-d_960?region=us\" data-video-title='\"Auch im Alter sollte man sich nicht gehenlassen.\"' title='Play video \"\"Auch im Alter sollte man sich nicht gehenlassen.\"\"'>https:\/\/vimeo.com\/1044576569<\/a><noscript>Video can&#8217;t be loaded because JavaScript is disabled: <a href=\"https:\/\/vimeo.com\/1044576569\" title='\"Auch im Alter sollte man sich nicht gehenlassen.\"'>&#171;Auch im Alter sollte man sich nicht gehenlassen.&#187; (https:\/\/vimeo.com\/1044576569)<\/a><\/noscript><\/div>\n<p>[\/et_pb_slide][et_pb_slide _builder_version=&#187;4.21.0&#8243; _module_preset=&#187;default&#187; global_colors_info=&#187;{}&#187; sticky_transition=&#187;on&#187;]<\/p>\n<div class=\"fitvidsignore\"><a href=\"https:\/\/vimeo.com\/1044576482\" id=\"1044576482\" class=\"lazy-load-vimeo preview-lazyload preview-vimeo\" data-video-uri=\"\/videos\/1044576482\" data-video-thumbnail=\"https:\/\/i.vimeocdn.com\/video\/1967997737-8a584a92dd7c6e2312511ed2aefed6ad01404a42fc4f4dc9b56b4bfa8e519f4a-d_960?region=us\" data-video-title='\"In jeder Kultur wird Sch&Atilde;&para;nheit anders definiert.\"' title='Play video \"\"In jeder Kultur wird Sch&Atilde;&para;nheit anders definiert.\"\"'>https:\/\/vimeo.com\/1044576482<\/a><noscript>Video can&#8217;t be loaded because JavaScript is disabled: <a href=\"https:\/\/vimeo.com\/1044576482\" title='\"In jeder Kultur wird Sch&Atilde;&para;nheit anders definiert.\"'>&#171;In jeder Kultur wird Sch&Atilde;&para;nheit anders definiert.&#187; (https:\/\/vimeo.com\/1044576482)<\/a><\/noscript><\/div>\n<p>[\/et_pb_slide][et_pb_slide _builder_version=&#187;4.21.0&#8243; _module_preset=&#187;default&#187; global_colors_info=&#187;{}&#187; sticky_transition=&#187;on&#187;]<\/p>\n<div class=\"fitvidsignore\"><a href=\"https:\/\/vimeo.com\/1044576655\" id=\"1044576655\" class=\"lazy-load-vimeo preview-lazyload preview-vimeo\" data-video-uri=\"\/videos\/1044576655\" data-video-thumbnail=\"https:\/\/i.vimeocdn.com\/video\/1967997546-d48f4d4aa72ea5c2462ffd1b6ef36c771567ea064d66772c9aa43245b42f0d5d-d_960?region=us\" data-video-title='\"Sch&Atilde;&para;nheit im Alter heisst zufrieden mich sich selbst zu sein\"' title='Play video \"\"Sch&Atilde;&para;nheit im Alter heisst zufrieden mich sich selbst zu sein\"\"'>https:\/\/vimeo.com\/1044576655<\/a><noscript>Video can&#8217;t be loaded because JavaScript is disabled: <a href=\"https:\/\/vimeo.com\/1044576655\" title='\"Sch&Atilde;&para;nheit im Alter heisst zufrieden mich sich selbst zu sein\"'>&#171;Sch&Atilde;&para;nheit im Alter heisst zufrieden mich sich selbst zu sein&#187; (https:\/\/vimeo.com\/1044576655)<\/a><\/noscript><\/div>\n<p>[\/et_pb_slide][et_pb_slide _builder_version=&#187;4.21.0&#8243; _module_preset=&#187;default&#187; global_colors_info=&#187;{}&#187; sticky_transition=&#187;on&#187;]<\/p>\n<div class=\"fitvidsignore\"><a href=\"https:\/\/vimeo.com\/1044576422\" id=\"1044576422\" class=\"lazy-load-vimeo preview-lazyload preview-vimeo\" data-video-uri=\"\/videos\/1044576422\" data-video-thumbnail=\"https:\/\/i.vimeocdn.com\/video\/1967997256-ad8937cc8479c7b74db11f41e35d11e83ac812dc78f0a0d103f84bf392a1882b-d_960?region=us\" data-video-title='\"Mir ist Empathie wichtiger als ein Filmstargesicht.\"' title='Play video \"\"Mir ist Empathie wichtiger als ein Filmstargesicht.\"\"'>https:\/\/vimeo.com\/1044576422<\/a><noscript>Video can&#8217;t be loaded because JavaScript is disabled: <a href=\"https:\/\/vimeo.com\/1044576422\" title='\"Mir ist Empathie wichtiger als ein Filmstargesicht.\"'>&#171;Mir ist Empathie wichtiger als ein Filmstargesicht.&#187; (https:\/\/vimeo.com\/1044576422)<\/a><\/noscript><\/div>\n<p>[\/et_pb_slide][et_pb_slide _builder_version=&#187;4.21.0&#8243; _module_preset=&#187;default&#187; global_colors_info=&#187;{}&#187; sticky_transition=&#187;on&#187;]<\/p>\n<div class=\"fitvidsignore\"><a href=\"https:\/\/vimeo.com\/1044576619\" id=\"1044576619\" class=\"lazy-load-vimeo preview-lazyload preview-vimeo\" data-video-uri=\"\/videos\/1044576619\" data-video-thumbnail=\"https:\/\/i.vimeocdn.com\/video\/1967997667-98d85ea4b8edd040235489d0bb874206454a21b3e564adec2fd1950f00f5f0d0-d_960?region=us\" data-video-title='\"Etwas was mich beeindruckt finde ich sch&Atilde;&para;n.\"' title='Play video \"\"Etwas was mich beeindruckt finde ich sch&Atilde;&para;n.\"\"'>https:\/\/vimeo.com\/1044576619<\/a><noscript>Video can&#8217;t be loaded because JavaScript is disabled: <a href=\"https:\/\/vimeo.com\/1044576619\" title='\"Etwas was mich beeindruckt finde ich sch&Atilde;&para;n.\"'>&#171;Etwas was mich beeindruckt finde ich sch&Atilde;&para;n.&#187; (https:\/\/vimeo.com\/1044576619)<\/a><\/noscript><\/div>\n<p>[\/et_pb_slide][\/et_pb_slider][et_pb_blurb title=&#187;Sch\u00f6nheit im Alter: Was bedeutet sch\u00f6n?&#187; _builder_version=&#187;4.21.0&#8243; _module_preset=&#187;default&#187; header_level=&#187;h2&#8243; header_text_color=&#187;gcid-6923d322-f017-4e31-910d-ca7089291c1e&#187; global_colors_info=&#187;{%22gcid-6923d322-f017-4e31-910d-ca7089291c1e%22:%91%22header_text_color%22%93}&#187;]Was wir unter \u201esch\u00f6n\u201c verstehen, ist sehr individuell und deshalb nicht ganz leicht zu beantworten. Das sagen die Bewohner:innen und Mitarbeiter:innen der Adullam Stiftung zum Thema Sch\u00f6nheit im Alter.<br \/>\n[\/et_pb_blurb][\/et_pb_column][\/et_pb_row][et_pb_row column_structure=&#187;1_2,1_2&#8243; _builder_version=&#187;4.21.0&#8243; _module_preset=&#187;default&#187; global_colors_info=&#187;{}&#187;][et_pb_column type=&#187;1_2&#8243; _builder_version=&#187;4.21.0&#8243; _module_preset=&#187;default&#187; global_colors_info=&#187;{}&#187;][et_pb_text admin_label=&#187;Lisbeth Ernst2&#8243; _builder_version=&#187;4.21.0&#8243; _module_preset=&#187;default&#187; global_colors_info=&#187;{}&#187;]<\/p>\n<div class=\"fitvidsignore\"><a href=\"https:\/\/vimeo.com\/1044652137\" id=\"1044652137\" class=\"lazy-load-vimeo preview-lazyload preview-vimeo\" data-video-uri=\"\/videos\/1044652137\" data-video-thumbnail=\"https:\/\/i.vimeocdn.com\/video\/1968101438-73eac1e0165cde267757d32b9f113079178615d89da8ff1c5690d1681e36bb9e-d_960?region=us\" data-video-title=\"Lisbeth Ernst erza&Igrave;&#136;hlt aus ihrem bewegten Leben\" title='Play video \"Lisbeth Ernst erza&Igrave;&#136;hlt aus ihrem bewegten Leben\"'>https:\/\/vimeo.com\/1044652137<\/a><noscript>Video can&#8217;t be loaded because JavaScript is disabled: <a href=\"https:\/\/vimeo.com\/1044652137\" title=\"Lisbeth Ernst erza&Igrave;&#136;hlt aus ihrem bewegten Leben\">Lisbeth Ernst erza&Igrave;&#136;hlt aus ihrem bewegten Leben (https:\/\/vimeo.com\/1044652137)<\/a><\/noscript><\/div>\n<p>[\/et_pb_text][et_pb_blurb title=&#187;Lisbeth Ernst erz\u00e4hlt aus ihrem bewegten Leben&#187; _builder_version=&#187;4.21.0&#8243; _module_preset=&#187;default&#187; header_level=&#187;h2&#8243; header_text_color=&#187;gcid-6923d322-f017-4e31-910d-ca7089291c1e&#187; global_colors_info=&#187;{%22gcid-6923d322-f017-4e31-910d-ca7089291c1e%22:%91%22header_text_color%22%93}&#187;]<\/p>\n<p>In ihrem Leben hat Lisbeth Ernst die Welt gesehen und die grossen Opernh\u00e4user besucht. Heute lebt sie im Adullam Pflegezentrum Basel und erz\u00e4hlt uns aus ihrem bewegten Leben.<\/p>\n<p>[\/et_pb_blurb][\/et_pb_column][et_pb_column type=&#187;1_2&#8243; _builder_version=&#187;4.21.0&#8243; _module_preset=&#187;default&#187; global_colors_info=&#187;{}&#187;][et_pb_text admin_label=&#187;Liesbeth Ernst1&#8243; _builder_version=&#187;4.21.0&#8243; _module_preset=&#187;default&#187; global_colors_info=&#187;{}&#187;]<\/p>\n<div class=\"fitvidsignore\"><a href=\"https:\/\/vimeo.com\/1044652187\" id=\"1044652187\" class=\"lazy-load-vimeo preview-lazyload preview-vimeo\" data-video-uri=\"\/videos\/1044652187\" data-video-thumbnail=\"https:\/\/i.vimeocdn.com\/video\/1968101723-c28d51d9af4264e3dc4961849e50388a898ddb67fc0966d9fb358830e7182dce-d_960?region=us\" data-video-title=\"Lisbeth Ernst u&Igrave;&#136;ber die Vergangenheit und die Gegenwart\" title='Play video \"Lisbeth Ernst u&Igrave;&#136;ber die Vergangenheit und die Gegenwart\"'>https:\/\/vimeo.com\/1044652187<\/a><noscript>Video can&#8217;t be loaded because JavaScript is disabled: <a href=\"https:\/\/vimeo.com\/1044652187\" title=\"Lisbeth Ernst u&Igrave;&#136;ber die Vergangenheit und die Gegenwart\">Lisbeth Ernst u&Igrave;&#136;ber die Vergangenheit und die Gegenwart (https:\/\/vimeo.com\/1044652187)<\/a><\/noscript><\/div>\n<p>[\/et_pb_text][et_pb_blurb title=&#187;Lisbeth Ernst \u00fcber die Vergangenheit und die Gegenwart&#187; _builder_version=&#187;4.21.0&#8243; _module_preset=&#187;default&#187; header_level=&#187;h2&#8243; header_text_color=&#187;gcid-6923d322-f017-4e31-910d-ca7089291c1e&#187; global_colors_info=&#187;{%22gcid-6923d322-f017-4e31-910d-ca7089291c1e%22:%91%22header_text_color%22%93}&#187;]<\/p>\n<p>&#171;Man kann nicht sagen, nur die alte Zeit war gut. Es ist auch in der neuen Zeit viel Gutes gekommen&#187;, findet Lisbeth Ernst. Heute lebt sie im Adullam Pflegezentrum in Basel und l\u00e4sst uns an ihren Gedanken teilhaben.<\/p>\n<p>[\/et_pb_blurb][\/et_pb_column][\/et_pb_row][et_pb_row column_structure=&#187;1_2,1_2&#8243; _builder_version=&#187;4.21.0&#8243; _module_preset=&#187;default&#187; global_colors_info=&#187;{}&#187;][et_pb_column type=&#187;1_2&#8243; _builder_version=&#187;4.21.0&#8243; _module_preset=&#187;default&#187; global_colors_info=&#187;{}&#187;][et_pb_text admin_label=&#187;Aufsichtsbesuch&#187; _builder_version=&#187;4.21.0&#8243; _module_preset=&#187;default&#187; global_colors_info=&#187;{}&#187;]<\/p>\n<div class=\"fitvidsignore\"><a href=\"https:\/\/vimeo.com\/1009061503\" id=\"1009061503\" class=\"lazy-load-vimeo preview-lazyload preview-vimeo\" data-video-uri=\"\/videos\/1009061503\" data-video-thumbnail=\"https:\/\/i.vimeocdn.com\/video\/1967996637-ed70004f1a3b1aa628cdef12fcb5ee7c730d826eb70ff3f958c1b3fd98e6d6c1-d_960?region=us\" data-video-title=\"Impressionen vom Aufsichtsbesuch im Adullam Pflegezentrum Basel\" title='Play video \"Impressionen vom Aufsichtsbesuch im Adullam Pflegezentrum Basel\"'>https:\/\/vimeo.com\/1009061503<\/a><noscript>Video can&#8217;t be loaded because JavaScript is disabled: <a href=\"https:\/\/vimeo.com\/1009061503\" title=\"Impressionen vom Aufsichtsbesuch im Adullam Pflegezentrum Basel\">Impressionen vom Aufsichtsbesuch im Adullam Pflegezentrum Basel (https:\/\/vimeo.com\/1009061503)<\/a><\/noscript><\/div>\n<p>[\/et_pb_text][et_pb_blurb title=&#187;Eine sch\u00f6ne R\u00fcckmeldung in Bildern&#187; _builder_version=&#187;4.21.0&#8243; _module_preset=&#187;default&#187; header_level=&#187;h2&#8243; header_text_color=&#187;gcid-6923d322-f017-4e31-910d-ca7089291c1e&#187; global_colors_info=&#187;{%22gcid-6923d322-f017-4e31-910d-ca7089291c1e%22:%91%22header_text_color%22%93}&#187;]<\/p>\n<p>In diesem Jahr stand wieder ein Aufsichtsbesuch des Gesundheitsdepartements des Kantons Basel-Stadt an. Vier Expertinnen der Abteilung Langzeitpflege besichtigten und begutachteten das Adullam Pflegezentrum in Basel. Erstmals durften wir die Expertinnen mit der Kamera begleiten und die Leiterin des Aufsichtsbesuches, Claudia Portner, interviewen.<\/p>\n<p>[\/et_pb_blurb][\/et_pb_column][et_pb_column type=&#187;1_2&#8243; _builder_version=&#187;4.21.0&#8243; _module_preset=&#187;default&#187; global_colors_info=&#187;{}&#187;][et_pb_text admin_label=&#187;Sozialh\u00fcndin Cleo &#187; _builder_version=&#187;4.21.0&#8243; _module_preset=&#187;default&#187; global_colors_info=&#187;{}&#187;]<\/p>\n<div class=\"fitvidsignore\"><a href=\"https:\/\/vimeo.com\/1009061279\" id=\"1009061279\" class=\"lazy-load-vimeo preview-lazyload preview-vimeo\" data-video-uri=\"\/videos\/1009061279\" data-video-thumbnail=\"https:\/\/i.vimeocdn.com\/video\/1967989239-b3a5519889d7080b7ce32f237ac4a449a1e7f6033ab49bcf06eef819b6e98e83-d_960?region=us\" data-video-title=\"Sozialh&Atilde;&frac14;ndin Cleo bereichert den Alltag im Adullam Pflegezentrum Basel\" title='Play video \"Sozialh&Atilde;&frac14;ndin Cleo bereichert den Alltag im Adullam Pflegezentrum Basel\"'>https:\/\/vimeo.com\/1009061279<\/a><noscript>Video can&#8217;t be loaded because JavaScript is disabled: <a href=\"https:\/\/vimeo.com\/1009061279\" title=\"Sozialh&Atilde;&frac14;ndin Cleo bereichert den Alltag im Adullam Pflegezentrum Basel\">Sozialh&Atilde;&frac14;ndin Cleo bereichert den Alltag im Adullam Pflegezentrum Basel (https:\/\/vimeo.com\/1009061279)<\/a><\/noscript><\/div>\n<p>[\/et_pb_text][et_pb_blurb title=&#187;Sozialh\u00fcndin Cleo bereichert den Alltag im Adullam Pflegezentrum Basel&#187; _builder_version=&#187;4.21.0&#8243; _module_preset=&#187;default&#187; header_level=&#187;h2&#8243; header_text_color=&#187;gcid-6923d322-f017-4e31-910d-ca7089291c1e&#187; global_colors_info=&#187;{%22gcid-6923d322-f017-4e31-910d-ca7089291c1e%22:%91%22header_text_color%22%93}&#187;]<\/p>\n<p><span id=\"snippet-text\" class=\"style-scope ytd-text-inline-expander\"><span class=\"yt-core-attributed-string yt-core-attributed-string--white-space-pre-wrap\" role=\"text\"><span class=\"yt-core-attributed-string--link-inherit-color\">Sozialh\u00fcndin Cleo ist mittlerweile ein fester Bestandteil im Adullam Pflegezentrum in Basel. Regelm\u00e4ssig zaubert sie den Bewohner:innen ein L\u00e4cheln ins Gesicht und sorgt f\u00fcr Bewegung und Emotionen.<\/span><\/span><\/span><span class=\"style-scope ytd-text-inline-expander\">\u00a0<\/span><\/p>\n<p>[\/et_pb_blurb][\/et_pb_column][\/et_pb_row][et_pb_row column_structure=&#187;1_2,1_2&#8243; _builder_version=&#187;4.21.0&#8243; _module_preset=&#187;default&#187; global_colors_info=&#187;{}&#187;][et_pb_column type=&#187;1_2&#8243; _builder_version=&#187;4.21.0&#8243; _module_preset=&#187;default&#187; global_colors_info=&#187;{}&#187;][et_pb_text admin_label=&#187;Edmund Dietz 2&#8243; _builder_version=&#187;4.21.0&#8243; _module_preset=&#187;default&#187; global_colors_info=&#187;{}&#187;]<\/p>\n<div class=\"fitvidsignore\"><a href=\"https:\/\/vimeo.com\/1009061123\" id=\"1009061123\" class=\"lazy-load-vimeo preview-lazyload preview-vimeo\" data-video-uri=\"\/videos\/1009061123\" data-video-thumbnail=\"https:\/\/i.vimeocdn.com\/video\/1967987259-78ab28e6f5327ffa3cdee8ac149c7146312b5abf60b9220e271b6b29c77d7725-d_960?region=us\" data-video-title=\"Edmund Dietz zeigt uns sein Atelier\" title='Play video \"Edmund Dietz zeigt uns sein Atelier\"'>https:\/\/vimeo.com\/1009061123<\/a><noscript>Video can&#8217;t be loaded because JavaScript is disabled: <a href=\"https:\/\/vimeo.com\/1009061123\" title=\"Edmund Dietz zeigt uns sein Atelier\">Edmund Dietz zeigt uns sein Atelier (https:\/\/vimeo.com\/1009061123)<\/a><\/noscript><\/div>\n<p>[\/et_pb_text][et_pb_blurb title=&#187;Edmund Dietz zeigt uns sein Atelier&#187; _builder_version=&#187;4.21.0&#8243; _module_preset=&#187;default&#187; header_level=&#187;h2&#8243; header_text_color=&#187;gcid-6923d322-f017-4e31-910d-ca7089291c1e&#187; global_colors_info=&#187;{%22gcid-6923d322-f017-4e31-910d-ca7089291c1e%22:%91%22header_text_color%22%93}&#187;]<\/p>\n<p>In seinem Atelier findet Edmund Dietz den perfekten Ausgleich zu seinem Arbeitsalltag. Und das ist auch nicht verwunderlich. Folge ihm in das Atelier und entdecke seine Welt.<\/p>\n<p>[\/et_pb_blurb][\/et_pb_column][et_pb_column type=&#187;1_2&#8243; _builder_version=&#187;4.21.0&#8243; _module_preset=&#187;default&#187; global_colors_info=&#187;{}&#187;][et_pb_text admin_label=&#187;Edmund Dietz 1&#8243; _builder_version=&#187;4.21.0&#8243; _module_preset=&#187;default&#187; global_colors_info=&#187;{}&#187;]<\/p>\n<div class=\"fitvidsignore\"><a href=\"https:\/\/vimeo.com\/1009060897\" id=\"1009060897\" class=\"lazy-load-vimeo preview-lazyload preview-vimeo\" data-video-uri=\"\/videos\/1009060897\" data-video-thumbnail=\"https:\/\/i.vimeocdn.com\/video\/1967986895-9549415b4182828c7be11f6e91fffb783a9b5c0df51d99f715414e64c47243e9-d_960?region=us\" data-video-title=\"Edmund Dietz spricht &Atilde;&frac14;ber seine Arbeit\" title='Play video \"Edmund Dietz spricht &Atilde;&frac14;ber seine Arbeit\"'>https:\/\/vimeo.com\/1009060897<\/a><noscript>Video can&#8217;t be loaded because JavaScript is disabled: <a href=\"https:\/\/vimeo.com\/1009060897\" title=\"Edmund Dietz spricht &Atilde;&frac14;ber seine Arbeit\">Edmund Dietz spricht &Atilde;&frac14;ber seine Arbeit (https:\/\/vimeo.com\/1009060897)<\/a><\/noscript><\/div>\n<p>[\/et_pb_text][et_pb_blurb title=&#187;Edmund Dietz spricht \u00fcber seine Arbeit&#187; _builder_version=&#187;4.21.0&#8243; _module_preset=&#187;default&#187; header_level=&#187;h2&#8243; header_text_color=&#187;gcid-6923d322-f017-4e31-910d-ca7089291c1e&#187; global_colors_info=&#187;{%22gcid-6923d322-f017-4e31-910d-ca7089291c1e%22:%91%22header_text_color%22%93}&#187;]<\/p>\n<p>Edmund Dietz ist Pflegeexperte im Adullam und er brennt f\u00fcr seine Arbeit. Warum das so ist erz\u00e4hlt er in diesem Clip.<\/p>\n<p>[\/et_pb_blurb][\/et_pb_column][\/et_pb_row][et_pb_row column_structure=&#187;1_2,1_2&#8243; _builder_version=&#187;4.21.0&#8243; _module_preset=&#187;default&#187; global_colors_info=&#187;{}&#187;][et_pb_column type=&#187;1_2&#8243; _builder_version=&#187;4.21.0&#8243; _module_preset=&#187;default&#187; global_colors_info=&#187;{}&#187;][et_pb_text admin_label=&#187;Brigitte Fitze2&#8243; _builder_version=&#187;4.21.0&#8243; _module_preset=&#187;default&#187; global_colors_info=&#187;{}&#187;]<\/p>\n<div class=\"fitvidsignore\"><a href=\"https:\/\/vimeo.com\/1044353940\" id=\"1044353940\" class=\"lazy-load-vimeo preview-lazyload preview-vimeo\" data-video-uri=\"\/videos\/1044353940\" data-video-thumbnail=\"https:\/\/i.vimeocdn.com\/video\/1967737415-ce65de10ebf20d1095103a32c12ee5194d80ac5c38fb1af70f99c5bc9fa9e348-d_960?region=us\" data-video-title=\"Ober&Atilde;&curren;rztin Dr. med. Brigitte Fitze &Atilde;&frac14;ber ihren Weg in die Geriatrie\" title='Play video \"Ober&Atilde;&curren;rztin Dr. med. Brigitte Fitze &Atilde;&frac14;ber ihren Weg in die Geriatrie\"'>https:\/\/vimeo.com\/1044353940<\/a><noscript>Video can&#8217;t be loaded because JavaScript is disabled: <a href=\"https:\/\/vimeo.com\/1044353940\" title=\"Ober&Atilde;&curren;rztin Dr. med. Brigitte Fitze &Atilde;&frac14;ber ihren Weg in die Geriatrie\">Ober&Atilde;&curren;rztin Dr. med. Brigitte Fitze &Atilde;&frac14;ber ihren Weg in die Geriatrie (https:\/\/vimeo.com\/1044353940)<\/a><\/noscript><\/div>\n<p>[\/et_pb_text][et_pb_blurb title=&#187;Ober\u00e4rztin Dr. med. Brigitte Fitze \u00fcber ihren Weg zur Geriatrie&#187; _builder_version=&#187;4.21.0&#8243; _module_preset=&#187;default&#187; header_level=&#187;h2&#8243; header_text_color=&#187;gcid-6923d322-f017-4e31-910d-ca7089291c1e&#187; global_colors_info=&#187;{%22gcid-6923d322-f017-4e31-910d-ca7089291c1e%22:%91%22header_text_color%22%93}&#187;]<\/p>\n<p>Dr. med. Brigitte Fitze ist Ober\u00e4rztin im Adullam Spital Basel. Warum sie gerne mit betagten Menschen arbeitet erz\u00e4hlt sie in diesem Clip.<\/p>\n<p>[\/et_pb_blurb][\/et_pb_column][et_pb_column type=&#187;1_2&#8243; _builder_version=&#187;4.21.0&#8243; _module_preset=&#187;default&#187; global_colors_info=&#187;{}&#187;][et_pb_text admin_label=&#187;Brigitte Fitze&#187; _builder_version=&#187;4.21.0&#8243; _module_preset=&#187;default&#187; global_colors_info=&#187;{}&#187;]<\/p>\n<div class=\"fitvidsignore\"><a href=\"https:\/\/vimeo.com\/1044354105\" id=\"1044354105\" class=\"lazy-load-vimeo preview-lazyload preview-vimeo\" data-video-uri=\"\/videos\/1044354105\" data-video-thumbnail=\"https:\/\/i.vimeocdn.com\/video\/1967738147-204453d167b0141430bd1b9f23b48578be84ca3f140d6efa4485f77707f9b15c-d_960?region=us\" data-video-title=\"Ober&Atilde;&curren;rztin Dr. med. Brigitte Fitze &Atilde;&frac14;ber einen besonderen Moment bei der Arbeit\" title='Play video \"Ober&Atilde;&curren;rztin Dr. med. Brigitte Fitze &Atilde;&frac14;ber einen besonderen Moment bei der Arbeit\"'>https:\/\/vimeo.com\/1044354105<\/a><noscript>Video can&#8217;t be loaded because JavaScript is disabled: <a href=\"https:\/\/vimeo.com\/1044354105\" title=\"Ober&Atilde;&curren;rztin Dr. med. Brigitte Fitze &Atilde;&frac14;ber einen besonderen Moment bei der Arbeit\">Ober&Atilde;&curren;rztin Dr. med. Brigitte Fitze &Atilde;&frac14;ber einen besonderen Moment bei der Arbeit (https:\/\/vimeo.com\/1044354105)<\/a><\/noscript><\/div>\n<p>[\/et_pb_text][et_pb_blurb title=&#187;Ober\u00e4rztin Dr. med. Brigitte Fitze \u00fcber einen besonderen Moment bei der Arbeit.&#187; _builder_version=&#187;4.21.0&#8243; _module_preset=&#187;default&#187; header_level=&#187;h2&#8243; header_text_color=&#187;gcid-6923d322-f017-4e31-910d-ca7089291c1e&#187; global_colors_info=&#187;{%22gcid-6923d322-f017-4e31-910d-ca7089291c1e%22:%91%22header_text_color%22%93}&#187;]<\/p>\n<p>Als \u00c4rztin arbeitet Dr. med. Brigitte Fitze eng mit ihren Patient:innen zusammen. In diesem Clip l\u00e4sst sie uns an an einem besonderen Moment teilhaben.<\/p>\n<p>[\/et_pb_blurb][\/et_pb_column][\/et_pb_row][et_pb_row column_structure=&#187;1_2,1_2&#8243; _builder_version=&#187;4.21.0&#8243; _module_preset=&#187;default&#187; global_colors_info=&#187;{}&#187;][et_pb_column type=&#187;1_2&#8243; _builder_version=&#187;4.21.0&#8243; _module_preset=&#187;default&#187; global_colors_info=&#187;{}&#187;][et_pb_text admin_label=&#187;Gerne per Du&#187; _builder_version=&#187;4.21.0&#8243; _module_preset=&#187;default&#187; global_colors_info=&#187;{}&#187;]<\/p>\n<div class=\"fitvidsignore\"><a href=\"https:\/\/vimeo.com\/1008522871\" id=\"1008522871\" class=\"lazy-load-vimeo preview-lazyload preview-vimeo\" data-video-uri=\"\/videos\/1008522871\" data-video-thumbnail=\"https:\/\/i.vimeocdn.com\/video\/1925569244-48738fcd6be7106aeef4011fc1af97f0675e5767a080bbfc2d5df0f92cde142a-d_960?region=us\" data-video-title=\"Gerne per Du\" title='Play video \"Gerne per Du\"'>https:\/\/vimeo.com\/1008522871<\/a><noscript>Video can&#8217;t be loaded because JavaScript is disabled: <a href=\"https:\/\/vimeo.com\/1008522871\" title=\"Gerne per Du\">Gerne per Du (https:\/\/vimeo.com\/1008522871)<\/a><\/noscript><\/div>\n<p>[\/et_pb_text][et_pb_blurb title=&#187;#gerneperDu&#187; _builder_version=&#187;4.21.0&#8243; _module_preset=&#187;default&#187; header_level=&#187;h2&#8243; header_text_color=&#187;gcid-6923d322-f017-4e31-910d-ca7089291c1e&#187; global_colors_info=&#187;{%22gcid-6923d322-f017-4e31-910d-ca7089291c1e%22:%91%22header_text_color%22%93}&#187;]<\/p>\n<p>In der Adullam-Stifung sind wir gerne per du. Wir kommunizieren, wie wir auch sind: pers\u00f6nlich, nahbar und menschlich.<\/p>\n<p>[\/et_pb_blurb][\/et_pb_column][et_pb_column type=&#187;1_2&#8243; _builder_version=&#187;4.21.0&#8243; _module_preset=&#187;default&#187; global_colors_info=&#187;{}&#187;][et_pb_text admin_label=&#187;Regenass1&#8243; _builder_version=&#187;4.21.0&#8243; _module_preset=&#187;default&#187; global_colors_info=&#187;{}&#187;]<\/p>\n<div class=\"fitvidsignore\"><a href=\"https:\/\/vimeo.com\/1044568316\" id=\"1044568316\" class=\"lazy-load-vimeo preview-lazyload preview-vimeo\" data-video-uri=\"\/videos\/1044568316\" data-video-thumbnail=\"https:\/\/i.vimeocdn.com\/video\/1967988490-39b5463e1b28bcda0b0e9b476c412cd41e3861b1e2ef01a2aed2057091cc84f8-d_960?region=us\" data-video-title=\"Rene Regenass erz&Atilde;&curren;hlt aus seinem Leben\" title='Play video \"Rene Regenass erz&Atilde;&curren;hlt aus seinem Leben\"'>https:\/\/vimeo.com\/1044568316<\/a><noscript>Video can&#8217;t be loaded because JavaScript is disabled: <a href=\"https:\/\/vimeo.com\/1044568316\" title=\"Rene Regenass erz&Atilde;&curren;hlt aus seinem Leben\">Rene Regenass erz&Atilde;&curren;hlt aus seinem Leben (https:\/\/vimeo.com\/1044568316)<\/a><\/noscript><\/div>\n<p>[\/et_pb_text][et_pb_blurb title=&#187;Ren\u00e9 Regenass erz\u00e4hlt aus seinem Leben&#187; admin_label=&#187;Blurb Regenass1&#8243; _builder_version=&#187;4.21.0&#8243; _module_preset=&#187;default&#187; header_level=&#187;h2&#8243; header_text_color=&#187;gcid-6923d322-f017-4e31-910d-ca7089291c1e&#187; global_colors_info=&#187;{%22gcid-6923d322-f017-4e31-910d-ca7089291c1e%22:%91%22header_text_color%22%93}&#187;]<\/p>\n<p>Der Schweizer Schriftsteller Ren\u00e9 Regenass (\u2020 20.11. 2024) hat sich im Adullam Pflegezentrum in Basel sehr wohl gef\u00fchlt. In diesem Clip erz\u00e4hlt er aus seinem Leben und wie es ihm dort ging.<\/p>\n<p>[\/et_pb_blurb][\/et_pb_column][\/et_pb_row][et_pb_row column_structure=&#187;1_2,1_2&#8243; _builder_version=&#187;4.21.0&#8243; _module_preset=&#187;default&#187; global_colors_info=&#187;{}&#187;][et_pb_column type=&#187;1_2&#8243; _builder_version=&#187;4.21.0&#8243; _module_preset=&#187;default&#187; global_colors_info=&#187;{}&#187;][et_pb_text admin_label=&#187;Regenass literarisches Schaffen&#187; _builder_version=&#187;4.21.0&#8243; _module_preset=&#187;default&#187; global_colors_info=&#187;{}&#187;]<\/p>\n<div class=\"fitvidsignore\"><a href=\"https:\/\/vimeo.com\/1044568218\" id=\"1044568218\" class=\"lazy-load-vimeo preview-lazyload preview-vimeo\" data-video-uri=\"\/videos\/1044568218\" data-video-thumbnail=\"https:\/\/i.vimeocdn.com\/video\/1967988116-bad9f1de174a3b4a58e652aeb45a90c8b635920173ec8b2cdb8fb1fa9f2637a8-d_960?region=us\" data-video-title=\"Ren&Atilde;&copy; Regenass &Atilde;&frac14;ber sein literarisches Schaffen\" title='Play video \"Ren&Atilde;&copy; Regenass &Atilde;&frac14;ber sein literarisches Schaffen\"'>https:\/\/vimeo.com\/1044568218<\/a><noscript>Video can&#8217;t be loaded because JavaScript is disabled: <a href=\"https:\/\/vimeo.com\/1044568218\" title=\"Ren&Atilde;&copy; Regenass &Atilde;&frac14;ber sein literarisches Schaffen\">Ren&Atilde;&copy; Regenass &Atilde;&frac14;ber sein literarisches Schaffen (https:\/\/vimeo.com\/1044568218)<\/a><\/noscript><\/div>\n<p>[\/et_pb_text][et_pb_blurb title=&#187;Ren\u00e9 Regenass \u00fcber sein literarisches Schaffen&#187; _builder_version=&#187;4.21.0&#8243; _module_preset=&#187;default&#187; header_level=&#187;h2&#8243; header_text_color=&#187;gcid-6923d322-f017-4e31-910d-ca7089291c1e&#187; global_colors_info=&#187;{%22gcid-6923d322-f017-4e31-910d-ca7089291c1e%22:%91%22header_text_color%22%93}&#187;]<\/p>\n<p>Der Schweizer Schriftsteller Ren\u00e9 Regenass (\u2020 20.11. 2024) war lange Zeit im Adullam zuhause. <span class=\"yt-core-attributed-string yt-core-attributed-string--white-space-pre-wrap\" role=\"text\"><span class=\"yt-core-attributed-string--link-inherit-color\">In diesem Clip erz\u00e4hlt er aus seinem Leben als Schriftsteller.<\/span><\/span><\/p>\n<p>[\/et_pb_blurb][\/et_pb_column][et_pb_column type=&#187;1_2&#8243; _builder_version=&#187;4.21.0&#8243; _module_preset=&#187;default&#187; global_colors_info=&#187;{}&#187;][et_pb_text admin_label=&#187;Lukas Speiser&#187; _builder_version=&#187;4.21.0&#8243; _module_preset=&#187;default&#187; global_colors_info=&#187;{}&#187;]<\/p>\n<div class=\"fitvidsignore\"><a href=\"https:\/\/vimeo.com\/1044576906\" id=\"1044576906\" class=\"lazy-load-vimeo preview-lazyload preview-vimeo\" data-video-uri=\"\/videos\/1044576906\" data-video-thumbnail=\"https:\/\/i.vimeocdn.com\/video\/1967998895-39401ef7b02829811aadd10799fa60fcf3d6f57ea14d41946ed6bdb8ce8cfd0b-d_960?region=us\" data-video-title=\"Musizieren mit Bewohner:innen\" title='Play video \"Musizieren mit Bewohner:innen\"'>https:\/\/vimeo.com\/1044576906<\/a><noscript>Video can&#8217;t be loaded because JavaScript is disabled: <a href=\"https:\/\/vimeo.com\/1044576906\" title=\"Musizieren mit Bewohner:innen\">Musizieren mit Bewohner:innen (https:\/\/vimeo.com\/1044576906)<\/a><\/noscript><\/div>\n<p>[\/et_pb_text][et_pb_blurb title=&#187;Musizieren mit Bewohner:innen&#187; _builder_version=&#187;4.21.0&#8243; _module_preset=&#187;default&#187; header_level=&#187;h2&#8243; header_text_color=&#187;gcid-6923d322-f017-4e31-910d-ca7089291c1e&#187; global_colors_info=&#187;{%22gcid-6923d322-f017-4e31-910d-ca7089291c1e%22:%91%22header_text_color%22%93}&#187;]<\/p>\n<p>Sozialberatung und Aktivierung &#8211; das sind die T\u00e4tigkeitsfelder von Lucas Speiser in der Adullam-Stiftung. Regelm\u00e4ssig musiziert er mit den Bewohner:innen des Pflegezentrums. Warum er das tut und was ihm das bedeutet, erz\u00e4hlt er in diesem Clip.<\/p>\n<p>[\/et_pb_blurb][\/et_pb_column][\/et_pb_row][et_pb_row column_structure=&#187;1_2,1_2&#8243; _builder_version=&#187;4.21.0&#8243; _module_preset=&#187;default&#187; global_colors_info=&#187;{}&#187;][et_pb_column type=&#187;1_2&#8243; _builder_version=&#187;4.21.0&#8243; _module_preset=&#187;default&#187; global_colors_info=&#187;{}&#187;][et_pb_text admin_label=&#187;Plflege-Danke-Clip&#187; _builder_version=&#187;4.21.0&#8243; _module_preset=&#187;default&#187; global_colors_info=&#187;{}&#187;]<\/p>\n<div class=\"fitvidsignore\"><a href=\"https:\/\/vimeo.com\/1008025607\" id=\"1008025607\" class=\"lazy-load-vimeo preview-lazyload preview-vimeo\" data-video-uri=\"\/videos\/1008025607\" data-video-thumbnail=\"https:\/\/i.vimeocdn.com\/video\/1924990990-4d9f76747f61a16cbb2789369764747fdf6771bd910cb9e0863381cb89b751e9-d_960?region=us\" data-video-title=\"Das-ist-Pflege_Claim\" title='Play video \"Das-ist-Pflege_Claim\"'>https:\/\/vimeo.com\/1008025607<\/a><noscript>Video can&#8217;t be loaded because JavaScript is disabled: <a href=\"https:\/\/vimeo.com\/1008025607\" title=\"Das-ist-Pflege_Claim\">Das-ist-Pflege_Claim (https:\/\/vimeo.com\/1008025607)<\/a><\/noscript><\/div>\n<p>[\/et_pb_text][et_pb_blurb title=&#187;Das ist Pflege&#187; _builder_version=&#187;4.21.0&#8243; _module_preset=&#187;default&#187; header_level=&#187;h2&#8243; header_text_color=&#187;gcid-6923d322-f017-4e31-910d-ca7089291c1e&#187; global_colors_info=&#187;{%22gcid-6923d322-f017-4e31-910d-ca7089291c1e%22:%91%22header_text_color%22%93}&#187;]<\/p>\n<p>Wir danken allen Pflegenden f\u00fcr Ihr 24\/7\/365 Engagement. Sie leisten jeden Tag, jede Nacht, an den Wochenenden und an Feiertagen einen enormen Einsatz und unterst\u00fctzen so viele Menschen mit Herzlichkeit und fachlicher Kompetenz; im Adullam, in der Schweiz, weltweit. Danke!<\/p>\n<p>[\/et_pb_blurb][\/et_pb_column][et_pb_column type=&#187;1_2&#8243; _builder_version=&#187;4.21.0&#8243; _module_preset=&#187;default&#187; global_colors_info=&#187;{}&#187;][et_pb_text admin_label=&#187;Uni Basel&#187; _builder_version=&#187;4.21.0&#8243; _module_preset=&#187;default&#187; global_colors_info=&#187;{}&#187;]<\/p>\n<div class=\"fitvidsignore\"><a href=\"https:\/\/vimeo.com\/870962895\" id=\"870962895\" class=\"lazy-load-vimeo preview-lazyload preview-vimeo\" data-video-uri=\"\/videos\/870962895\" data-video-thumbnail=\"https:\/\/i.vimeocdn.com\/video\/1736237074-7101dd03ea74c221cc9dd2a40a60dbed5929e85b8b884222db7e29212592c7ab-d_960?region=us\" data-video-title=\"Nurse Practitioners APN\" title='Play video \"Nurse Practitioners APN\"'>https:\/\/vimeo.com\/870962895<\/a><noscript>Video can&#8217;t be loaded because JavaScript is disabled: <a href=\"https:\/\/vimeo.com\/870962895\" title=\"Nurse Practitioners APN\">Nurse Practitioners APN (https:\/\/vimeo.com\/870962895)<\/a><\/noscript><\/div>\n<p>[\/et_pb_text][et_pb_blurb title=&#187;Universit\u00e4t Basel: Nurse Practitioners APN&#187; _builder_version=&#187;4.21.0&#8243; _module_preset=&#187;default&#187; header_level=&#187;h2&#8243; header_text_color=&#187;gcid-6923d322-f017-4e31-910d-ca7089291c1e&#187; global_colors_info=&#187;{%22gcid-6923d322-f017-4e31-910d-ca7089291c1e%22:%91%22header_text_color%22%93}&#187;]<\/p>\n<p>Was versteht man unter Advanced Practice Nurses (APNs)? Das Video der Universit\u00e4t Basel erkl\u00e4rt ausf\u00fchrlich, welch wichtige Rolle die APNs bei der Patientenbetreuung einnehmen.\u00a0<\/p>\n<p>[\/et_pb_blurb][\/et_pb_column][\/et_pb_row][et_pb_row column_structure=&#187;1_2,1_2&#8243; _builder_version=&#187;4.21.0&#8243; _module_preset=&#187;default&#187; global_colors_info=&#187;{}&#187;][et_pb_column type=&#187;1_2&#8243; _builder_version=&#187;4.21.0&#8243; _module_preset=&#187;default&#187; global_colors_info=&#187;{}&#187;][et_pb_text admin_label=&#187;Telebasel2&#8243; _builder_version=&#187;4.21.0&#8243; _module_preset=&#187;default&#187; global_colors_info=&#187;{}&#187;]<\/p>\n<div class=\"fitvidsignore\"><a href=\"https:\/\/vimeo.com\/1044593437\" id=\"1044593437\" class=\"lazy-load-vimeo preview-lazyload preview-vimeo\" data-video-uri=\"\/videos\/1044593437\" data-video-thumbnail=\"https:\/\/i.vimeocdn.com\/video\/1968017264-c33a591db150573a91adb25c1f733769f53944963f3e2c54174e3c73283b9ed3-d_960?region=us\" data-video-title=\"Diagnose-Talk-Delir\" title='Play video \"Diagnose-Talk-Delir\"'>https:\/\/vimeo.com\/1044593437<\/a><noscript>Video can&#8217;t be loaded because JavaScript is disabled: <a href=\"https:\/\/vimeo.com\/1044593437\" title=\"Diagnose-Talk-Delir\">Diagnose-Talk-Delir (https:\/\/vimeo.com\/1044593437)<\/a><\/noscript><\/div>\n<p>[\/et_pb_text][et_pb_blurb title=&#187;Telebasel: %22Diagnose-Talk Delir%22&#8243; _builder_version=&#187;4.21.0&#8243; _module_preset=&#187;default&#187; header_level=&#187;h2&#8243; header_text_color=&#187;gcid-6923d322-f017-4e31-910d-ca7089291c1e&#187; global_colors_info=&#187;{%22gcid-6923d322-f017-4e31-910d-ca7089291c1e%22:%91%22header_text_color%22%93}&#187;]<\/p>\n<p>Eine pl\u00f6tzliche Verwirrtheit, ein sogenanntes Delir kennt auch Hanspeter Frank. Er wusste auf einmal nicht mehr wie er seinen Fernseher bedienen soll und es fielen ihm keine W\u00f6rter mehr ein. Diana Bevilacqua spricht im Diagnose Talk mit der Ober\u00e4rztin Dr. med. Anni Steinborn, Adullam Spital, \u00fcber die Risiken, wenn sich Patient:innen in einem Delir befinden und wie es sich zu erkennen gibt.<\/p>\n<p>[\/et_pb_blurb][\/et_pb_column][et_pb_column type=&#187;1_2&#8243; _builder_version=&#187;4.21.0&#8243; _module_preset=&#187;default&#187; global_colors_info=&#187;{}&#187;][et_pb_text admin_label=&#187;Telebasel1&#8243; _builder_version=&#187;4.21.0&#8243; _module_preset=&#187;default&#187; global_colors_info=&#187;{}&#187;]<\/p>\n<div class=\"fitvidsignore\"><a href=\"https:\/\/player.vimeo.com\/video\/1044593353\" id=\"1044593353\" class=\"lazy-load-vimeo preview-lazyload preview-vimeo\" data-video-uri=\"\/videos\/1044593353\" data-video-thumbnail=\"https:\/\/i.vimeocdn.com\/video\/1968017198-32c27308f78b73237cd608b2f8a6cb97e96b4b7195ee086aaad15cfe4e6d77a7-d_960?region=us\" data-video-title=\"Diagnose-Delir\" title='Play video \"Diagnose-Delir\"'>https:\/\/player.vimeo.com\/video\/1044593353<\/a><noscript>Video can&#8217;t be loaded because JavaScript is disabled: <a href=\"https:\/\/player.vimeo.com\/video\/1044593353\" title=\"Diagnose-Delir\">Diagnose-Delir (https:\/\/player.vimeo.com\/video\/1044593353)<\/a><\/noscript><\/div>\n<p>[\/et_pb_text][et_pb_blurb title=&#187;Telebasel: %22Diagnose Delir%22&#8243; _builder_version=&#187;4.21.0&#8243; _module_preset=&#187;default&#187; header_level=&#187;h2&#8243; header_text_color=&#187;gcid-6923d322-f017-4e31-910d-ca7089291c1e&#187; global_colors_info=&#187;{%22gcid-6923d322-f017-4e31-910d-ca7089291c1e%22:%91%22header_text_color%22%93}&#187;]<\/p>\n<p>Jeder Mensch kann unter bestimmten Umst\u00e4nden ein Delir entwickeln. H\u00f6heres Alter oder bestehende Demenz erh\u00f6hen das Risiko. Ein Delir wird immer durch k\u00f6rperliche oder psychische Stressfaktoren ausgel\u00f6st. Ein Delir ist eine pl\u00f6tzliche Verwirrtheit, die sich unterschiedlich zeigen kann. Telebasel spricht mit Ober\u00e4rztin Dr. med. Anni Steinborn, Adullam Spital, dar\u00fcber und zeigt die klassischen Symptome.<\/p>\n<p>[\/et_pb_blurb][\/et_pb_column][\/et_pb_row][\/et_pb_section]<\/p>\n","protected":false},"excerpt":{"rendered":"<p>Gesichter &amp; Geschichtenhttps:\/\/vimeo.com\/1155874814?share=copy&#038;fl=sv&#038;fe=ciFarbenfroh und Trauergrau Eine musikalische Reise von Winter zu Fr\u00fchling Bewohner:innen und Mitarbeiter:innen des Adullam haben gemeinsam mit Kindern der Primarschule Neubad ein besonderes Musikprojekt realisiert: Eine m\u00e4rchenhafte Geschichte \u00fcber den Winter, der nicht weichen will \u2013 bis ein quietschbuntes Lama auftaucht und alles ver\u00e4ndert. Drei Generationen erz\u00e4hlen singend, wie Gemeinschaft und Lebensfreude [&hellip;]<\/p>\n","protected":false},"author":3,"featured_media":0,"parent":0,"menu_order":0,"comment_status":"closed","ping_status":"closed","template":"","meta":{"_et_pb_use_builder":"on","_et_pb_old_content":"","_et_gb_content_width":"","footnotes":""},"class_list":["post-103","page","type-page","status-publish","hentry"],"acf":[],"yoast_head":"<!-- This site is optimized with the Yoast SEO plugin v27.5 - https:\/\/yoast.com\/product\/yoast-seo-wordpress\/ -->\n<title>Gesichter &amp; Geschichten | silberFuchs<\/title>\n<meta name=\"robots\" content=\"index, follow, max-snippet:-1, max-image-preview:large, max-video-preview:-1\" \/>\n<link rel=\"canonical\" href=\"https:\/\/www.adullam.ch\/magazin\/gesichter-und-geschichten\/\" \/>\n<meta property=\"og:locale\" content=\"de_DE\" \/>\n<meta property=\"og:type\" content=\"article\" \/>\n<meta property=\"og:title\" content=\"Gesichter &amp; Geschichten | silberFuchs\" \/>\n<meta property=\"og:description\" content=\"Gesichter &amp; Geschichtenhttps:\/\/vimeo.com\/1155874814?share=copy&amp;fl=sv&amp;fe=ciFarbenfroh und Trauergrau Eine musikalische Reise von Winter zu Fr\u00fchling Bewohner:innen und Mitarbeiter:innen des Adullam haben gemeinsam mit Kindern der Primarschule Neubad ein besonderes Musikprojekt realisiert: Eine m\u00e4rchenhafte Geschichte \u00fcber den Winter, der nicht weichen will \u2013 bis ein quietschbuntes Lama auftaucht und alles ver\u00e4ndert. Drei Generationen erz\u00e4hlen singend, wie Gemeinschaft und Lebensfreude [&hellip;]\" \/>\n<meta property=\"og:url\" content=\"https:\/\/www.adullam.ch\/magazin\/gesichter-und-geschichten\/\" \/>\n<meta property=\"og:site_name\" content=\"silberFuchs\" \/>\n<meta property=\"article:modified_time\" content=\"2026-01-19T14:57:35+00:00\" \/>\n<meta name=\"twitter:card\" content=\"summary_large_image\" \/>\n<meta name=\"twitter:label1\" content=\"Gesch\u00e4tzte Lesezeit\" \/>\n\t<meta name=\"twitter:data1\" content=\"27\u00a0Minuten\" \/>\n<script type=\"application\/ld+json\" class=\"yoast-schema-graph\">{\"@context\":\"https:\\\/\\\/schema.org\",\"@graph\":[{\"@type\":\"Article\",\"@id\":\"https:\\\/\\\/www.adullam.ch\\\/magazin\\\/gesichter-und-geschichten\\\/#article\",\"isPartOf\":{\"@id\":\"https:\\\/\\\/www.adullam.ch\\\/magazin\\\/gesichter-und-geschichten\\\/\"},\"author\":{\"name\":\"Claudia Wasmer\",\"@id\":\"https:\\\/\\\/www.adullam.ch\\\/magazin\\\/#\\\/schema\\\/person\\\/6ed0856fe3f6d3a2366d7469668cd0bf\"},\"headline\":\"Gesichter &#038; Geschichten\",\"datePublished\":\"2023-06-13T13:55:16+00:00\",\"dateModified\":\"2026-01-19T14:57:35+00:00\",\"mainEntityOfPage\":{\"@id\":\"https:\\\/\\\/www.adullam.ch\\\/magazin\\\/gesichter-und-geschichten\\\/\"},\"wordCount\":5422,\"publisher\":{\"@id\":\"https:\\\/\\\/www.adullam.ch\\\/magazin\\\/#organization\"},\"inLanguage\":\"de-CH\"},{\"@type\":\"WebPage\",\"@id\":\"https:\\\/\\\/www.adullam.ch\\\/magazin\\\/gesichter-und-geschichten\\\/\",\"url\":\"https:\\\/\\\/www.adullam.ch\\\/magazin\\\/gesichter-und-geschichten\\\/\",\"name\":\"Gesichter & Geschichten | silberFuchs\",\"isPartOf\":{\"@id\":\"https:\\\/\\\/www.adullam.ch\\\/magazin\\\/#website\"},\"datePublished\":\"2023-06-13T13:55:16+00:00\",\"dateModified\":\"2026-01-19T14:57:35+00:00\",\"breadcrumb\":{\"@id\":\"https:\\\/\\\/www.adullam.ch\\\/magazin\\\/gesichter-und-geschichten\\\/#breadcrumb\"},\"inLanguage\":\"de-CH\",\"potentialAction\":[{\"@type\":\"ReadAction\",\"target\":[\"https:\\\/\\\/www.adullam.ch\\\/magazin\\\/gesichter-und-geschichten\\\/\"]}]},{\"@type\":\"BreadcrumbList\",\"@id\":\"https:\\\/\\\/www.adullam.ch\\\/magazin\\\/gesichter-und-geschichten\\\/#breadcrumb\",\"itemListElement\":[{\"@type\":\"ListItem\",\"position\":1,\"name\":\"Startseite\",\"item\":\"https:\\\/\\\/www.adullam.ch\\\/magazin\\\/\"},{\"@type\":\"ListItem\",\"position\":2,\"name\":\"Gesichter &#038; Geschichten\"}]},{\"@type\":\"WebSite\",\"@id\":\"https:\\\/\\\/www.adullam.ch\\\/magazin\\\/#website\",\"url\":\"https:\\\/\\\/www.adullam.ch\\\/magazin\\\/\",\"name\":\"silberFuchs\",\"description\":\"Das Online-Magazin der Adullam Spit\u00e4ler und Pflegezentren\",\"publisher\":{\"@id\":\"https:\\\/\\\/www.adullam.ch\\\/magazin\\\/#organization\"},\"potentialAction\":[{\"@type\":\"SearchAction\",\"target\":{\"@type\":\"EntryPoint\",\"urlTemplate\":\"https:\\\/\\\/www.adullam.ch\\\/magazin\\\/?s={search_term_string}\"},\"query-input\":{\"@type\":\"PropertyValueSpecification\",\"valueRequired\":true,\"valueName\":\"search_term_string\"}}],\"inLanguage\":\"de-CH\"},{\"@type\":\"Organization\",\"@id\":\"https:\\\/\\\/www.adullam.ch\\\/magazin\\\/#organization\",\"name\":\"silverFuchs\",\"alternateName\":\"Magazin von Adullam\",\"url\":\"https:\\\/\\\/www.adullam.ch\\\/magazin\\\/\",\"logo\":{\"@type\":\"ImageObject\",\"inLanguage\":\"de-CH\",\"@id\":\"https:\\\/\\\/www.adullam.ch\\\/magazin\\\/#\\\/schema\\\/logo\\\/image\\\/\",\"url\":\"https:\\\/\\\/www.adullam.ch\\\/magazin\\\/wp-content\\\/uploads\\\/2023\\\/08\\\/cropped-silberFuchs_Favicon.png\",\"contentUrl\":\"https:\\\/\\\/www.adullam.ch\\\/magazin\\\/wp-content\\\/uploads\\\/2023\\\/08\\\/cropped-silberFuchs_Favicon.png\",\"width\":512,\"height\":512,\"caption\":\"silverFuchs\"},\"image\":{\"@id\":\"https:\\\/\\\/www.adullam.ch\\\/magazin\\\/#\\\/schema\\\/logo\\\/image\\\/\"}},{\"@type\":\"Person\",\"@id\":\"https:\\\/\\\/www.adullam.ch\\\/magazin\\\/#\\\/schema\\\/person\\\/6ed0856fe3f6d3a2366d7469668cd0bf\",\"name\":\"Claudia Wasmer\"}]}<\/script>\n<!-- \/ Yoast SEO plugin. -->","yoast_head_json":{"title":"Gesichter & Geschichten | silberFuchs","robots":{"index":"index","follow":"follow","max-snippet":"max-snippet:-1","max-image-preview":"max-image-preview:large","max-video-preview":"max-video-preview:-1"},"canonical":"https:\/\/www.adullam.ch\/magazin\/gesichter-und-geschichten\/","og_locale":"de_DE","og_type":"article","og_title":"Gesichter & Geschichten | silberFuchs","og_description":"Gesichter &amp; Geschichtenhttps:\/\/vimeo.com\/1155874814?share=copy&fl=sv&fe=ciFarbenfroh und Trauergrau Eine musikalische Reise von Winter zu Fr\u00fchling Bewohner:innen und Mitarbeiter:innen des Adullam haben gemeinsam mit Kindern der Primarschule Neubad ein besonderes Musikprojekt realisiert: Eine m\u00e4rchenhafte Geschichte \u00fcber den Winter, der nicht weichen will \u2013 bis ein quietschbuntes Lama auftaucht und alles ver\u00e4ndert. Drei Generationen erz\u00e4hlen singend, wie Gemeinschaft und Lebensfreude [&hellip;]","og_url":"https:\/\/www.adullam.ch\/magazin\/gesichter-und-geschichten\/","og_site_name":"silberFuchs","article_modified_time":"2026-01-19T14:57:35+00:00","twitter_card":"summary_large_image","twitter_misc":{"Gesch\u00e4tzte Lesezeit":"27\u00a0Minuten"},"schema":{"@context":"https:\/\/schema.org","@graph":[{"@type":"Article","@id":"https:\/\/www.adullam.ch\/magazin\/gesichter-und-geschichten\/#article","isPartOf":{"@id":"https:\/\/www.adullam.ch\/magazin\/gesichter-und-geschichten\/"},"author":{"name":"Claudia Wasmer","@id":"https:\/\/www.adullam.ch\/magazin\/#\/schema\/person\/6ed0856fe3f6d3a2366d7469668cd0bf"},"headline":"Gesichter &#038; Geschichten","datePublished":"2023-06-13T13:55:16+00:00","dateModified":"2026-01-19T14:57:35+00:00","mainEntityOfPage":{"@id":"https:\/\/www.adullam.ch\/magazin\/gesichter-und-geschichten\/"},"wordCount":5422,"publisher":{"@id":"https:\/\/www.adullam.ch\/magazin\/#organization"},"inLanguage":"de-CH"},{"@type":"WebPage","@id":"https:\/\/www.adullam.ch\/magazin\/gesichter-und-geschichten\/","url":"https:\/\/www.adullam.ch\/magazin\/gesichter-und-geschichten\/","name":"Gesichter & Geschichten | silberFuchs","isPartOf":{"@id":"https:\/\/www.adullam.ch\/magazin\/#website"},"datePublished":"2023-06-13T13:55:16+00:00","dateModified":"2026-01-19T14:57:35+00:00","breadcrumb":{"@id":"https:\/\/www.adullam.ch\/magazin\/gesichter-und-geschichten\/#breadcrumb"},"inLanguage":"de-CH","potentialAction":[{"@type":"ReadAction","target":["https:\/\/www.adullam.ch\/magazin\/gesichter-und-geschichten\/"]}]},{"@type":"BreadcrumbList","@id":"https:\/\/www.adullam.ch\/magazin\/gesichter-und-geschichten\/#breadcrumb","itemListElement":[{"@type":"ListItem","position":1,"name":"Startseite","item":"https:\/\/www.adullam.ch\/magazin\/"},{"@type":"ListItem","position":2,"name":"Gesichter &#038; Geschichten"}]},{"@type":"WebSite","@id":"https:\/\/www.adullam.ch\/magazin\/#website","url":"https:\/\/www.adullam.ch\/magazin\/","name":"silberFuchs","description":"Das Online-Magazin der Adullam Spit\u00e4ler und Pflegezentren","publisher":{"@id":"https:\/\/www.adullam.ch\/magazin\/#organization"},"potentialAction":[{"@type":"SearchAction","target":{"@type":"EntryPoint","urlTemplate":"https:\/\/www.adullam.ch\/magazin\/?s={search_term_string}"},"query-input":{"@type":"PropertyValueSpecification","valueRequired":true,"valueName":"search_term_string"}}],"inLanguage":"de-CH"},{"@type":"Organization","@id":"https:\/\/www.adullam.ch\/magazin\/#organization","name":"silverFuchs","alternateName":"Magazin von Adullam","url":"https:\/\/www.adullam.ch\/magazin\/","logo":{"@type":"ImageObject","inLanguage":"de-CH","@id":"https:\/\/www.adullam.ch\/magazin\/#\/schema\/logo\/image\/","url":"https:\/\/www.adullam.ch\/magazin\/wp-content\/uploads\/2023\/08\/cropped-silberFuchs_Favicon.png","contentUrl":"https:\/\/www.adullam.ch\/magazin\/wp-content\/uploads\/2023\/08\/cropped-silberFuchs_Favicon.png","width":512,"height":512,"caption":"silverFuchs"},"image":{"@id":"https:\/\/www.adullam.ch\/magazin\/#\/schema\/logo\/image\/"}},{"@type":"Person","@id":"https:\/\/www.adullam.ch\/magazin\/#\/schema\/person\/6ed0856fe3f6d3a2366d7469668cd0bf","name":"Claudia Wasmer"}]}},"_links":{"self":[{"href":"https:\/\/www.adullam.ch\/magazin\/wp-json\/wp\/v2\/pages\/103","targetHints":{"allow":["GET"]}}],"collection":[{"href":"https:\/\/www.adullam.ch\/magazin\/wp-json\/wp\/v2\/pages"}],"about":[{"href":"https:\/\/www.adullam.ch\/magazin\/wp-json\/wp\/v2\/types\/page"}],"author":[{"embeddable":true,"href":"https:\/\/www.adullam.ch\/magazin\/wp-json\/wp\/v2\/users\/3"}],"replies":[{"embeddable":true,"href":"https:\/\/www.adullam.ch\/magazin\/wp-json\/wp\/v2\/comments?post=103"}],"version-history":[{"count":109,"href":"https:\/\/www.adullam.ch\/magazin\/wp-json\/wp\/v2\/pages\/103\/revisions"}],"predecessor-version":[{"id":12737,"href":"https:\/\/www.adullam.ch\/magazin\/wp-json\/wp\/v2\/pages\/103\/revisions\/12737"}],"wp:attachment":[{"href":"https:\/\/www.adullam.ch\/magazin\/wp-json\/wp\/v2\/media?parent=103"}],"curies":[{"name":"wp","href":"https:\/\/api.w.org\/{rel}","templated":true}]}}