{"id":11045,"date":"2025-09-11T09:08:39","date_gmt":"2025-09-11T07:08:39","guid":{"rendered":"https:\/\/www.adullam.ch\/magazin\/?page_id=11045"},"modified":"2026-01-29T16:51:07","modified_gmt":"2026-01-29T15:51:07","slug":"fokusthemen","status":"publish","type":"page","link":"https:\/\/www.adullam.ch\/magazin\/fokusthemen\/","title":{"rendered":"Fokusthemen"},"content":{"rendered":"<p>[et_pb_section fb_built=&#187;1&#8243; _builder_version=&#187;4.21.0&#8243; _module_preset=&#187;default&#187; global_colors_info=&#187;{}&#187;][et_pb_row _builder_version=&#187;4.21.0&#8243; _module_preset=&#187;default&#187; global_colors_info=&#187;{}&#187;][et_pb_column type=&#187;4_4&#8243; _builder_version=&#187;4.21.0&#8243; _module_preset=&#187;default&#187; global_colors_info=&#187;{}&#187;][et_pb_text _builder_version=&#187;4.21.0&#8243; _module_preset=&#187;default&#187; text_text_color=&#187;#EC6B70&#8243; header_text_color=&#187;#EC6B70&#8243; custom_margin=&#187;||0px|||&#187; global_colors_info=&#187;{}&#187;]<\/p>\n<h1>Fokusthemen<\/h1>\n<p>[\/et_pb_text][\/et_pb_column][\/et_pb_row][et_pb_row _builder_version=&#187;4.21.0&#8243; _module_preset=&#187;default&#187; column_structure=&#187;1_2,1_2&#8243;][et_pb_column _builder_version=&#187;4.21.0&#8243; _module_preset=&#187;default&#187; type=&#187;1_2&#8243;][et_pb_image src=&#187;https:\/\/www.adullam.ch\/magazin\/wp-content\/uploads\/2025\/12\/Adullam_Farbenfroh-und-Trauergrau_F4-scaled.jpg&#187; title_text=&#187;Adullam_Farbenfroh-und-Trauergrau_F4&#8243; url=&#187;https:\/\/www.adullam.ch\/magazin\/fokusthemen\/fokusthema-farbenfroh-und-trauergrau\/&#187; _builder_version=&#187;4.21.0&#8243; _module_preset=&#187;default&#187; hover_enabled=&#187;0&#8243; global_colors_info=&#187;{}&#187; sticky_enabled=&#187;0&#8243;][\/et_pb_image][et_pb_text _builder_version=&#187;4.21.0&#8243; _module_preset=&#187;default&#187; link_option_url=&#187;https:\/\/www.adullam.ch\/magazin\/fokusthemen\/fokusthema-farbenfroh-und-trauergrau\/&#187; global_colors_info=&#187;{}&#187;]<\/p>\n<h2>Farbenfroh und Trauergrau<\/h2>\n<p>Eine m\u00e4rchenhafte Geschichte \u00fcber den Winter, der nicht weichen will \u2013 bis ein quietschbuntes Lama auftaucht und alles ver\u00e4ndert. Drei Generationen erz\u00e4hlen singend, wie Gemeinschaft und Lebensfreude die grauen Tage vertreiben. Lassen Sie sich inspirieren!<\/p>\n<p>[\/et_pb_text][et_pb_button button_url=&#187;https:\/\/www.adullam.ch\/magazin\/fokusthemen\/fokusthema-farbenfroh-und-trauergrau\/&#187; button_text=&#187;Mehr&#187; _builder_version=&#187;4.21.0&#8243; _module_preset=&#187;default&#187; custom_button=&#187;on&#187; button_text_color=&#187;#ec6b70&#8243; button_icon_color=&#187;#FFFFFF&#187; global_colors_info=&#187;{}&#187; button_text_color__hover=&#187;#FFFFFF&#187; button_text_color__hover_enabled=&#187;on|hover&#187; button_bg_color__hover=&#187;#ec6b70&#8243; button_bg_color__hover_enabled=&#187;on|hover&#187; button_bg_enable_color__hover=&#187;on&#187;][\/et_pb_button][\/et_pb_column][et_pb_column _builder_version=&#187;4.21.0&#8243; _module_preset=&#187;default&#187; type=&#187;1_2&#8243;][et_pb_image src=&#187;https:\/\/www.adullam.ch\/magazin\/wp-content\/uploads\/2025\/12\/Adullam_Leben-lLieben-Abschied_F4-scaled.jpg&#187; title_text=&#187;Adullam_Leben-lLieben-Abschied_F4&#8243; url=&#187;\/magazin\/fokusthemen\/fokusthema-lebenswert-liebenswert\/&#187; _builder_version=&#187;4.21.0&#8243; _module_preset=&#187;default&#187; hover_enabled=&#187;0&#8243; global_colors_info=&#187;{}&#187; sticky_enabled=&#187;0&#8243;][\/et_pb_image][et_pb_text _builder_version=&#187;4.21.0&#8243; _module_preset=&#187;default&#187; link_option_url=&#187;\/magazin\/fokusthemen\/fokusthema-lebenswert-liebenswert\/&#187; global_colors_info=&#187;{}&#187;]<\/p>\n<h2>Lebenswert. Liebenswert? Abschied.<\/h2>\n<p>Wir feiern das Leben in all seinen Phasen \u2013 Entdecken Sie, wie vielseitig und lebenswert das Leben sein kann und lassen Sie sich von unserer umfassenden Artikelserie inspirieren.<\/p>\n<p>[\/et_pb_text][et_pb_button button_url=&#187;\/magazin\/fokusthemen\/fokusthema-lebenswert-liebenswert\/&#187; button_text=&#187;Mehr&#187; _builder_version=&#187;4.21.0&#8243; _module_preset=&#187;default&#187; custom_button=&#187;on&#187; button_text_color=&#187;#ec6b70&#8243; button_icon_color=&#187;#FFFFFF&#187; global_colors_info=&#187;{}&#187; button_text_color__hover=&#187;#FFFFFF&#187; button_text_color__hover_enabled=&#187;on|hover&#187; button_bg_color__hover=&#187;#ec6b70&#8243; button_bg_color__hover_enabled=&#187;on|hover&#187; button_bg_enable_color__hover=&#187;on&#187;][\/et_pb_button][\/et_pb_column][\/et_pb_row][et_pb_row column_structure=&#187;1_2,1_2&#8243; _builder_version=&#187;4.21.0&#8243; _module_preset=&#187;default&#187; background_enable_color=&#187;off&#187; custom_margin=&#187;50px||||false|false&#187; custom_padding=&#187;0px|0px||0px|false|false&#187; global_colors_info=&#187;{}&#187;][et_pb_column type=&#187;1_2&#8243; _builder_version=&#187;4.21.0&#8243; _module_preset=&#187;default&#187; global_colors_info=&#187;{}&#187;][et_pb_image src=&#187;https:\/\/www.adullam.ch\/magazin\/wp-content\/uploads\/2024\/05\/240521_Adullam_Sex_im_Alter_2-scaled.jpg&#187; alt=&#187;Plakat 2 der Kampagne %22Sch\u00f6nheit im Alter%22&#8243; title_text=&#187;240521_Adullam_Sex_im_Alter_2&#8243; url=&#187;https:\/\/www.adullam.ch\/magazin\/fokusthemen\/sexualitaet-im-alter\/&#187; _builder_version=&#187;4.21.0&#8243; _module_preset=&#187;default&#187; global_colors_info=&#187;{}&#187;][\/et_pb_image][et_pb_text _builder_version=&#187;4.21.0&#8243; _module_preset=&#187;default&#187; link_option_url=&#187;https:\/\/www.adullam.ch\/magazin\/fokusthemen\/sexualitaet-im-alter\/&#187; global_colors_info=&#187;{}&#187;]<\/p>\n<h2>Sexualit\u00e4t im Alter<\/h2>\n<p>Sexualit\u00e4t im Alter ist f\u00fcr immer mehr Menschen ein Thema. Die l\u00e4ngere Lebenserwartung sorgt f\u00fcr l\u00e4ngere Beziehungen auch sexueller Art. Und weit mehr Menschen als angenommen, m\u00f6chten das auch. In unserer Artikelserie beleuchten wir das Thema umfassend. Reinlesen lohnt sich!<\/p>\n<p>[\/et_pb_text][et_pb_button button_url=&#187;\/magazin\/fokusthemen\/sexualitaet-im-alter\/&#187; button_text=&#187;Mehr&#187; _builder_version=&#187;4.21.0&#8243; _module_preset=&#187;default&#187; custom_button=&#187;on&#187; button_text_color=&#187;#ec6b70&#8243; button_icon_color=&#187;#FFFFFF&#187; global_colors_info=&#187;{}&#187; button_text_color__hover=&#187;#FFFFFF&#187; button_text_color__hover_enabled=&#187;on|hover&#187; button_bg_color__hover=&#187;#ec6b70&#8243; button_bg_color__hover_enabled=&#187;on|hover&#187; button_bg_enable_color__hover=&#187;on&#187;][\/et_pb_button][\/et_pb_column][et_pb_column type=&#187;1_2&#8243; _builder_version=&#187;4.21.0&#8243; _module_preset=&#187;default&#187; global_colors_info=&#187;{}&#187;][et_pb_image src=&#187;https:\/\/www.adullam.ch\/magazin\/wp-content\/uploads\/2024\/04\/240411_Adullam_Kampagne_Sujet_Orange_RZ-scaled.jpg&#187; alt=&#187;Plakat 3 der Kampagne %22Sch\u00f6nheit im Alter%22&#8243; title_text=&#187;240411_Adullam_Kampagne_Sujet_Orange_RZ&#187; url=&#187;\/magazin\/fokusthemen\/schoenheit-im-alter\/&#187; _builder_version=&#187;4.21.0&#8243; _module_preset=&#187;default&#187; global_colors_info=&#187;{}&#187;][\/et_pb_image][et_pb_text _builder_version=&#187;4.21.0&#8243; _module_preset=&#187;default&#187; link_option_url=&#187;\/magazin\/fokusthemen\/schoenheit-im-alter\/&#187; global_colors_info=&#187;{}&#187;]<\/p>\n<h2>Sch\u00f6nheit im Alter<\/h2>\n<p>Sch\u00f6nheit kennt keine Altersgrenzen. In unserer Artikelserie erweitern den Blick auf Sch\u00f6nheit, indem wir verschiedene Perspektiven erforschen. Entdecken Sie die zeitlose Eleganz des Alters, die in jedem Lebenskapitel aufs Neue erbl\u00fcht.\u00a0<\/p>\n<p>&nbsp;<\/p>\n<p>[\/et_pb_text][et_pb_button button_url=&#187;\/magazin\/fokusthemen\/schoenheit-im-alter\/&#187; button_text=&#187;Mehr&#187; _builder_version=&#187;4.21.0&#8243; _module_preset=&#187;default&#187; custom_button=&#187;on&#187; button_text_color=&#187;#ec6b70&#8243; button_icon_color=&#187;#FFFFFF&#187; global_colors_info=&#187;{}&#187; button_text_color__hover=&#187;#FFFFFF&#187; button_text_color__hover_enabled=&#187;on|hover&#187; button_bg_color__hover=&#187;#ec6b70&#8243; button_bg_color__hover_enabled=&#187;on|hover&#187; button_bg_enable_color__hover=&#187;on&#187;][\/et_pb_button][\/et_pb_column][\/et_pb_row][\/et_pb_section]<\/p>\n","protected":false},"excerpt":{"rendered":"<p>FokusthemenFarbenfroh und Trauergrau Eine m\u00e4rchenhafte Geschichte \u00fcber den Winter, der nicht weichen will \u2013 bis ein quietschbuntes Lama auftaucht und alles ver\u00e4ndert. Drei Generationen erz\u00e4hlen singend, wie Gemeinschaft und Lebensfreude die grauen Tage vertreiben. Lassen Sie sich inspirieren!Lebenswert. Liebenswert? Abschied. Wir feiern das Leben in all seinen Phasen \u2013 Entdecken Sie, wie vielseitig und lebenswert [&hellip;]<\/p>\n","protected":false},"author":12,"featured_media":0,"parent":0,"menu_order":0,"comment_status":"closed","ping_status":"closed","template":"","meta":{"_et_pb_use_builder":"on","_et_pb_old_content":"","_et_gb_content_width":"","footnotes":""},"class_list":["post-11045","page","type-page","status-publish","hentry"],"acf":[],"yoast_head":"<!-- This site is optimized with the Yoast SEO plugin v27.5 - https:\/\/yoast.com\/product\/yoast-seo-wordpress\/ -->\n<title>Fokusthemen | silberFuchs<\/title>\n<meta name=\"robots\" content=\"index, follow, max-snippet:-1, max-image-preview:large, max-video-preview:-1\" \/>\n<link rel=\"canonical\" href=\"https:\/\/www.adullam.ch\/magazin\/fokusthemen\/\" \/>\n<meta property=\"og:locale\" content=\"de_DE\" \/>\n<meta property=\"og:type\" content=\"article\" \/>\n<meta property=\"og:title\" content=\"Fokusthemen | silberFuchs\" \/>\n<meta property=\"og:description\" content=\"FokusthemenFarbenfroh und Trauergrau Eine m\u00e4rchenhafte Geschichte \u00fcber den Winter, der nicht weichen will \u2013 bis ein quietschbuntes Lama auftaucht und alles ver\u00e4ndert. Drei Generationen erz\u00e4hlen singend, wie Gemeinschaft und Lebensfreude die grauen Tage vertreiben. Lassen Sie sich inspirieren!Lebenswert. Liebenswert? Abschied. Wir feiern das Leben in all seinen Phasen \u2013 Entdecken Sie, wie vielseitig und lebenswert [&hellip;]\" \/>\n<meta property=\"og:url\" content=\"https:\/\/www.adullam.ch\/magazin\/fokusthemen\/\" \/>\n<meta property=\"og:site_name\" content=\"silberFuchs\" \/>\n<meta property=\"article:modified_time\" content=\"2026-01-29T15:51:07+00:00\" \/>\n<meta name=\"twitter:card\" content=\"summary_large_image\" \/>\n<meta name=\"twitter:label1\" content=\"Gesch\u00e4tzte Lesezeit\" \/>\n\t<meta name=\"twitter:data1\" content=\"4\u00a0Minuten\" \/>\n<script type=\"application\/ld+json\" class=\"yoast-schema-graph\">{\"@context\":\"https:\\\/\\\/schema.org\",\"@graph\":[{\"@type\":\"Article\",\"@id\":\"https:\\\/\\\/www.adullam.ch\\\/magazin\\\/fokusthemen\\\/#article\",\"isPartOf\":{\"@id\":\"https:\\\/\\\/www.adullam.ch\\\/magazin\\\/fokusthemen\\\/\"},\"author\":{\"name\":\"hartmann@bombasel.ch\",\"@id\":\"https:\\\/\\\/www.adullam.ch\\\/magazin\\\/#\\\/schema\\\/person\\\/c98531005253db8415579007394fb665\"},\"headline\":\"Fokusthemen\",\"datePublished\":\"2025-09-11T07:08:39+00:00\",\"dateModified\":\"2026-01-29T15:51:07+00:00\",\"mainEntityOfPage\":{\"@id\":\"https:\\\/\\\/www.adullam.ch\\\/magazin\\\/fokusthemen\\\/\"},\"wordCount\":865,\"publisher\":{\"@id\":\"https:\\\/\\\/www.adullam.ch\\\/magazin\\\/#organization\"},\"inLanguage\":\"de-CH\"},{\"@type\":\"WebPage\",\"@id\":\"https:\\\/\\\/www.adullam.ch\\\/magazin\\\/fokusthemen\\\/\",\"url\":\"https:\\\/\\\/www.adullam.ch\\\/magazin\\\/fokusthemen\\\/\",\"name\":\"Fokusthemen | silberFuchs\",\"isPartOf\":{\"@id\":\"https:\\\/\\\/www.adullam.ch\\\/magazin\\\/#website\"},\"datePublished\":\"2025-09-11T07:08:39+00:00\",\"dateModified\":\"2026-01-29T15:51:07+00:00\",\"breadcrumb\":{\"@id\":\"https:\\\/\\\/www.adullam.ch\\\/magazin\\\/fokusthemen\\\/#breadcrumb\"},\"inLanguage\":\"de-CH\",\"potentialAction\":[{\"@type\":\"ReadAction\",\"target\":[\"https:\\\/\\\/www.adullam.ch\\\/magazin\\\/fokusthemen\\\/\"]}]},{\"@type\":\"BreadcrumbList\",\"@id\":\"https:\\\/\\\/www.adullam.ch\\\/magazin\\\/fokusthemen\\\/#breadcrumb\",\"itemListElement\":[{\"@type\":\"ListItem\",\"position\":1,\"name\":\"Startseite\",\"item\":\"https:\\\/\\\/www.adullam.ch\\\/magazin\\\/\"},{\"@type\":\"ListItem\",\"position\":2,\"name\":\"Fokusthemen\"}]},{\"@type\":\"WebSite\",\"@id\":\"https:\\\/\\\/www.adullam.ch\\\/magazin\\\/#website\",\"url\":\"https:\\\/\\\/www.adullam.ch\\\/magazin\\\/\",\"name\":\"silberFuchs\",\"description\":\"Das Online-Magazin der Adullam Spit\u00e4ler und Pflegezentren\",\"publisher\":{\"@id\":\"https:\\\/\\\/www.adullam.ch\\\/magazin\\\/#organization\"},\"potentialAction\":[{\"@type\":\"SearchAction\",\"target\":{\"@type\":\"EntryPoint\",\"urlTemplate\":\"https:\\\/\\\/www.adullam.ch\\\/magazin\\\/?s={search_term_string}\"},\"query-input\":{\"@type\":\"PropertyValueSpecification\",\"valueRequired\":true,\"valueName\":\"search_term_string\"}}],\"inLanguage\":\"de-CH\"},{\"@type\":\"Organization\",\"@id\":\"https:\\\/\\\/www.adullam.ch\\\/magazin\\\/#organization\",\"name\":\"silverFuchs\",\"alternateName\":\"Magazin von Adullam\",\"url\":\"https:\\\/\\\/www.adullam.ch\\\/magazin\\\/\",\"logo\":{\"@type\":\"ImageObject\",\"inLanguage\":\"de-CH\",\"@id\":\"https:\\\/\\\/www.adullam.ch\\\/magazin\\\/#\\\/schema\\\/logo\\\/image\\\/\",\"url\":\"https:\\\/\\\/www.adullam.ch\\\/magazin\\\/wp-content\\\/uploads\\\/2023\\\/08\\\/cropped-silberFuchs_Favicon.png\",\"contentUrl\":\"https:\\\/\\\/www.adullam.ch\\\/magazin\\\/wp-content\\\/uploads\\\/2023\\\/08\\\/cropped-silberFuchs_Favicon.png\",\"width\":512,\"height\":512,\"caption\":\"silverFuchs\"},\"image\":{\"@id\":\"https:\\\/\\\/www.adullam.ch\\\/magazin\\\/#\\\/schema\\\/logo\\\/image\\\/\"}},{\"@type\":\"Person\",\"@id\":\"https:\\\/\\\/www.adullam.ch\\\/magazin\\\/#\\\/schema\\\/person\\\/c98531005253db8415579007394fb665\",\"name\":\"hartmann@bombasel.ch\"}]}<\/script>\n<!-- \/ Yoast SEO plugin. -->","yoast_head_json":{"title":"Fokusthemen | silberFuchs","robots":{"index":"index","follow":"follow","max-snippet":"max-snippet:-1","max-image-preview":"max-image-preview:large","max-video-preview":"max-video-preview:-1"},"canonical":"https:\/\/www.adullam.ch\/magazin\/fokusthemen\/","og_locale":"de_DE","og_type":"article","og_title":"Fokusthemen | silberFuchs","og_description":"FokusthemenFarbenfroh und Trauergrau Eine m\u00e4rchenhafte Geschichte \u00fcber den Winter, der nicht weichen will \u2013 bis ein quietschbuntes Lama auftaucht und alles ver\u00e4ndert. Drei Generationen erz\u00e4hlen singend, wie Gemeinschaft und Lebensfreude die grauen Tage vertreiben. Lassen Sie sich inspirieren!Lebenswert. Liebenswert? Abschied. Wir feiern das Leben in all seinen Phasen \u2013 Entdecken Sie, wie vielseitig und lebenswert [&hellip;]","og_url":"https:\/\/www.adullam.ch\/magazin\/fokusthemen\/","og_site_name":"silberFuchs","article_modified_time":"2026-01-29T15:51:07+00:00","twitter_card":"summary_large_image","twitter_misc":{"Gesch\u00e4tzte Lesezeit":"4\u00a0Minuten"},"schema":{"@context":"https:\/\/schema.org","@graph":[{"@type":"Article","@id":"https:\/\/www.adullam.ch\/magazin\/fokusthemen\/#article","isPartOf":{"@id":"https:\/\/www.adullam.ch\/magazin\/fokusthemen\/"},"author":{"name":"hartmann@bombasel.ch","@id":"https:\/\/www.adullam.ch\/magazin\/#\/schema\/person\/c98531005253db8415579007394fb665"},"headline":"Fokusthemen","datePublished":"2025-09-11T07:08:39+00:00","dateModified":"2026-01-29T15:51:07+00:00","mainEntityOfPage":{"@id":"https:\/\/www.adullam.ch\/magazin\/fokusthemen\/"},"wordCount":865,"publisher":{"@id":"https:\/\/www.adullam.ch\/magazin\/#organization"},"inLanguage":"de-CH"},{"@type":"WebPage","@id":"https:\/\/www.adullam.ch\/magazin\/fokusthemen\/","url":"https:\/\/www.adullam.ch\/magazin\/fokusthemen\/","name":"Fokusthemen | silberFuchs","isPartOf":{"@id":"https:\/\/www.adullam.ch\/magazin\/#website"},"datePublished":"2025-09-11T07:08:39+00:00","dateModified":"2026-01-29T15:51:07+00:00","breadcrumb":{"@id":"https:\/\/www.adullam.ch\/magazin\/fokusthemen\/#breadcrumb"},"inLanguage":"de-CH","potentialAction":[{"@type":"ReadAction","target":["https:\/\/www.adullam.ch\/magazin\/fokusthemen\/"]}]},{"@type":"BreadcrumbList","@id":"https:\/\/www.adullam.ch\/magazin\/fokusthemen\/#breadcrumb","itemListElement":[{"@type":"ListItem","position":1,"name":"Startseite","item":"https:\/\/www.adullam.ch\/magazin\/"},{"@type":"ListItem","position":2,"name":"Fokusthemen"}]},{"@type":"WebSite","@id":"https:\/\/www.adullam.ch\/magazin\/#website","url":"https:\/\/www.adullam.ch\/magazin\/","name":"silberFuchs","description":"Das Online-Magazin der Adullam Spit\u00e4ler und Pflegezentren","publisher":{"@id":"https:\/\/www.adullam.ch\/magazin\/#organization"},"potentialAction":[{"@type":"SearchAction","target":{"@type":"EntryPoint","urlTemplate":"https:\/\/www.adullam.ch\/magazin\/?s={search_term_string}"},"query-input":{"@type":"PropertyValueSpecification","valueRequired":true,"valueName":"search_term_string"}}],"inLanguage":"de-CH"},{"@type":"Organization","@id":"https:\/\/www.adullam.ch\/magazin\/#organization","name":"silverFuchs","alternateName":"Magazin von Adullam","url":"https:\/\/www.adullam.ch\/magazin\/","logo":{"@type":"ImageObject","inLanguage":"de-CH","@id":"https:\/\/www.adullam.ch\/magazin\/#\/schema\/logo\/image\/","url":"https:\/\/www.adullam.ch\/magazin\/wp-content\/uploads\/2023\/08\/cropped-silberFuchs_Favicon.png","contentUrl":"https:\/\/www.adullam.ch\/magazin\/wp-content\/uploads\/2023\/08\/cropped-silberFuchs_Favicon.png","width":512,"height":512,"caption":"silverFuchs"},"image":{"@id":"https:\/\/www.adullam.ch\/magazin\/#\/schema\/logo\/image\/"}},{"@type":"Person","@id":"https:\/\/www.adullam.ch\/magazin\/#\/schema\/person\/c98531005253db8415579007394fb665","name":"hartmann@bombasel.ch"}]}},"_links":{"self":[{"href":"https:\/\/www.adullam.ch\/magazin\/wp-json\/wp\/v2\/pages\/11045","targetHints":{"allow":["GET"]}}],"collection":[{"href":"https:\/\/www.adullam.ch\/magazin\/wp-json\/wp\/v2\/pages"}],"about":[{"href":"https:\/\/www.adullam.ch\/magazin\/wp-json\/wp\/v2\/types\/page"}],"author":[{"embeddable":true,"href":"https:\/\/www.adullam.ch\/magazin\/wp-json\/wp\/v2\/users\/12"}],"replies":[{"embeddable":true,"href":"https:\/\/www.adullam.ch\/magazin\/wp-json\/wp\/v2\/comments?post=11045"}],"version-history":[{"count":61,"href":"https:\/\/www.adullam.ch\/magazin\/wp-json\/wp\/v2\/pages\/11045\/revisions"}],"predecessor-version":[{"id":12780,"href":"https:\/\/www.adullam.ch\/magazin\/wp-json\/wp\/v2\/pages\/11045\/revisions\/12780"}],"wp:attachment":[{"href":"https:\/\/www.adullam.ch\/magazin\/wp-json\/wp\/v2\/media?parent=11045"}],"curies":[{"name":"wp","href":"https:\/\/api.w.org\/{rel}","templated":true}]}}