{"id":12361,"date":"2025-12-09T14:04:52","date_gmt":"2025-12-09T13:04:52","guid":{"rendered":"https:\/\/www.adullam.ch\/magazin\/?page_id=12361"},"modified":"2026-01-19T15:42:07","modified_gmt":"2026-01-19T14:42:07","slug":"fokusthema-farbenfroh-und-trauergrau","status":"publish","type":"page","link":"https:\/\/www.adullam.ch\/magazin\/fokusthemen\/fokusthema-farbenfroh-und-trauergrau\/","title":{"rendered":"Fokusthema: <br>Farbenfroh und Trauergrau"},"content":{"rendered":"<p>[et_pb_section fb_built=&#187;1&#8243; _builder_version=&#187;4.21.0&#8243; _module_preset=&#187;default&#187; global_colors_info=&#187;{}&#187;][et_pb_row _builder_version=&#187;4.21.0&#8243; _module_preset=&#187;default&#187; overflow-x=&#187;hidden&#187; overflow-y=&#187;hidden&#187; custom_padding=&#187;||||false|false&#187; global_colors_info=&#187;{}&#187;][et_pb_column type=&#187;4_4&#8243; module_class=&#187;kampagne-slider-items kampagne-slider&#187; _builder_version=&#187;4.21.0&#8243; _module_preset=&#187;default&#187; global_colors_info=&#187;{}&#187;][et_pb_image src=&#187;https:\/\/www.adullam.ch\/magazin\/wp-content\/uploads\/2025\/12\/Adullam_farbenfroh-trauergrau.jpg&#187; alt=&#187;Plakat 1 der Kampagne %22Sexualit\u00e4t im Alter%22&#8243; title_text=&#187;Adullam_farbenfroh-trauergrau&#187; show_bottom_space=&#187;off&#187; _builder_version=&#187;4.21.0&#8243; _module_preset=&#187;default&#187; width=&#187;100%&#187; height_last_edited=&#187;off|desktop&#187; custom_padding=&#187;||||false|false&#187; global_colors_info=&#187;{}&#187;][\/et_pb_image][\/et_pb_column][\/et_pb_row][et_pb_row _builder_version=&#187;4.21.0&#8243; _module_preset=&#187;default&#187; background_enable_color=&#187;off&#187; custom_padding=&#187;0px|0px||0px|false|false&#187; global_colors_info=&#187;{}&#187;][et_pb_column type=&#187;4_4&#8243; _builder_version=&#187;4.21.0&#8243; _module_preset=&#187;default&#187; global_colors_info=&#187;{}&#187;][et_pb_text _builder_version=&#187;4.21.0&#8243; _module_preset=&#187;default&#187; text_text_color=&#187;#EC6B70&#8243; header_text_color=&#187;#EC6B70&#8243; custom_margin=&#187;||0px|||&#187; global_colors_info=&#187;{}&#187;]<\/p>\n<h2>Fokusthema<\/h2>\n<p>[\/et_pb_text][et_pb_text _builder_version=&#187;4.21.0&#8243; _module_preset=&#187;default&#187; header_text_color=&#187;#ec6b70&#8243; hover_enabled=&#187;0&#8243; global_colors_info=&#187;{}&#187; sticky_enabled=&#187;0&#8243;]<\/p>\n<h1>Farbenfroh und Trauergrau<\/h1>\n<p>[\/et_pb_text][\/et_pb_column][\/et_pb_row][et_pb_row _builder_version=&#187;4.21.0&#8243; _module_preset=&#187;default&#187; global_colors_info=&#187;{}&#187;][et_pb_column type=&#187;4_4&#8243; _builder_version=&#187;4.21.0&#8243; _module_preset=&#187;default&#187; global_colors_info=&#187;{}&#187;][et_pb_text module_class=&#187;lauftext&#187; _builder_version=&#187;4.21.0&#8243; _module_preset=&#187;default&#187; header_2_text_color=&#187;#ec6b70&#8243; text_orientation=&#187;justified&#187; hover_enabled=&#187;0&#8243; text_orientation_tablet=&#187;left&#187; text_orientation_phone=&#187;left&#187; text_orientation_last_edited=&#187;on|desktop&#187; global_colors_info=&#187;{}&#187; sticky_enabled=&#187;0&#8243;]<\/p>\n<h2>Drei Generationen, ein Song, ein Musikvideo \u2013 und ein unvergesslicher Abend!<\/h2>\n<p>Am 17. Januar 2026 haben wir das Musikvideo zu \u00abFarbenfroh und Trauergrau\u00bb gezeigt und den Song live auf die B\u00fchne gebracht. Bewohner:innen, Mitarbeiter:innen und Kinder der Primarschule Neubad performten gemeinsam, und anschliessend wurde bei Josephine Pee &amp; Band draussen getanzt \u2013 mitten im Januar haben wir das Wintergrau vertrieben!<\/p>\n<p>[\/et_pb_text][et_pb_text module_class=&#187;lauftext&#187; _builder_version=&#187;4.21.0&#8243; _module_preset=&#187;default&#187; text_orientation=&#187;justified&#187; hover_enabled=&#187;0&#8243; text_orientation_tablet=&#187;left&#187; text_orientation_phone=&#187;left&#187; text_orientation_last_edited=&#187;on|desktop&#187; global_colors_info=&#187;{}&#187; theme_builder_area=&#187;post_content&#187; sticky_enabled=&#187;0&#8243;]<\/p>\n<h2><strong>Das Musikvideo ist jetzt online!<\/strong> ?<\/h2>\n<p>Schauen Sie sich die m\u00e4rchenhafte Geschichte an:<\/p>\n<p>[\/et_pb_text][et_pb_video src=&#187;https:\/\/vimeo.com\/1155874814?share=copy&#038;fl=sv&#038;fe=ci&#187; _builder_version=&#187;4.21.0&#8243; _module_preset=&#187;default&#187; global_colors_info=&#187;{}&#187;][\/et_pb_video][\/et_pb_column][\/et_pb_row][et_pb_row _builder_version=&#187;4.21.0&#8243; _module_preset=&#187;default&#187; global_colors_info=&#187;{}&#187;][et_pb_column type=&#187;4_4&#8243; _builder_version=&#187;4.21.0&#8243; _module_preset=&#187;default&#187; global_colors_info=&#187;{}&#187;][et_pb_text module_class=&#187;lauftext&#187; _builder_version=&#187;4.21.0&#8243; _module_preset=&#187;default&#187; header_2_text_color=&#187;#ec6b70&#8243; text_orientation=&#187;justified&#187; hover_enabled=&#187;0&#8243; text_orientation_tablet=&#187;left&#187; text_orientation_phone=&#187;left&#187; text_orientation_last_edited=&#187;on|desktop&#187; global_colors_info=&#187;{}&#187; sticky_enabled=&#187;0&#8243;]<\/p>\n<h2><strong>Eine musikalische Reise von Winter zu Fr\u00fchling<\/strong><\/h2>\n<p>Bewohner:innen und Mitarbeiter:innen des Adullam haben gemeinsam mit Kindern der Primarschule Neubad ein besonderes Musikprojekt realisiert: Eine m\u00e4rchenhafte Geschichte \u00fcber den Winter, der nicht weichen will \u2013 bis ein quietschbuntes Lama auftaucht und alles ver\u00e4ndert. Drei Generationen erz\u00e4hlen singend, wie Gemeinschaft und Lebensfreude die grauen Tage vertreiben.<\/p>\n<p><strong>Der Song:<\/strong> Der Jazz-Musiker Will Wood komponierte einen mitreissenden Song, der von Moll zu Dur wandert \u2013 von d\u00fcster zu fr\u00f6hlich, von Winter zu Fr\u00fchling.<\/p>\n<p><strong>Das Musikvideo:<\/strong> Filmemacher Uwe N\u00fcssle schrieb Drehbuch und Songtext und f\u00fchrte Regie, Alex Schr\u00f6der zeichnete f\u00fcr die hervorragende Kameraf\u00fchrung verantwortlich.<\/p>\n<p>[\/et_pb_text][\/et_pb_column][\/et_pb_row][et_pb_row _builder_version=&#187;4.21.0&#8243; _module_preset=&#187;default&#187; global_colors_info=&#187;{}&#187;][et_pb_column type=&#187;4_4&#8243; _builder_version=&#187;4.21.0&#8243; _module_preset=&#187;default&#187; global_colors_info=&#187;{}&#187;][et_pb_text module_class=&#187;lauftext&#187; _builder_version=&#187;4.21.0&#8243; _module_preset=&#187;default&#187; header_2_text_color=&#187;#ec6b70&#8243; text_orientation=&#187;justified&#187; text_orientation_tablet=&#187;left&#187; text_orientation_phone=&#187;left&#187; text_orientation_last_edited=&#187;on|desktop&#187; global_colors_info=&#187;{}&#187;]<\/p>\n<h2><strong>So war&#8217;s<\/strong><\/h2>\n<p>Die Kapelle war rappelvoll, der Chor sang aus voller Kehle, und draussen wurde bei Josephine Pee &amp; Band getanzt und gefeiert \u2013 Heizstrahler hin oder her! Es war ein Abend, der zeigte, was uns im Adullam ausmacht: Gemeinschaft, Lebensfreude und die Verbindung der Generationen.<\/p>\n<p>&nbsp;<\/p>\n<p>[\/et_pb_text][et_pb_gallery gallery_ids=&#187;12608,12609,12610,12611,12612,12613,12614,12615,12616,12617,12618,12619,12620,12621,12622,12623,12624,12625,12626,12627,12628,12629,12630,12631,12632,12633,12634,12635,12636&#8243; show_title_and_caption=&#187;off&#187; show_pagination=&#187;off&#187; _builder_version=&#187;4.21.0&#8243; _module_preset=&#187;default&#187; global_colors_info=&#187;{}&#187;][\/et_pb_gallery][et_pb_text module_class=&#187;lauftext&#187; _builder_version=&#187;4.21.0&#8243; _module_preset=&#187;default&#187; header_2_text_color=&#187;#ec6b70&#8243; text_orientation=&#187;justified&#187; text_orientation_tablet=&#187;left&#187; text_orientation_phone=&#187;left&#187; text_orientation_last_edited=&#187;on|desktop&#187; global_colors_info=&#187;{}&#187;]<\/p>\n<h2><b>Selfie-Time<\/b><\/h2>\n<p class=\"whitespace-normal break-words\">Und das geschah vor der Party: Ein besonderer Moment f\u00fcr alle die da waren.\u00a0<\/p>\n<p>[\/et_pb_text][et_pb_gallery gallery_ids=&#187;12640,12641,12642,12643,12644,12645,12646,12647,12648,12649,12650,12651,12652,12653,12654,12655,12656,12657,12658,12659,12660,12661,12662,12663,12664,12665,12666,12667,12668,12669,12670,12671,12672,12673,12674,12675,12676,12677,12678,12679,12680,12681,12682,12683,12684,12685,12686,12687,12688,12689,12690,12691,12692,12693,12694,12695,12696,12697,12698,12699,12700,12701,12702,12703,12704,12705,12706,12707,12708,12709,12710,12711,12712,12713,12714,12715,12716,12717,12718,12719,12720,12721,12722,12723,12724,12725,12726,12727,12728&#8243; show_title_and_caption=&#187;off&#187; show_pagination=&#187;off&#187; _builder_version=&#187;4.21.0&#8243; _module_preset=&#187;default&#187; global_colors_info=&#187;{}&#187;][\/et_pb_gallery][\/et_pb_column][\/et_pb_row][\/et_pb_section]<\/p>\n","protected":false},"excerpt":{"rendered":"<p>FokusthemaFarbenfroh und TrauergrauDrei Generationen, ein Song, ein Musikvideo \u2013 und ein unvergesslicher Abend! Am 17. Januar 2026 haben wir das Musikvideo zu \u00abFarbenfroh und Trauergrau\u00bb gezeigt und den Song live auf die B\u00fchne gebracht. Bewohner:innen, Mitarbeiter:innen und Kinder der Primarschule Neubad performten gemeinsam, und anschliessend wurde bei Josephine Pee &amp; Band draussen getanzt \u2013 mitten [&hellip;]<\/p>\n","protected":false},"author":12,"featured_media":0,"parent":11045,"menu_order":0,"comment_status":"closed","ping_status":"closed","template":"","meta":{"_et_pb_use_builder":"on","_et_pb_old_content":"","_et_gb_content_width":"","footnotes":""},"class_list":["post-12361","page","type-page","status-publish","hentry"],"acf":[],"yoast_head":"<!-- This site is optimized with the Yoast SEO plugin v27.4 - https:\/\/yoast.com\/product\/yoast-seo-wordpress\/ -->\n<title>Fokusthema: Farbenfroh und Trauergrau | silberFuchs<\/title>\n<meta name=\"description\" content=\"Warum es immer noch ein Tabu ist, \u00fcber sexuelle Bed\u00fcrfnisse im Alter zu sprechen und weshalb das Thema im Lebensabend so wichtig ist, beleuchtet die Themenwoche der Adullam Spit\u00e4ler und Pflegezentren.\" \/>\n<meta name=\"robots\" content=\"index, follow, max-snippet:-1, max-image-preview:large, max-video-preview:-1\" \/>\n<link rel=\"canonical\" href=\"https:\/\/www.adullam.ch\/magazin\/fokusthemen\/fokusthema-farbenfroh-und-trauergrau\/\" \/>\n<meta property=\"og:locale\" content=\"de_DE\" \/>\n<meta property=\"og:type\" content=\"article\" \/>\n<meta property=\"og:title\" content=\"Fokusthema: Farbenfroh und Trauergrau | silberFuchs\" \/>\n<meta property=\"og:description\" content=\"Warum es immer noch ein Tabu ist, \u00fcber sexuelle Bed\u00fcrfnisse im Alter zu sprechen und weshalb das Thema im Lebensabend so wichtig ist, beleuchtet die Themenwoche der Adullam Spit\u00e4ler und Pflegezentren.\" \/>\n<meta property=\"og:url\" content=\"https:\/\/www.adullam.ch\/magazin\/fokusthemen\/fokusthema-farbenfroh-und-trauergrau\/\" \/>\n<meta property=\"og:site_name\" content=\"silberFuchs\" \/>\n<meta property=\"article:modified_time\" content=\"2026-01-19T14:42:07+00:00\" \/>\n<meta name=\"twitter:card\" content=\"summary_large_image\" \/>\n<meta name=\"twitter:label1\" content=\"Gesch\u00e4tzte Lesezeit\" \/>\n\t<meta name=\"twitter:data1\" content=\"4\u00a0Minuten\" \/>\n<script type=\"application\/ld+json\" class=\"yoast-schema-graph\">{\"@context\":\"https:\\\/\\\/schema.org\",\"@graph\":[{\"@type\":\"Article\",\"@id\":\"https:\\\/\\\/www.adullam.ch\\\/magazin\\\/fokusthemen\\\/fokusthema-farbenfroh-und-trauergrau\\\/#article\",\"isPartOf\":{\"@id\":\"https:\\\/\\\/www.adullam.ch\\\/magazin\\\/fokusthemen\\\/fokusthema-farbenfroh-und-trauergrau\\\/\"},\"author\":{\"name\":\"hartmann@bombasel.ch\",\"@id\":\"https:\\\/\\\/www.adullam.ch\\\/magazin\\\/#\\\/schema\\\/person\\\/c98531005253db8415579007394fb665\"},\"headline\":\"Fokusthema: Farbenfroh und Trauergrau\",\"datePublished\":\"2025-12-09T13:04:52+00:00\",\"dateModified\":\"2026-01-19T14:42:07+00:00\",\"mainEntityOfPage\":{\"@id\":\"https:\\\/\\\/www.adullam.ch\\\/magazin\\\/fokusthemen\\\/fokusthema-farbenfroh-und-trauergrau\\\/\"},\"wordCount\":818,\"publisher\":{\"@id\":\"https:\\\/\\\/www.adullam.ch\\\/magazin\\\/#organization\"},\"inLanguage\":\"de-CH\"},{\"@type\":\"WebPage\",\"@id\":\"https:\\\/\\\/www.adullam.ch\\\/magazin\\\/fokusthemen\\\/fokusthema-farbenfroh-und-trauergrau\\\/\",\"url\":\"https:\\\/\\\/www.adullam.ch\\\/magazin\\\/fokusthemen\\\/fokusthema-farbenfroh-und-trauergrau\\\/\",\"name\":\"Fokusthema: Farbenfroh und Trauergrau | silberFuchs\",\"isPartOf\":{\"@id\":\"https:\\\/\\\/www.adullam.ch\\\/magazin\\\/#website\"},\"datePublished\":\"2025-12-09T13:04:52+00:00\",\"dateModified\":\"2026-01-19T14:42:07+00:00\",\"description\":\"Warum es immer noch ein Tabu ist, \u00fcber sexuelle Bed\u00fcrfnisse im Alter zu sprechen und weshalb das Thema im Lebensabend so wichtig ist, beleuchtet die Themenwoche der Adullam Spit\u00e4ler und Pflegezentren.\",\"breadcrumb\":{\"@id\":\"https:\\\/\\\/www.adullam.ch\\\/magazin\\\/fokusthemen\\\/fokusthema-farbenfroh-und-trauergrau\\\/#breadcrumb\"},\"inLanguage\":\"de-CH\",\"potentialAction\":[{\"@type\":\"ReadAction\",\"target\":[\"https:\\\/\\\/www.adullam.ch\\\/magazin\\\/fokusthemen\\\/fokusthema-farbenfroh-und-trauergrau\\\/\"]}]},{\"@type\":\"BreadcrumbList\",\"@id\":\"https:\\\/\\\/www.adullam.ch\\\/magazin\\\/fokusthemen\\\/fokusthema-farbenfroh-und-trauergrau\\\/#breadcrumb\",\"itemListElement\":[{\"@type\":\"ListItem\",\"position\":1,\"name\":\"Startseite\",\"item\":\"https:\\\/\\\/www.adullam.ch\\\/magazin\\\/\"},{\"@type\":\"ListItem\",\"position\":2,\"name\":\"Fokusthemen\",\"item\":\"https:\\\/\\\/www.adullam.ch\\\/magazin\\\/fokusthemen\\\/\"},{\"@type\":\"ListItem\",\"position\":3,\"name\":\"Fokusthema: Farbenfroh und Trauergrau\"}]},{\"@type\":\"WebSite\",\"@id\":\"https:\\\/\\\/www.adullam.ch\\\/magazin\\\/#website\",\"url\":\"https:\\\/\\\/www.adullam.ch\\\/magazin\\\/\",\"name\":\"silberFuchs\",\"description\":\"Das Online-Magazin der Adullam Spit\u00e4ler und Pflegezentren\",\"publisher\":{\"@id\":\"https:\\\/\\\/www.adullam.ch\\\/magazin\\\/#organization\"},\"potentialAction\":[{\"@type\":\"SearchAction\",\"target\":{\"@type\":\"EntryPoint\",\"urlTemplate\":\"https:\\\/\\\/www.adullam.ch\\\/magazin\\\/?s={search_term_string}\"},\"query-input\":{\"@type\":\"PropertyValueSpecification\",\"valueRequired\":true,\"valueName\":\"search_term_string\"}}],\"inLanguage\":\"de-CH\"},{\"@type\":\"Organization\",\"@id\":\"https:\\\/\\\/www.adullam.ch\\\/magazin\\\/#organization\",\"name\":\"silverFuchs\",\"alternateName\":\"Magazin von Adullam\",\"url\":\"https:\\\/\\\/www.adullam.ch\\\/magazin\\\/\",\"logo\":{\"@type\":\"ImageObject\",\"inLanguage\":\"de-CH\",\"@id\":\"https:\\\/\\\/www.adullam.ch\\\/magazin\\\/#\\\/schema\\\/logo\\\/image\\\/\",\"url\":\"https:\\\/\\\/www.adullam.ch\\\/magazin\\\/wp-content\\\/uploads\\\/2023\\\/08\\\/cropped-silberFuchs_Favicon.png\",\"contentUrl\":\"https:\\\/\\\/www.adullam.ch\\\/magazin\\\/wp-content\\\/uploads\\\/2023\\\/08\\\/cropped-silberFuchs_Favicon.png\",\"width\":512,\"height\":512,\"caption\":\"silverFuchs\"},\"image\":{\"@id\":\"https:\\\/\\\/www.adullam.ch\\\/magazin\\\/#\\\/schema\\\/logo\\\/image\\\/\"}},{\"@type\":\"Person\",\"@id\":\"https:\\\/\\\/www.adullam.ch\\\/magazin\\\/#\\\/schema\\\/person\\\/c98531005253db8415579007394fb665\",\"name\":\"hartmann@bombasel.ch\"}]}<\/script>\n<!-- \/ Yoast SEO plugin. -->","yoast_head_json":{"title":"Fokusthema: Farbenfroh und Trauergrau | silberFuchs","description":"Warum es immer noch ein Tabu ist, \u00fcber sexuelle Bed\u00fcrfnisse im Alter zu sprechen und weshalb das Thema im Lebensabend so wichtig ist, beleuchtet die Themenwoche der Adullam Spit\u00e4ler und Pflegezentren.","robots":{"index":"index","follow":"follow","max-snippet":"max-snippet:-1","max-image-preview":"max-image-preview:large","max-video-preview":"max-video-preview:-1"},"canonical":"https:\/\/www.adullam.ch\/magazin\/fokusthemen\/fokusthema-farbenfroh-und-trauergrau\/","og_locale":"de_DE","og_type":"article","og_title":"Fokusthema: Farbenfroh und Trauergrau | silberFuchs","og_description":"Warum es immer noch ein Tabu ist, \u00fcber sexuelle Bed\u00fcrfnisse im Alter zu sprechen und weshalb das Thema im Lebensabend so wichtig ist, beleuchtet die Themenwoche der Adullam Spit\u00e4ler und Pflegezentren.","og_url":"https:\/\/www.adullam.ch\/magazin\/fokusthemen\/fokusthema-farbenfroh-und-trauergrau\/","og_site_name":"silberFuchs","article_modified_time":"2026-01-19T14:42:07+00:00","twitter_card":"summary_large_image","twitter_misc":{"Gesch\u00e4tzte Lesezeit":"4\u00a0Minuten"},"schema":{"@context":"https:\/\/schema.org","@graph":[{"@type":"Article","@id":"https:\/\/www.adullam.ch\/magazin\/fokusthemen\/fokusthema-farbenfroh-und-trauergrau\/#article","isPartOf":{"@id":"https:\/\/www.adullam.ch\/magazin\/fokusthemen\/fokusthema-farbenfroh-und-trauergrau\/"},"author":{"name":"hartmann@bombasel.ch","@id":"https:\/\/www.adullam.ch\/magazin\/#\/schema\/person\/c98531005253db8415579007394fb665"},"headline":"Fokusthema: Farbenfroh und Trauergrau","datePublished":"2025-12-09T13:04:52+00:00","dateModified":"2026-01-19T14:42:07+00:00","mainEntityOfPage":{"@id":"https:\/\/www.adullam.ch\/magazin\/fokusthemen\/fokusthema-farbenfroh-und-trauergrau\/"},"wordCount":818,"publisher":{"@id":"https:\/\/www.adullam.ch\/magazin\/#organization"},"inLanguage":"de-CH"},{"@type":"WebPage","@id":"https:\/\/www.adullam.ch\/magazin\/fokusthemen\/fokusthema-farbenfroh-und-trauergrau\/","url":"https:\/\/www.adullam.ch\/magazin\/fokusthemen\/fokusthema-farbenfroh-und-trauergrau\/","name":"Fokusthema: Farbenfroh und Trauergrau | silberFuchs","isPartOf":{"@id":"https:\/\/www.adullam.ch\/magazin\/#website"},"datePublished":"2025-12-09T13:04:52+00:00","dateModified":"2026-01-19T14:42:07+00:00","description":"Warum es immer noch ein Tabu ist, \u00fcber sexuelle Bed\u00fcrfnisse im Alter zu sprechen und weshalb das Thema im Lebensabend so wichtig ist, beleuchtet die Themenwoche der Adullam Spit\u00e4ler und Pflegezentren.","breadcrumb":{"@id":"https:\/\/www.adullam.ch\/magazin\/fokusthemen\/fokusthema-farbenfroh-und-trauergrau\/#breadcrumb"},"inLanguage":"de-CH","potentialAction":[{"@type":"ReadAction","target":["https:\/\/www.adullam.ch\/magazin\/fokusthemen\/fokusthema-farbenfroh-und-trauergrau\/"]}]},{"@type":"BreadcrumbList","@id":"https:\/\/www.adullam.ch\/magazin\/fokusthemen\/fokusthema-farbenfroh-und-trauergrau\/#breadcrumb","itemListElement":[{"@type":"ListItem","position":1,"name":"Startseite","item":"https:\/\/www.adullam.ch\/magazin\/"},{"@type":"ListItem","position":2,"name":"Fokusthemen","item":"https:\/\/www.adullam.ch\/magazin\/fokusthemen\/"},{"@type":"ListItem","position":3,"name":"Fokusthema: Farbenfroh und Trauergrau"}]},{"@type":"WebSite","@id":"https:\/\/www.adullam.ch\/magazin\/#website","url":"https:\/\/www.adullam.ch\/magazin\/","name":"silberFuchs","description":"Das Online-Magazin der Adullam Spit\u00e4ler und Pflegezentren","publisher":{"@id":"https:\/\/www.adullam.ch\/magazin\/#organization"},"potentialAction":[{"@type":"SearchAction","target":{"@type":"EntryPoint","urlTemplate":"https:\/\/www.adullam.ch\/magazin\/?s={search_term_string}"},"query-input":{"@type":"PropertyValueSpecification","valueRequired":true,"valueName":"search_term_string"}}],"inLanguage":"de-CH"},{"@type":"Organization","@id":"https:\/\/www.adullam.ch\/magazin\/#organization","name":"silverFuchs","alternateName":"Magazin von Adullam","url":"https:\/\/www.adullam.ch\/magazin\/","logo":{"@type":"ImageObject","inLanguage":"de-CH","@id":"https:\/\/www.adullam.ch\/magazin\/#\/schema\/logo\/image\/","url":"https:\/\/www.adullam.ch\/magazin\/wp-content\/uploads\/2023\/08\/cropped-silberFuchs_Favicon.png","contentUrl":"https:\/\/www.adullam.ch\/magazin\/wp-content\/uploads\/2023\/08\/cropped-silberFuchs_Favicon.png","width":512,"height":512,"caption":"silverFuchs"},"image":{"@id":"https:\/\/www.adullam.ch\/magazin\/#\/schema\/logo\/image\/"}},{"@type":"Person","@id":"https:\/\/www.adullam.ch\/magazin\/#\/schema\/person\/c98531005253db8415579007394fb665","name":"hartmann@bombasel.ch"}]}},"_links":{"self":[{"href":"https:\/\/www.adullam.ch\/magazin\/wp-json\/wp\/v2\/pages\/12361","targetHints":{"allow":["GET"]}}],"collection":[{"href":"https:\/\/www.adullam.ch\/magazin\/wp-json\/wp\/v2\/pages"}],"about":[{"href":"https:\/\/www.adullam.ch\/magazin\/wp-json\/wp\/v2\/types\/page"}],"author":[{"embeddable":true,"href":"https:\/\/www.adullam.ch\/magazin\/wp-json\/wp\/v2\/users\/12"}],"replies":[{"embeddable":true,"href":"https:\/\/www.adullam.ch\/magazin\/wp-json\/wp\/v2\/comments?post=12361"}],"version-history":[{"count":41,"href":"https:\/\/www.adullam.ch\/magazin\/wp-json\/wp\/v2\/pages\/12361\/revisions"}],"predecessor-version":[{"id":12735,"href":"https:\/\/www.adullam.ch\/magazin\/wp-json\/wp\/v2\/pages\/12361\/revisions\/12735"}],"up":[{"embeddable":true,"href":"https:\/\/www.adullam.ch\/magazin\/wp-json\/wp\/v2\/pages\/11045"}],"wp:attachment":[{"href":"https:\/\/www.adullam.ch\/magazin\/wp-json\/wp\/v2\/media?parent=12361"}],"curies":[{"name":"wp","href":"https:\/\/api.w.org\/{rel}","templated":true}]}}