{"id":4109,"date":"2024-04-11T11:15:18","date_gmt":"2024-04-11T09:15:18","guid":{"rendered":"https:\/\/www.adullam.ch\/magazin\/?page_id=4109"},"modified":"2025-09-12T15:41:33","modified_gmt":"2025-09-12T13:41:33","slug":"sexualitaet-im-alter","status":"publish","type":"page","link":"https:\/\/www.adullam.ch\/magazin\/fokusthemen\/sexualitaet-im-alter\/","title":{"rendered":"Fokusthema: <br>Sexualit\u00e4t im Alter"},"content":{"rendered":"<p>[et_pb_section fb_built=&#187;1&#8243; _builder_version=&#187;4.21.0&#8243; _module_preset=&#187;default&#187; hover_enabled=&#187;0&#8243; global_colors_info=&#187;{}&#187; sticky_enabled=&#187;0&#8243;][et_pb_row _builder_version=&#187;4.21.0&#8243; _module_preset=&#187;default&#187; overflow-x=&#187;hidden&#187; overflow-y=&#187;hidden&#187; custom_padding=&#187;||0px||false|false&#187; global_colors_info=&#187;{}&#187;][et_pb_column type=&#187;4_4&#8243; module_class=&#187;kampagne-slider-items kampagne-slider&#187; _builder_version=&#187;4.21.0&#8243; _module_preset=&#187;default&#187; global_colors_info=&#187;{}&#187;][et_pb_image src=&#187;https:\/\/www.adullam.ch\/magazin\/wp-content\/uploads\/2024\/05\/240521_Adullam_Sex_im_Alter_1-scaled.jpg&#187; alt=&#187;Plakat 1 der Kampagne %22Sexualit\u00e4t im Alter%22&#8243; title_text=&#187;240521_Adullam_Sex_im_Alter_1&#8243; show_bottom_space=&#187;off&#187; _builder_version=&#187;4.21.0&#8243; _module_preset=&#187;default&#187; width=&#187;20vw&#187; height_last_edited=&#187;off|desktop&#187; custom_padding=&#187;||||false|false&#187; global_colors_info=&#187;{}&#187;][\/et_pb_image][et_pb_image src=&#187;https:\/\/www.adullam.ch\/magazin\/wp-content\/uploads\/2024\/05\/240521_Adullam_Sex_im_Alter_2-scaled.jpg&#187; alt=&#187;Plakat 2 der Kampagne %22Sexualit\u00e4t im Alter%22&#8243; title_text=&#187;240521_Adullam_Sex_im_Alter_2&#8243; show_bottom_space=&#187;off&#187; _builder_version=&#187;4.21.0&#8243; _module_preset=&#187;default&#187; width=&#187;20vw&#187; height_last_edited=&#187;off|desktop&#187; custom_padding=&#187;||||false|false&#187; global_colors_info=&#187;{}&#187;][\/et_pb_image][et_pb_image src=&#187;https:\/\/www.adullam.ch\/magazin\/wp-content\/uploads\/2024\/05\/240521_Adullam_Sex_im_Alter_1-scaled.jpg&#187; alt=&#187;Plakat 1 der Kampagne %22Sexualit\u00e4t im Alter%22&#8243; title_text=&#187;240521_Adullam_Sex_im_Alter_1&#8243; show_bottom_space=&#187;off&#187; _builder_version=&#187;4.21.0&#8243; _module_preset=&#187;default&#187; width=&#187;20vw&#187; height_last_edited=&#187;off|desktop&#187; custom_padding=&#187;||||false|false&#187; global_colors_info=&#187;{}&#187;][\/et_pb_image][et_pb_image src=&#187;https:\/\/www.adullam.ch\/magazin\/wp-content\/uploads\/2024\/05\/240521_Adullam_Sex_im_Alter_2-scaled.jpg&#187; alt=&#187;Plakat 3 der Kampagne %22Sch\u00f6nheit im Alter%22&#8243; title_text=&#187;240521_Adullam_Sex_im_Alter_2&#8243; show_bottom_space=&#187;off&#187; _builder_version=&#187;4.21.0&#8243; _module_preset=&#187;default&#187; width=&#187;20vw&#187; height_last_edited=&#187;off|desktop&#187; custom_padding=&#187;||||false|false&#187; global_colors_info=&#187;{}&#187;][\/et_pb_image][\/et_pb_column][\/et_pb_row][et_pb_row _builder_version=&#187;4.21.0&#8243; _module_preset=&#187;default&#187; height=&#187;0px&#187; custom_padding=&#187;0px||0px||false|false&#187; global_colors_info=&#187;{}&#187;][et_pb_column type=&#187;4_4&#8243; _builder_version=&#187;4.21.0&#8243; _module_preset=&#187;default&#187; global_colors_info=&#187;{}&#187;][et_pb_code _builder_version=&#187;4.21.0&#8243; _module_preset=&#187;default&#187; global_colors_info=&#187;{}&#187;]<\/p>\n<style><!-- [et_pb_line_break_holder] -->.slick-slider<!-- [et_pb_line_break_holder] -->{<!-- [et_pb_line_break_holder] -->-webkit-user-select: none;<!-- [et_pb_line_break_holder] -->-moz-user-select: none;<!-- [et_pb_line_break_holder] -->-ms-user-select: none;<!-- [et_pb_line_break_holder] -->user-select: none;<!-- [et_pb_line_break_holder] -->-webkit-touch-callout: none;<!-- [et_pb_line_break_holder] -->-khtml-user-select: none;<!-- [et_pb_line_break_holder] -->ms-touch-action: pan-y;<!-- [et_pb_line_break_holder] -->touch-action: pan-y;<!-- [et_pb_line_break_holder] -->-webkit-tap-highlight-color: transparent;<!-- [et_pb_line_break_holder] -->}<!-- [et_pb_line_break_holder] --> <!-- [et_pb_line_break_holder] -->.slick-slide<!-- [et_pb_line_break_holder] -->{<!-- [et_pb_line_break_holder] -->float: left;<!-- [et_pb_line_break_holder] -->}<!-- [et_pb_line_break_holder] --><\/style>\n<p>[\/et_pb_code][et_pb_code admin_label=&#187;Code&#187; _builder_version=&#187;4.21.0&#8243; _module_preset=&#187;default&#187; hover_enabled=&#187;0&#8243; global_colors_info=&#187;{}&#187; sticky_enabled=&#187;0&#8243;]<script><!-- [et_pb_line_break_holder] -->jQuery(function($){<!-- [et_pb_line_break_holder] -->$('.kampagne-slider-items').slick({<!-- [et_pb_line_break_holder] -->slidesToShow: 2,<!-- [et_pb_line_break_holder] -->slidesToScroll: 1,<!-- [et_pb_line_break_holder] -->autoplay: true,<!-- [et_pb_line_break_holder] -->autoplaySpeed: 2000,<!-- [et_pb_line_break_holder] -->arrows: false,<!-- [et_pb_line_break_holder] -->dots: false,<!-- [et_pb_line_break_holder] -->pauseOnHover: false,<!-- [et_pb_line_break_holder] -->centerMode: true,<!-- [et_pb_line_break_holder] -->responsive: [{<!-- [et_pb_line_break_holder] -->breakpoint: 1079,<!-- [et_pb_line_break_holder] -->settings: {<!-- [et_pb_line_break_holder] -->slidesToShow: 2<!-- [et_pb_line_break_holder] -->}<!-- [et_pb_line_break_holder] -->}]<!-- [et_pb_line_break_holder] -->});<!-- [et_pb_line_break_holder] -->});<!-- [et_pb_line_break_holder] --><\/script>[\/et_pb_code][\/et_pb_column][\/et_pb_row][et_pb_row _builder_version=&#187;4.21.0&#8243; _module_preset=&#187;default&#187; background_enable_color=&#187;off&#187; custom_padding=&#187;0px|0px||0px|false|false&#187; global_colors_info=&#187;{}&#187;][et_pb_column type=&#187;4_4&#8243; _builder_version=&#187;4.21.0&#8243; _module_preset=&#187;default&#187; global_colors_info=&#187;{}&#187;][et_pb_text _builder_version=&#187;4.21.0&#8243; _module_preset=&#187;default&#187; text_text_color=&#187;#EC6B70&#8243; header_text_color=&#187;#EC6B70&#8243; custom_margin=&#187;||0px|||&#187; hover_enabled=&#187;0&#8243; global_colors_info=&#187;{}&#187; sticky_enabled=&#187;0&#8243;]<\/p>\n<h2>Fokusthema<\/h2>\n<p>[\/et_pb_text][et_pb_text _builder_version=&#187;4.21.0&#8243; _module_preset=&#187;default&#187; header_text_color=&#187;#ec6b70&#8243; hover_enabled=&#187;0&#8243; global_colors_info=&#187;{}&#187; sticky_enabled=&#187;0&#8243;]<\/p>\n<h1>Sexualit\u00e4t im Alter \u2013 das Begehren bleibt<\/h1>\n<p>[\/et_pb_text][\/et_pb_column][\/et_pb_row][et_pb_row _builder_version=&#187;4.21.0&#8243; _module_preset=&#187;default&#187; global_colors_info=&#187;{}&#187;][et_pb_column type=&#187;4_4&#8243; _builder_version=&#187;4.21.0&#8243; _module_preset=&#187;default&#187; global_colors_info=&#187;{}&#187;][et_pb_blog include_categories=&#187;37&#8243; meta_date=&#187;j. M, Y&#187; show_more=&#187;on&#187; show_author=&#187;off&#187; show_date=&#187;off&#187; show_categories=&#187;off&#187; show_pagination=&#187;off&#187; module_class=&#187;blog-img-left&#187; _builder_version=&#187;4.21.0&#8243; _module_preset=&#187;default&#187; header_text_color=&#187;#ec6b70&#8243; read_more_text_color=&#187;#ec6b70&#8243; hover_enabled=&#187;0&#8243; global_colors_info=&#187;{}&#187; sticky_enabled=&#187;0&#8243;][\/et_pb_blog][\/et_pb_column][\/et_pb_row][\/et_pb_section]<\/p>\n","protected":false},"excerpt":{"rendered":"<p>FokusthemaSexualit\u00e4t im Alter \u2013 das Begehren bleibt<\/p>\n","protected":false},"author":3,"featured_media":0,"parent":11045,"menu_order":0,"comment_status":"closed","ping_status":"closed","template":"","meta":{"_et_pb_use_builder":"on","_et_pb_old_content":"","_et_gb_content_width":"","footnotes":""},"class_list":["post-4109","page","type-page","status-publish","hentry"],"acf":[],"yoast_head":"<!-- This site is optimized with the Yoast SEO plugin v27.4 - https:\/\/yoast.com\/product\/yoast-seo-wordpress\/ -->\n<title>Fokusthema: Sexualit\u00e4t im Alter | silberFuchs<\/title>\n<meta name=\"description\" content=\"Warum es immer noch ein Tabu ist, \u00fcber sexuelle Bed\u00fcrfnisse im Alter zu sprechen und weshalb das Thema im Lebensabend so wichtig ist, beleuchtet die Themenwoche der Adullam Spit\u00e4ler und Pflegezentren.\" \/>\n<meta name=\"robots\" content=\"index, follow, max-snippet:-1, max-image-preview:large, max-video-preview:-1\" \/>\n<link rel=\"canonical\" href=\"https:\/\/www.adullam.ch\/magazin\/fokusthemen\/sexualitaet-im-alter\/\" \/>\n<meta property=\"og:locale\" content=\"de_DE\" \/>\n<meta property=\"og:type\" content=\"article\" \/>\n<meta property=\"og:title\" content=\"Fokusthema: Sexualit\u00e4t im Alter | silberFuchs\" \/>\n<meta property=\"og:description\" content=\"Warum es immer noch ein Tabu ist, \u00fcber sexuelle Bed\u00fcrfnisse im Alter zu sprechen und weshalb das Thema im Lebensabend so wichtig ist, beleuchtet die Themenwoche der Adullam Spit\u00e4ler und Pflegezentren.\" \/>\n<meta property=\"og:url\" content=\"https:\/\/www.adullam.ch\/magazin\/fokusthemen\/sexualitaet-im-alter\/\" \/>\n<meta property=\"og:site_name\" content=\"silberFuchs\" \/>\n<meta property=\"article:modified_time\" content=\"2025-09-12T13:41:33+00:00\" \/>\n<meta name=\"twitter:card\" content=\"summary_large_image\" \/>\n<meta name=\"twitter:label1\" content=\"Gesch\u00e4tzte Lesezeit\" \/>\n\t<meta name=\"twitter:data1\" content=\"3\u00a0Minuten\" \/>\n<script type=\"application\/ld+json\" class=\"yoast-schema-graph\">{\"@context\":\"https:\\\/\\\/schema.org\",\"@graph\":[{\"@type\":\"Article\",\"@id\":\"https:\\\/\\\/www.adullam.ch\\\/magazin\\\/fokusthemen\\\/sexualitaet-im-alter\\\/#article\",\"isPartOf\":{\"@id\":\"https:\\\/\\\/www.adullam.ch\\\/magazin\\\/fokusthemen\\\/sexualitaet-im-alter\\\/\"},\"author\":{\"name\":\"Claudia Wasmer\",\"@id\":\"https:\\\/\\\/www.adullam.ch\\\/magazin\\\/#\\\/schema\\\/person\\\/6ed0856fe3f6d3a2366d7469668cd0bf\"},\"headline\":\"Fokusthema: Sexualit\u00e4t im Alter\",\"datePublished\":\"2024-04-11T09:15:18+00:00\",\"dateModified\":\"2025-09-12T13:41:33+00:00\",\"mainEntityOfPage\":{\"@id\":\"https:\\\/\\\/www.adullam.ch\\\/magazin\\\/fokusthemen\\\/sexualitaet-im-alter\\\/\"},\"wordCount\":552,\"publisher\":{\"@id\":\"https:\\\/\\\/www.adullam.ch\\\/magazin\\\/#organization\"},\"inLanguage\":\"de-CH\"},{\"@type\":\"WebPage\",\"@id\":\"https:\\\/\\\/www.adullam.ch\\\/magazin\\\/fokusthemen\\\/sexualitaet-im-alter\\\/\",\"url\":\"https:\\\/\\\/www.adullam.ch\\\/magazin\\\/fokusthemen\\\/sexualitaet-im-alter\\\/\",\"name\":\"Fokusthema: Sexualit\u00e4t im Alter | silberFuchs\",\"isPartOf\":{\"@id\":\"https:\\\/\\\/www.adullam.ch\\\/magazin\\\/#website\"},\"datePublished\":\"2024-04-11T09:15:18+00:00\",\"dateModified\":\"2025-09-12T13:41:33+00:00\",\"description\":\"Warum es immer noch ein Tabu ist, \u00fcber sexuelle Bed\u00fcrfnisse im Alter zu sprechen und weshalb das Thema im Lebensabend so wichtig ist, beleuchtet die Themenwoche der Adullam Spit\u00e4ler und Pflegezentren.\",\"breadcrumb\":{\"@id\":\"https:\\\/\\\/www.adullam.ch\\\/magazin\\\/fokusthemen\\\/sexualitaet-im-alter\\\/#breadcrumb\"},\"inLanguage\":\"de-CH\",\"potentialAction\":[{\"@type\":\"ReadAction\",\"target\":[\"https:\\\/\\\/www.adullam.ch\\\/magazin\\\/fokusthemen\\\/sexualitaet-im-alter\\\/\"]}]},{\"@type\":\"BreadcrumbList\",\"@id\":\"https:\\\/\\\/www.adullam.ch\\\/magazin\\\/fokusthemen\\\/sexualitaet-im-alter\\\/#breadcrumb\",\"itemListElement\":[{\"@type\":\"ListItem\",\"position\":1,\"name\":\"Startseite\",\"item\":\"https:\\\/\\\/www.adullam.ch\\\/magazin\\\/\"},{\"@type\":\"ListItem\",\"position\":2,\"name\":\"Fokusthemen\",\"item\":\"https:\\\/\\\/www.adullam.ch\\\/magazin\\\/fokusthemen\\\/\"},{\"@type\":\"ListItem\",\"position\":3,\"name\":\"Fokusthema: Sexualit\u00e4t im Alter\"}]},{\"@type\":\"WebSite\",\"@id\":\"https:\\\/\\\/www.adullam.ch\\\/magazin\\\/#website\",\"url\":\"https:\\\/\\\/www.adullam.ch\\\/magazin\\\/\",\"name\":\"silberFuchs\",\"description\":\"Das Online-Magazin der Adullam Spit\u00e4ler und Pflegezentren\",\"publisher\":{\"@id\":\"https:\\\/\\\/www.adullam.ch\\\/magazin\\\/#organization\"},\"potentialAction\":[{\"@type\":\"SearchAction\",\"target\":{\"@type\":\"EntryPoint\",\"urlTemplate\":\"https:\\\/\\\/www.adullam.ch\\\/magazin\\\/?s={search_term_string}\"},\"query-input\":{\"@type\":\"PropertyValueSpecification\",\"valueRequired\":true,\"valueName\":\"search_term_string\"}}],\"inLanguage\":\"de-CH\"},{\"@type\":\"Organization\",\"@id\":\"https:\\\/\\\/www.adullam.ch\\\/magazin\\\/#organization\",\"name\":\"silverFuchs\",\"alternateName\":\"Magazin von Adullam\",\"url\":\"https:\\\/\\\/www.adullam.ch\\\/magazin\\\/\",\"logo\":{\"@type\":\"ImageObject\",\"inLanguage\":\"de-CH\",\"@id\":\"https:\\\/\\\/www.adullam.ch\\\/magazin\\\/#\\\/schema\\\/logo\\\/image\\\/\",\"url\":\"https:\\\/\\\/www.adullam.ch\\\/magazin\\\/wp-content\\\/uploads\\\/2023\\\/08\\\/cropped-silberFuchs_Favicon.png\",\"contentUrl\":\"https:\\\/\\\/www.adullam.ch\\\/magazin\\\/wp-content\\\/uploads\\\/2023\\\/08\\\/cropped-silberFuchs_Favicon.png\",\"width\":512,\"height\":512,\"caption\":\"silverFuchs\"},\"image\":{\"@id\":\"https:\\\/\\\/www.adullam.ch\\\/magazin\\\/#\\\/schema\\\/logo\\\/image\\\/\"}},{\"@type\":\"Person\",\"@id\":\"https:\\\/\\\/www.adullam.ch\\\/magazin\\\/#\\\/schema\\\/person\\\/6ed0856fe3f6d3a2366d7469668cd0bf\",\"name\":\"Claudia Wasmer\"}]}<\/script>\n<!-- \/ Yoast SEO plugin. -->","yoast_head_json":{"title":"Fokusthema: Sexualit\u00e4t im Alter | silberFuchs","description":"Warum es immer noch ein Tabu ist, \u00fcber sexuelle Bed\u00fcrfnisse im Alter zu sprechen und weshalb das Thema im Lebensabend so wichtig ist, beleuchtet die Themenwoche der Adullam Spit\u00e4ler und Pflegezentren.","robots":{"index":"index","follow":"follow","max-snippet":"max-snippet:-1","max-image-preview":"max-image-preview:large","max-video-preview":"max-video-preview:-1"},"canonical":"https:\/\/www.adullam.ch\/magazin\/fokusthemen\/sexualitaet-im-alter\/","og_locale":"de_DE","og_type":"article","og_title":"Fokusthema: Sexualit\u00e4t im Alter | silberFuchs","og_description":"Warum es immer noch ein Tabu ist, \u00fcber sexuelle Bed\u00fcrfnisse im Alter zu sprechen und weshalb das Thema im Lebensabend so wichtig ist, beleuchtet die Themenwoche der Adullam Spit\u00e4ler und Pflegezentren.","og_url":"https:\/\/www.adullam.ch\/magazin\/fokusthemen\/sexualitaet-im-alter\/","og_site_name":"silberFuchs","article_modified_time":"2025-09-12T13:41:33+00:00","twitter_card":"summary_large_image","twitter_misc":{"Gesch\u00e4tzte Lesezeit":"3\u00a0Minuten"},"schema":{"@context":"https:\/\/schema.org","@graph":[{"@type":"Article","@id":"https:\/\/www.adullam.ch\/magazin\/fokusthemen\/sexualitaet-im-alter\/#article","isPartOf":{"@id":"https:\/\/www.adullam.ch\/magazin\/fokusthemen\/sexualitaet-im-alter\/"},"author":{"name":"Claudia Wasmer","@id":"https:\/\/www.adullam.ch\/magazin\/#\/schema\/person\/6ed0856fe3f6d3a2366d7469668cd0bf"},"headline":"Fokusthema: Sexualit\u00e4t im Alter","datePublished":"2024-04-11T09:15:18+00:00","dateModified":"2025-09-12T13:41:33+00:00","mainEntityOfPage":{"@id":"https:\/\/www.adullam.ch\/magazin\/fokusthemen\/sexualitaet-im-alter\/"},"wordCount":552,"publisher":{"@id":"https:\/\/www.adullam.ch\/magazin\/#organization"},"inLanguage":"de-CH"},{"@type":"WebPage","@id":"https:\/\/www.adullam.ch\/magazin\/fokusthemen\/sexualitaet-im-alter\/","url":"https:\/\/www.adullam.ch\/magazin\/fokusthemen\/sexualitaet-im-alter\/","name":"Fokusthema: Sexualit\u00e4t im Alter | silberFuchs","isPartOf":{"@id":"https:\/\/www.adullam.ch\/magazin\/#website"},"datePublished":"2024-04-11T09:15:18+00:00","dateModified":"2025-09-12T13:41:33+00:00","description":"Warum es immer noch ein Tabu ist, \u00fcber sexuelle Bed\u00fcrfnisse im Alter zu sprechen und weshalb das Thema im Lebensabend so wichtig ist, beleuchtet die Themenwoche der Adullam Spit\u00e4ler und Pflegezentren.","breadcrumb":{"@id":"https:\/\/www.adullam.ch\/magazin\/fokusthemen\/sexualitaet-im-alter\/#breadcrumb"},"inLanguage":"de-CH","potentialAction":[{"@type":"ReadAction","target":["https:\/\/www.adullam.ch\/magazin\/fokusthemen\/sexualitaet-im-alter\/"]}]},{"@type":"BreadcrumbList","@id":"https:\/\/www.adullam.ch\/magazin\/fokusthemen\/sexualitaet-im-alter\/#breadcrumb","itemListElement":[{"@type":"ListItem","position":1,"name":"Startseite","item":"https:\/\/www.adullam.ch\/magazin\/"},{"@type":"ListItem","position":2,"name":"Fokusthemen","item":"https:\/\/www.adullam.ch\/magazin\/fokusthemen\/"},{"@type":"ListItem","position":3,"name":"Fokusthema: Sexualit\u00e4t im Alter"}]},{"@type":"WebSite","@id":"https:\/\/www.adullam.ch\/magazin\/#website","url":"https:\/\/www.adullam.ch\/magazin\/","name":"silberFuchs","description":"Das Online-Magazin der Adullam Spit\u00e4ler und Pflegezentren","publisher":{"@id":"https:\/\/www.adullam.ch\/magazin\/#organization"},"potentialAction":[{"@type":"SearchAction","target":{"@type":"EntryPoint","urlTemplate":"https:\/\/www.adullam.ch\/magazin\/?s={search_term_string}"},"query-input":{"@type":"PropertyValueSpecification","valueRequired":true,"valueName":"search_term_string"}}],"inLanguage":"de-CH"},{"@type":"Organization","@id":"https:\/\/www.adullam.ch\/magazin\/#organization","name":"silverFuchs","alternateName":"Magazin von Adullam","url":"https:\/\/www.adullam.ch\/magazin\/","logo":{"@type":"ImageObject","inLanguage":"de-CH","@id":"https:\/\/www.adullam.ch\/magazin\/#\/schema\/logo\/image\/","url":"https:\/\/www.adullam.ch\/magazin\/wp-content\/uploads\/2023\/08\/cropped-silberFuchs_Favicon.png","contentUrl":"https:\/\/www.adullam.ch\/magazin\/wp-content\/uploads\/2023\/08\/cropped-silberFuchs_Favicon.png","width":512,"height":512,"caption":"silverFuchs"},"image":{"@id":"https:\/\/www.adullam.ch\/magazin\/#\/schema\/logo\/image\/"}},{"@type":"Person","@id":"https:\/\/www.adullam.ch\/magazin\/#\/schema\/person\/6ed0856fe3f6d3a2366d7469668cd0bf","name":"Claudia Wasmer"}]}},"_links":{"self":[{"href":"https:\/\/www.adullam.ch\/magazin\/wp-json\/wp\/v2\/pages\/4109","targetHints":{"allow":["GET"]}}],"collection":[{"href":"https:\/\/www.adullam.ch\/magazin\/wp-json\/wp\/v2\/pages"}],"about":[{"href":"https:\/\/www.adullam.ch\/magazin\/wp-json\/wp\/v2\/types\/page"}],"author":[{"embeddable":true,"href":"https:\/\/www.adullam.ch\/magazin\/wp-json\/wp\/v2\/users\/3"}],"replies":[{"embeddable":true,"href":"https:\/\/www.adullam.ch\/magazin\/wp-json\/wp\/v2\/comments?post=4109"}],"version-history":[{"count":28,"href":"https:\/\/www.adullam.ch\/magazin\/wp-json\/wp\/v2\/pages\/4109\/revisions"}],"predecessor-version":[{"id":11251,"href":"https:\/\/www.adullam.ch\/magazin\/wp-json\/wp\/v2\/pages\/4109\/revisions\/11251"}],"up":[{"embeddable":true,"href":"https:\/\/www.adullam.ch\/magazin\/wp-json\/wp\/v2\/pages\/11045"}],"wp:attachment":[{"href":"https:\/\/www.adullam.ch\/magazin\/wp-json\/wp\/v2\/media?parent=4109"}],"curies":[{"name":"wp","href":"https:\/\/api.w.org\/{rel}","templated":true}]}}